{"id":1900,"date":"2021-09-09T16:44:20","date_gmt":"2021-09-09T16:44:20","guid":{"rendered":"https:\/\/camisolar.com\/?page_id=1900"},"modified":"2026-02-16T16:57:51","modified_gmt":"2026-02-16T16:57:51","slug":"autoconsum-energetic","status":"publish","type":"page","link":"https:\/\/camisolar.com\/va\/autoconsum-energetic\/","title":{"rendered":"Autoconsum energ\u00e9tic"},"content":{"rendered":"\t\t<div data-elementor-type=\"wp-post\" data-elementor-id=\"1900\" class=\"elementor elementor-1900 elementor-21\" data-elementor-post-type=\"page\">\n\t\t\t\t\t\t<section class=\"elementor-section elementor-top-section elementor-element elementor-element-2296c7ec elementor-section-stretched elementor-section-height-min-height elementor-section-boxed elementor-section-height-default elementor-section-items-middle elementor-invisible\" data-id=\"2296c7ec\" data-element_type=\"section\" data-e-type=\"section\" data-settings=\"{&quot;background_background&quot;:&quot;classic&quot;,&quot;stretch_section&quot;:&quot;section-stretched&quot;,&quot;animation&quot;:&quot;fadeIn&quot;}\">\n\t\t\t\t\t\t\t<div class=\"elementor-background-overlay\"><\/div>\n\t\t\t\t\t\t\t<div class=\"elementor-container elementor-column-gap-no\">\n\t\t\t\t\t<div class=\"elementor-column elementor-col-100 elementor-top-column elementor-element elementor-element-3b479c2e\" data-id=\"3b479c2e\" data-element_type=\"column\" data-e-type=\"column\">\n\t\t\t<div class=\"elementor-widget-wrap elementor-element-populated\">\n\t\t\t\t\t\t<div class=\"elementor-element elementor-element-2c7017d elementor-widget elementor-widget-template\" data-id=\"2c7017d\" data-element_type=\"widget\" data-e-type=\"widget\" data-widget_type=\"template.default\">\n\t\t\t\t<div class=\"elementor-widget-container\">\n\t\t\t\t\t\t\t<div class=\"elementor-template\">\n\t\t\t\t\t<div data-elementor-type=\"section\" data-elementor-id=\"3893\" class=\"elementor elementor-3893\" data-elementor-post-type=\"elementor_library\">\n\t\t\t\t\t<section class=\"elementor-section elementor-top-section elementor-element elementor-element-ff59f05 elementor-section-full_width elementor-section-height-default elementor-section-height-default\" data-id=\"ff59f05\" data-element_type=\"section\" data-e-type=\"section\">\n\t\t\t\t\t\t<div class=\"elementor-container elementor-column-gap-default\">\n\t\t\t\t\t<div class=\"elementor-column elementor-col-100 elementor-top-column elementor-element elementor-element-75a3084\" data-id=\"75a3084\" data-element_type=\"column\" data-e-type=\"column\">\n\t\t\t<div class=\"elementor-widget-wrap elementor-element-populated\">\n\t\t\t\t\t\t<div class=\"elementor-element elementor-element-cbcd7d6 elementor-align-center elementor-widget elementor-widget-breadcrumbs\" data-id=\"cbcd7d6\" data-element_type=\"widget\" data-e-type=\"widget\" data-widget_type=\"breadcrumbs.default\">\n\t\t\t\t<div class=\"elementor-widget-container\">\n\t\t\t\t\t<p id=\"breadcrumbs\"><span><span><a href=\"https:\/\/camisolar.com\/va\/\">Inici<\/a><\/span><\/span><\/p>\t\t\t\t<\/div>\n\t\t\t\t<\/div>\n\t\t\t\t\t<\/div>\n\t\t<\/div>\n\t\t\t\t\t<\/div>\n\t\t<\/section>\n\t\t\t\t<\/div>\n\t\t\t\t<\/div>\n\t\t\t\t\t\t<\/div>\n\t\t\t\t<\/div>\n\t\t\t\t<div class=\"elementor-element elementor-element-61501058 elementor-widget elementor-widget-heading\" data-id=\"61501058\" data-element_type=\"widget\" data-e-type=\"widget\" data-widget_type=\"heading.default\">\n\t\t\t\t<div class=\"elementor-widget-container\">\n\t\t\t\t\t<h1 class=\"elementor-heading-title elementor-size-default\">Autoconsum energ\u00e8tic a Val\u00e8ncia<\/h1>\t\t\t\t<\/div>\n\t\t\t\t<\/div>\n\t\t\t\t<div class=\"elementor-element elementor-element-7a19ae6d elementor-widget elementor-widget-text-editor\" data-id=\"7a19ae6d\" data-element_type=\"widget\" data-e-type=\"widget\" data-widget_type=\"text-editor.default\">\n\t\t\t\t<div class=\"elementor-widget-container\">\n\t\t\t\t\t\t\t\t\t<p>Produeix la teua pr\u00f2pia energia el\u00e8ctrica a trav\u00e9s de la instal\u00b7laci\u00f3 de plaques solars.<\/p>\n\t\t\t\t\t\t\t\t<\/div>\n\t\t\t\t<\/div>\n\t\t\t\t\t<\/div>\n\t\t<\/div>\n\t\t\t\t\t<\/div>\n\t\t<\/section>\n\t\t\t\t<section class=\"elementor-section elementor-top-section elementor-element elementor-element-7c2a2b52 elementor-section-stretched elementor-section-boxed elementor-section-height-default elementor-section-height-default\" data-id=\"7c2a2b52\" data-element_type=\"section\" data-e-type=\"section\" data-settings=\"{&quot;stretch_section&quot;:&quot;section-stretched&quot;,&quot;background_background&quot;:&quot;classic&quot;}\">\n\t\t\t\t\t\t\t<div class=\"elementor-background-overlay\"><\/div>\n\t\t\t\t\t\t\t<div class=\"elementor-container elementor-column-gap-no\">\n\t\t\t\t\t<div class=\"elementor-column elementor-col-100 elementor-top-column elementor-element elementor-element-4478656c\" data-id=\"4478656c\" data-element_type=\"column\" data-e-type=\"column\">\n\t\t\t<div class=\"elementor-widget-wrap elementor-element-populated\">\n\t\t\t\t\t\t<section class=\"elementor-section elementor-inner-section elementor-element elementor-element-a143a64 elementor-section-boxed elementor-section-height-default elementor-section-height-default\" data-id=\"a143a64\" data-element_type=\"section\" data-e-type=\"section\">\n\t\t\t\t\t\t<div class=\"elementor-container elementor-column-gap-no\">\n\t\t\t\t\t<div class=\"elementor-column elementor-col-100 elementor-inner-column elementor-element elementor-element-181f8f45\" data-id=\"181f8f45\" data-element_type=\"column\" data-e-type=\"column\">\n\t\t\t<div class=\"elementor-widget-wrap elementor-element-populated\">\n\t\t\t\t\t\t<div class=\"elementor-element elementor-element-38bc7d6f elementor-widget elementor-widget-heading\" data-id=\"38bc7d6f\" data-element_type=\"widget\" data-e-type=\"widget\" data-widget_type=\"heading.default\">\n\t\t\t\t<div class=\"elementor-widget-container\">\n\t\t\t\t\t<h2 class=\"elementor-heading-title elementor-size-default\">Qu\u00e8 \u00e9s l'autoconsum energ\u00e8tic?\n<\/h2>\t\t\t\t<\/div>\n\t\t\t\t<\/div>\n\t\t\t\t\t<\/div>\n\t\t<\/div>\n\t\t\t\t\t<\/div>\n\t\t<\/section>\n\t\t\t\t<section class=\"elementor-section elementor-inner-section elementor-element elementor-element-7da5fa78 elementor-section-boxed elementor-section-height-default elementor-section-height-default\" data-id=\"7da5fa78\" data-element_type=\"section\" data-e-type=\"section\">\n\t\t\t\t\t\t<div class=\"elementor-container elementor-column-gap-default\">\n\t\t\t\t\t<div class=\"elementor-column elementor-col-50 elementor-inner-column elementor-element elementor-element-5799f1d3\" data-id=\"5799f1d3\" data-element_type=\"column\" data-e-type=\"column\">\n\t\t\t<div class=\"elementor-widget-wrap elementor-element-populated\">\n\t\t\t\t\t\t<div class=\"elementor-element elementor-element-8c6b6ec elementor-widget elementor-widget-image\" data-id=\"8c6b6ec\" data-element_type=\"widget\" data-e-type=\"widget\" data-widget_type=\"image.default\">\n\t\t\t\t<div class=\"elementor-widget-container\">\n\t\t\t\t\t\t\t\t\t\t\t\t\t\t\t<img fetchpriority=\"high\" decoding=\"async\" width=\"800\" height=\"450\" src=\"https:\/\/camisolar.com\/wp-content\/uploads\/2021\/06\/como-funcionan-las-placas-solares.png\" class=\"attachment-full size-full wp-image-1904\" alt=\"Funcionamiento placas solares valencia\" srcset=\"https:\/\/camisolar.com\/wp-content\/uploads\/2021\/06\/como-funcionan-las-placas-solares.png 800w, https:\/\/camisolar.com\/wp-content\/uploads\/2021\/06\/como-funcionan-las-placas-solares-300x169.png 300w, https:\/\/camisolar.com\/wp-content\/uploads\/2021\/06\/como-funcionan-las-placas-solares-768x432.png 768w\" sizes=\"(max-width: 800px) 100vw, 800px\" \/>\t\t\t\t\t\t\t\t\t\t\t\t\t\t\t<\/div>\n\t\t\t\t<\/div>\n\t\t\t\t\t<\/div>\n\t\t<\/div>\n\t\t\t\t<div class=\"elementor-column elementor-col-50 elementor-inner-column elementor-element elementor-element-21534873\" data-id=\"21534873\" data-element_type=\"column\" data-e-type=\"column\">\n\t\t\t<div class=\"elementor-widget-wrap elementor-element-populated\">\n\t\t\t\t\t\t<div class=\"elementor-element elementor-element-547320b6 elementor-widget elementor-widget-text-editor\" data-id=\"547320b6\" data-element_type=\"widget\" data-e-type=\"widget\" data-widget_type=\"text-editor.default\">\n\t\t\t\t<div class=\"elementor-widget-container\">\n\t\t\t\t\t\t\t\t\t<p>L&#8217;autoconsum energ\u00e8tic \u00e9s el fet de fer \u00fas de la teua pr\u00f2pia energia.<\/p><p>L&#8217;energia solar fotovoltaica \u00e9s una <strong>energia neta i senzilla d&#8217;adquirir per a ser autosuficient<\/strong>. Amb una instal\u00b7laci\u00f3 de plaques solars pots generar la teua pr\u00f2pia energia i aconseguir l&#8217;autoconsum energ\u00e8tic. Tot aix\u00f2 et permet ser m\u00e9s amable amb el medi ambient, aconseguir una independ\u00e8ncia energ\u00e8tica i un major estalvi.<\/p>\t\t\t\t\t\t\t\t<\/div>\n\t\t\t\t<\/div>\n\t\t\t\t<div class=\"elementor-element elementor-element-1c47824d elementor-widget elementor-widget-heading\" data-id=\"1c47824d\" data-element_type=\"widget\" data-e-type=\"widget\" data-widget_type=\"heading.default\">\n\t\t\t\t<div class=\"elementor-widget-container\">\n\t\t\t\t\t<h3 class=\"elementor-heading-title elementor-size-default\">ENS DEDIQUEM A TRANSFORMAR LA VIDA DE LES PERSONES AMB ENERGIA SOLAR FOTOVOLTAICA<\/h3>\t\t\t\t<\/div>\n\t\t\t\t<\/div>\n\t\t\t\t<div class=\"elementor-element elementor-element-56092f7 elementor-widget elementor-widget-text-editor\" data-id=\"56092f7\" data-element_type=\"widget\" data-e-type=\"widget\" data-widget_type=\"text-editor.default\">\n\t\t\t\t<div class=\"elementor-widget-container\">\n\t\t\t\t\t\t\t\t\t<p>Despr\u00e9s de l&#8217;experi\u00e8ncia i aprenentatge al Regne Unit, tornem a les nostres arrels a l\u2019Horta Nord per a acostar i proporcionar l&#8217;autoconsum energ\u00e8tic a la nostra societat. <a href=\"https:\/\/camisolar.com\/va\/\">Cam\u00edSolar energia fotovoltaica a Val\u00e8ncia<\/a> naix per a aplicar i transmetre els nostres coneixements sobre els beneficis que l&#8217;energia solar ofereix.<\/p><p>La proximitat i la confian\u00e7a s\u00f3n els nostres pilars i per aix\u00f2, seguirem amb tu durant tot el proc\u00e9s: el nostre cam\u00ed no s&#8217;acaba amb la instal\u00b7laci\u00f3. T&#8217;ajudem a aconseguir l&#8217;autosufici\u00e8ncia energ\u00e8tica a Val\u00e8ncia i voltants.<\/p>\t\t\t\t\t\t\t\t<\/div>\n\t\t\t\t<\/div>\n\t\t\t\t\t<\/div>\n\t\t<\/div>\n\t\t\t\t\t<\/div>\n\t\t<\/section>\n\t\t\t\t\t<\/div>\n\t\t<\/div>\n\t\t\t\t\t<\/div>\n\t\t<\/section>\n\t\t\t\t<section class=\"elementor-section elementor-top-section elementor-element elementor-element-24105a17 elementor-section-boxed elementor-section-height-default elementor-section-height-default\" data-id=\"24105a17\" data-element_type=\"section\" data-e-type=\"section\" data-settings=\"{&quot;background_background&quot;:&quot;classic&quot;}\">\n\t\t\t\t\t\t<div class=\"elementor-container elementor-column-gap-default\">\n\t\t\t\t\t<div class=\"elementor-column elementor-col-100 elementor-top-column elementor-element elementor-element-41bc919b\" data-id=\"41bc919b\" data-element_type=\"column\" data-e-type=\"column\" data-settings=\"{&quot;background_background&quot;:&quot;classic&quot;}\">\n\t\t\t<div class=\"elementor-widget-wrap elementor-element-populated\">\n\t\t\t\t\t\t<section class=\"elementor-section elementor-inner-section elementor-element elementor-element-471be6d5 elementor-section-content-middle elementor-section-boxed elementor-section-height-default elementor-section-height-default\" data-id=\"471be6d5\" data-element_type=\"section\" data-e-type=\"section\">\n\t\t\t\t\t\t<div class=\"elementor-container elementor-column-gap-default\">\n\t\t\t\t\t<div class=\"elementor-column elementor-col-50 elementor-inner-column elementor-element elementor-element-40c2b425\" data-id=\"40c2b425\" data-element_type=\"column\" data-e-type=\"column\">\n\t\t\t<div class=\"elementor-widget-wrap elementor-element-populated\">\n\t\t\t\t\t\t<div class=\"elementor-element elementor-element-aeee214 elementor-widget elementor-widget-heading\" data-id=\"aeee214\" data-element_type=\"widget\" data-e-type=\"widget\" data-widget_type=\"heading.default\">\n\t\t\t\t<div class=\"elementor-widget-container\">\n\t\t\t\t\t<h3 class=\"elementor-heading-title elementor-size-default\">Descobreix quant pots estalviar al mes<\/h3>\t\t\t\t<\/div>\n\t\t\t\t<\/div>\n\t\t\t\t<div class=\"elementor-element elementor-element-215cb741 elementor-widget elementor-widget-text-editor\" data-id=\"215cb741\" data-element_type=\"widget\" data-e-type=\"widget\" data-widget_type=\"text-editor.default\">\n\t\t\t\t<div class=\"elementor-widget-container\">\n\t\t\t\t\t\t\t\t\t<p>Els nostres t\u00e8cnics calcularan l\u2019estalvi que suposa passar-te a l\u2019energia solar fotovoltaica i el cost de la teua instal\u00b7laci\u00f3. <\/p>\n\t\t\t\t\t\t\t\t<\/div>\n\t\t\t\t<\/div>\n\t\t\t\t\t<\/div>\n\t\t<\/div>\n\t\t\t\t<div class=\"elementor-column elementor-col-50 elementor-inner-column elementor-element elementor-element-61cc8c65\" data-id=\"61cc8c65\" data-element_type=\"column\" data-e-type=\"column\">\n\t\t\t<div class=\"elementor-widget-wrap elementor-element-populated\">\n\t\t\t\t\t\t<div class=\"elementor-element elementor-element-7a2ff70e elementor-align-right elementor-tablet-align-center elementor-widget elementor-widget-button\" data-id=\"7a2ff70e\" data-element_type=\"widget\" data-e-type=\"widget\" data-widget_type=\"button.default\">\n\t\t\t\t<div class=\"elementor-widget-container\">\n\t\t\t\t\t\t\t\t\t<div class=\"elementor-button-wrapper\">\n\t\t\t\t\t<a class=\"elementor-button elementor-button-link elementor-size-sm\" href=\"https:\/\/camisolar.com\/va\/contacte\/\" title=\"Solicitar informaci\u00f3n\">\n\t\t\t\t\t\t<span class=\"elementor-button-content-wrapper\">\n\t\t\t\t\t\t\t\t\t<span class=\"elementor-button-text\">Sol\u00b7licita informaci\u00f3<\/span>\n\t\t\t\t\t<\/span>\n\t\t\t\t\t<\/a>\n\t\t\t\t<\/div>\n\t\t\t\t\t\t\t\t<\/div>\n\t\t\t\t<\/div>\n\t\t\t\t\t<\/div>\n\t\t<\/div>\n\t\t\t\t\t<\/div>\n\t\t<\/section>\n\t\t\t\t\t<\/div>\n\t\t<\/div>\n\t\t\t\t\t<\/div>\n\t\t<\/section>\n\t\t\t\t<section class=\"elementor-section elementor-top-section elementor-element elementor-element-321138fc elementor-section-stretched elementor-section-boxed elementor-section-height-default elementor-section-height-default\" data-id=\"321138fc\" data-element_type=\"section\" data-e-type=\"section\" data-settings=\"{&quot;stretch_section&quot;:&quot;section-stretched&quot;,&quot;background_background&quot;:&quot;classic&quot;}\">\n\t\t\t\t\t\t<div class=\"elementor-container elementor-column-gap-no\">\n\t\t\t\t\t<div class=\"elementor-column elementor-col-100 elementor-top-column elementor-element elementor-element-6307ba6f\" data-id=\"6307ba6f\" data-element_type=\"column\" data-e-type=\"column\">\n\t\t\t<div class=\"elementor-widget-wrap elementor-element-populated\">\n\t\t\t\t\t\t<section class=\"elementor-section elementor-inner-section elementor-element elementor-element-53703a79 elementor-section-boxed elementor-section-height-default elementor-section-height-default\" data-id=\"53703a79\" data-element_type=\"section\" data-e-type=\"section\">\n\t\t\t\t\t\t<div class=\"elementor-container elementor-column-gap-no\">\n\t\t\t\t\t<div class=\"elementor-column elementor-col-100 elementor-inner-column elementor-element elementor-element-6c82d370\" data-id=\"6c82d370\" data-element_type=\"column\" data-e-type=\"column\">\n\t\t\t<div class=\"elementor-widget-wrap elementor-element-populated\">\n\t\t\t\t\t\t<div class=\"elementor-element elementor-element-7cd3c571 elementor-widget elementor-widget-heading\" data-id=\"7cd3c571\" data-element_type=\"widget\" data-e-type=\"widget\" data-widget_type=\"heading.default\">\n\t\t\t\t<div class=\"elementor-widget-container\">\n\t\t\t\t\t<h2 class=\"elementor-heading-title elementor-size-default\">Beneficis de l'energia solar<\/h2>\t\t\t\t<\/div>\n\t\t\t\t<\/div>\n\t\t\t\t<div class=\"elementor-element elementor-element-281729d4 elementor-widget elementor-widget-text-editor\" data-id=\"281729d4\" data-element_type=\"widget\" data-e-type=\"widget\" data-widget_type=\"text-editor.default\">\n\t\t\t\t<div class=\"elementor-widget-container\">\n\t\t\t\t\t\t\t\t\t<p>L&#8217;energia solar \u00e9s aquella produ\u00efda per la llum o la calor del sol per a la generaci\u00f3 d&#8217;electricitat o la producci\u00f3 de calor. <\/p>\n\t\t\t\t\t\t\t\t<\/div>\n\t\t\t\t<\/div>\n\t\t\t\t\t<\/div>\n\t\t<\/div>\n\t\t\t\t\t<\/div>\n\t\t<\/section>\n\t\t\t\t<section class=\"elementor-section elementor-inner-section elementor-element elementor-element-6af7d45 elementor-section-boxed elementor-section-height-default elementor-section-height-default\" data-id=\"6af7d45\" data-element_type=\"section\" data-e-type=\"section\">\n\t\t\t\t\t\t<div class=\"elementor-container elementor-column-gap-default\">\n\t\t\t\t\t<div class=\"elementor-column elementor-col-50 elementor-inner-column elementor-element elementor-element-0d1cfa9\" data-id=\"0d1cfa9\" data-element_type=\"column\" data-e-type=\"column\" data-settings=\"{&quot;background_background&quot;:&quot;classic&quot;}\">\n\t\t\t<div class=\"elementor-widget-wrap elementor-element-populated\">\n\t\t\t\t\t\t<div class=\"elementor-element elementor-element-47b5784 elementor-widget elementor-widget-icon-box\" data-id=\"47b5784\" data-element_type=\"widget\" data-e-type=\"widget\" data-widget_type=\"icon-box.default\">\n\t\t\t\t<div class=\"elementor-widget-container\">\n\t\t\t\t\t\t\t<div class=\"elementor-icon-box-wrapper\">\n\n\t\t\t\n\t\t\t\t\t\t<div class=\"elementor-icon-box-content\">\n\n\t\t\t\t\t\t\t\t\t<h4 class=\"elementor-icon-box-title\">\n\t\t\t\t\t\t<span  >\n\t\t\t\t\t\t\tCONTRA EL CANVI CLIM\u00c0TIC\t\t\t\t\t\t<\/span>\n\t\t\t\t\t<\/h4>\n\t\t\t\t\n\t\t\t\t\t\t\t\t\t<p class=\"elementor-icon-box-description\">\n\t\t\t\t\t\tL'energia solar no emet gasos d'efecte d'hivernacle, per la qual cosa no contribueix a l'escalfament global. De fet, es mostra com una de les tecnologies renovables m\u00e9s eficients en la lluita contra el canvi clim\u00e0tic. \n\n\t\t\t\t\t<\/p>\n\t\t\t\t\n\t\t\t<\/div>\n\t\t\t\n\t\t<\/div>\n\t\t\t\t\t\t<\/div>\n\t\t\t\t<\/div>\n\t\t\t\t\t<\/div>\n\t\t<\/div>\n\t\t\t\t<div class=\"elementor-column elementor-col-50 elementor-inner-column elementor-element elementor-element-e85b5d4\" data-id=\"e85b5d4\" data-element_type=\"column\" data-e-type=\"column\" data-settings=\"{&quot;background_background&quot;:&quot;classic&quot;}\">\n\t\t\t<div class=\"elementor-widget-wrap elementor-element-populated\">\n\t\t\t\t\t\t<div class=\"elementor-element elementor-element-c59234d elementor-widget elementor-widget-icon-box\" data-id=\"c59234d\" data-element_type=\"widget\" data-e-type=\"widget\" data-widget_type=\"icon-box.default\">\n\t\t\t\t<div class=\"elementor-widget-container\">\n\t\t\t\t\t\t\t<div class=\"elementor-icon-box-wrapper\">\n\n\t\t\t\n\t\t\t\t\t\t<div class=\"elementor-icon-box-content\">\n\n\t\t\t\t\t\t\t\t\t<h4 class=\"elementor-icon-box-title\">\n\t\t\t\t\t\t<span  >\n\t\t\t\t\t\t\t\u00c9S INESGOTABLE I ES RENOVA\t\t\t\t\t\t<\/span>\n\t\t\t\t\t<\/h4>\n\t\t\t\t\n\t\t\t\t\t\t\t\t\t<p class=\"elementor-icon-box-description\">\n\t\t\t\t\t\tAl contrari que les fonts tradicionals d'energia, l'energia del sol s'adapta als cicles naturals. Per aix\u00f2 s\u00f3n un element essencial d'un sistema energ\u00e8tic sostenible que permeta el desenvolupament present sense posar en risc el de les futures generacions. \n\t\t\t\t\t<\/p>\n\t\t\t\t\n\t\t\t<\/div>\n\t\t\t\n\t\t<\/div>\n\t\t\t\t\t\t<\/div>\n\t\t\t\t<\/div>\n\t\t\t\t\t<\/div>\n\t\t<\/div>\n\t\t\t\t\t<\/div>\n\t\t<\/section>\n\t\t\t\t<section class=\"elementor-section elementor-inner-section elementor-element elementor-element-adf24e7 elementor-section-boxed elementor-section-height-default elementor-section-height-default\" data-id=\"adf24e7\" data-element_type=\"section\" data-e-type=\"section\">\n\t\t\t\t\t\t<div class=\"elementor-container elementor-column-gap-default\">\n\t\t\t\t\t<div class=\"elementor-column elementor-col-50 elementor-inner-column elementor-element elementor-element-0542d1c\" data-id=\"0542d1c\" data-element_type=\"column\" data-e-type=\"column\" data-settings=\"{&quot;background_background&quot;:&quot;classic&quot;}\">\n\t\t\t<div class=\"elementor-widget-wrap elementor-element-populated\">\n\t\t\t\t\t\t<div class=\"elementor-element elementor-element-19a4956 elementor-widget elementor-widget-icon-box\" data-id=\"19a4956\" data-element_type=\"widget\" data-e-type=\"widget\" data-widget_type=\"icon-box.default\">\n\t\t\t\t<div class=\"elementor-widget-container\">\n\t\t\t\t\t\t\t<div class=\"elementor-icon-box-wrapper\">\n\n\t\t\t\n\t\t\t\t\t\t<div class=\"elementor-icon-box-content\">\n\n\t\t\t\t\t\t\t\t\t<h4 class=\"elementor-icon-box-title\">\n\t\t\t\t\t\t<span  >\n\t\t\t\t\t\t\tNO CONTAMINANT \t\t\t\t\t\t<\/span>\n\t\t\t\t\t<\/h4>\n\t\t\t\t\n\t\t\t\t\t\t\t\t\t<p class=\"elementor-icon-box-description\">\n\t\t\t\t\t\tL'energia solar no emet subst\u00e0ncies t\u00f2xiques ni contaminants de l'aire, que poden ser molt perjudicials per al medi ambient i l'\u00e9sser hum\u00e0. Els contaminants d'aire poden desencadenar malalties del cor, c\u00e0ncer i malalties respirat\u00f2ries com l'asma. \n\t\t\t\t\t<\/p>\n\t\t\t\t\n\t\t\t<\/div>\n\t\t\t\n\t\t<\/div>\n\t\t\t\t\t\t<\/div>\n\t\t\t\t<\/div>\n\t\t\t\t\t<\/div>\n\t\t<\/div>\n\t\t\t\t<div class=\"elementor-column elementor-col-50 elementor-inner-column elementor-element elementor-element-a1c7177\" data-id=\"a1c7177\" data-element_type=\"column\" data-e-type=\"column\" data-settings=\"{&quot;background_background&quot;:&quot;classic&quot;}\">\n\t\t\t<div class=\"elementor-widget-wrap elementor-element-populated\">\n\t\t\t\t\t\t<div class=\"elementor-element elementor-element-6446bfb elementor-widget elementor-widget-icon-box\" data-id=\"6446bfb\" data-element_type=\"widget\" data-e-type=\"widget\" data-widget_type=\"icon-box.default\">\n\t\t\t\t<div class=\"elementor-widget-container\">\n\t\t\t\t\t\t\t<div class=\"elementor-icon-box-wrapper\">\n\n\t\t\t\n\t\t\t\t\t\t<div class=\"elementor-icon-box-content\">\n\n\t\t\t\t\t\t\t\t\t<h4 class=\"elementor-icon-box-title\">\n\t\t\t\t\t\t<span  >\n\t\t\t\t\t\t\tESTALVI\t\t\t\t\t\t<\/span>\n\t\t\t\t\t<\/h4>\n\t\t\t\t\n\t\t\t\t\t\t\t\t\t<p class=\"elementor-icon-box-description\">\n\t\t\t\t\t\tEn instal\u00b7lar les plaques solars, produeixes la teua pr\u00f2pia energia i pots emmagatzemar o compensar la que no utilitzes. Incloure en la teua llar plaques solars pot suposar un estalvi d'entre un 50 -80% de la teua factura. Si est\u00e0s interessat, posa't en contacte amb nosaltres i comen\u00e7a a utilitzar aquesta energia neta per a la teua llar.\n\t\t\t\t\t<\/p>\n\t\t\t\t\n\t\t\t<\/div>\n\t\t\t\n\t\t<\/div>\n\t\t\t\t\t\t<\/div>\n\t\t\t\t<\/div>\n\t\t\t\t\t<\/div>\n\t\t<\/div>\n\t\t\t\t\t<\/div>\n\t\t<\/section>\n\t\t\t\t\t<\/div>\n\t\t<\/div>\n\t\t\t\t\t<\/div>\n\t\t<\/section>\n\t\t\t\t<section class=\"elementor-section elementor-top-section elementor-element elementor-element-62f7018 elementor-section-boxed elementor-section-height-default elementor-section-height-default\" data-id=\"62f7018\" data-element_type=\"section\" data-e-type=\"section\">\n\t\t\t\t\t\t<div class=\"elementor-container elementor-column-gap-default\">\n\t\t\t\t\t<div class=\"elementor-column elementor-col-100 elementor-top-column elementor-element elementor-element-9f7e913\" data-id=\"9f7e913\" data-element_type=\"column\" data-e-type=\"column\">\n\t\t\t<div class=\"elementor-widget-wrap elementor-element-populated\">\n\t\t\t\t\t\t<div class=\"elementor-element elementor-element-452e477 elementor-widget elementor-widget-heading\" data-id=\"452e477\" data-element_type=\"widget\" data-e-type=\"widget\" data-widget_type=\"heading.default\">\n\t\t\t\t<div class=\"elementor-widget-container\">\n\t\t\t\t\t<h2 class=\"elementor-heading-title elementor-size-default\">Resolem els teus dubtes<\/h2>\t\t\t\t<\/div>\n\t\t\t\t<\/div>\n\t\t\t\t<div class=\"elementor-element elementor-element-efe01c6 elementor-widget elementor-widget-text-editor\" data-id=\"efe01c6\" data-element_type=\"widget\" data-e-type=\"widget\" data-widget_type=\"text-editor.default\">\n\t\t\t\t<div class=\"elementor-widget-container\">\n\t\t\t\t\t\t\t\t\t<p>Aquestes s\u00f3n algunes de les preguntes m\u00e9s freq\u00fcents, per\u00f2 si tens m\u00e9s dubtes estarem encantats d\u2019atendre\u2019t.<\/p>\n\t\t\t\t\t\t\t\t<\/div>\n\t\t\t\t<\/div>\n\t\t\t\t\t<\/div>\n\t\t<\/div>\n\t\t\t\t\t<\/div>\n\t\t<\/section>\n\t\t\t\t<section class=\"elementor-section elementor-top-section elementor-element elementor-element-65d52d3 elementor-section-boxed elementor-section-height-default elementor-section-height-default\" data-id=\"65d52d3\" data-element_type=\"section\" data-e-type=\"section\">\n\t\t\t\t\t\t<div class=\"elementor-container elementor-column-gap-default\">\n\t\t\t\t\t<div class=\"elementor-column elementor-col-100 elementor-top-column elementor-element elementor-element-04bb9f4\" data-id=\"04bb9f4\" data-element_type=\"column\" data-e-type=\"column\">\n\t\t\t<div class=\"elementor-widget-wrap elementor-element-populated\">\n\t\t\t\t\t\t<div class=\"elementor-element elementor-element-a0d89e6 elementor-widget elementor-widget-accordion\" data-id=\"a0d89e6\" data-element_type=\"widget\" data-e-type=\"widget\" data-widget_type=\"accordion.default\">\n\t\t\t\t<div class=\"elementor-widget-container\">\n\t\t\t\t\t\t\t<div class=\"elementor-accordion\">\n\t\t\t\t\t\t\t<div class=\"elementor-accordion-item\">\n\t\t\t\t\t<div id=\"elementor-tab-title-1681\" class=\"elementor-tab-title\" data-tab=\"1\" role=\"button\" aria-controls=\"elementor-tab-content-1681\" aria-expanded=\"false\">\n\t\t\t\t\t\t\t\t\t\t\t\t\t<span class=\"elementor-accordion-icon elementor-accordion-icon-left\" aria-hidden=\"true\">\n\t\t\t\t\t\t\t\t\t\t\t\t\t\t\t<span class=\"elementor-accordion-icon-closed\"><i class=\"fas fa-plus\"><\/i><\/span>\n\t\t\t\t\t\t\t\t<span class=\"elementor-accordion-icon-opened\"><i class=\"fas fa-minus\"><\/i><\/span>\n\t\t\t\t\t\t\t\t\t\t\t\t\t\t<\/span>\n\t\t\t\t\t\t\t\t\t\t\t\t<a class=\"elementor-accordion-title\" tabindex=\"0\">Quina \u00e9s la regulaci\u00f3 actual de l'energia solar fotovoltaica?<\/a>\n\t\t\t\t\t<\/div>\n\t\t\t\t\t<div id=\"elementor-tab-content-1681\" class=\"elementor-tab-content elementor-clearfix\" data-tab=\"1\" role=\"region\" aria-labelledby=\"elementor-tab-title-1681\"><p>El Reial decret 244\/2019, impulsa de forma molt significativa la instal\u00b7laci\u00f3 d&#8217;energia solar fotovoltaica. Eliminant qualsevol tipus de peatge i facilitant la tasca administrativa que aquest proc\u00e9s comporta. <\/p>\n<\/div>\n\t\t\t\t<\/div>\n\t\t\t\t\t\t\t<div class=\"elementor-accordion-item\">\n\t\t\t\t\t<div id=\"elementor-tab-title-1682\" class=\"elementor-tab-title\" data-tab=\"2\" role=\"button\" aria-controls=\"elementor-tab-content-1682\" aria-expanded=\"false\">\n\t\t\t\t\t\t\t\t\t\t\t\t\t<span class=\"elementor-accordion-icon elementor-accordion-icon-left\" aria-hidden=\"true\">\n\t\t\t\t\t\t\t\t\t\t\t\t\t\t\t<span class=\"elementor-accordion-icon-closed\"><i class=\"fas fa-plus\"><\/i><\/span>\n\t\t\t\t\t\t\t\t<span class=\"elementor-accordion-icon-opened\"><i class=\"fas fa-minus\"><\/i><\/span>\n\t\t\t\t\t\t\t\t\t\t\t\t\t\t<\/span>\n\t\t\t\t\t\t\t\t\t\t\t\t<a class=\"elementor-accordion-title\" tabindex=\"0\">Per a la nostra instal\u00b7laci\u00f3 fotovoltaica, s\u2019ha de sol\u00b7licitar algun perm\u00eds?<\/a>\n\t\t\t\t\t<\/div>\n\t\t\t\t\t<div id=\"elementor-tab-content-1682\" class=\"elementor-tab-content elementor-clearfix\" data-tab=\"2\" role=\"region\" aria-labelledby=\"elementor-tab-title-1682\"><p>En la majoria dels casos s&#8217;haur\u00e0 de realitzar una sol\u00b7licitud de llic\u00e8ncia d&#8217;obra menor o llic\u00e8ncia urban\u00edstica i presentar-la a l&#8217;ajuntament de la localitat on estiga situada la instal\u00b7laci\u00f3 fotovoltaica.<\/p>\n<\/div>\n\t\t\t\t<\/div>\n\t\t\t\t\t\t\t<div class=\"elementor-accordion-item\">\n\t\t\t\t\t<div id=\"elementor-tab-title-1683\" class=\"elementor-tab-title\" data-tab=\"3\" role=\"button\" aria-controls=\"elementor-tab-content-1683\" aria-expanded=\"false\">\n\t\t\t\t\t\t\t\t\t\t\t\t\t<span class=\"elementor-accordion-icon elementor-accordion-icon-left\" aria-hidden=\"true\">\n\t\t\t\t\t\t\t\t\t\t\t\t\t\t\t<span class=\"elementor-accordion-icon-closed\"><i class=\"fas fa-plus\"><\/i><\/span>\n\t\t\t\t\t\t\t\t<span class=\"elementor-accordion-icon-opened\"><i class=\"fas fa-minus\"><\/i><\/span>\n\t\t\t\t\t\t\t\t\t\t\t\t\t\t<\/span>\n\t\t\t\t\t\t\t\t\t\t\t\t<a class=\"elementor-accordion-title\" tabindex=\"0\">Si no m'arriba la llum a la meua casa, puc instal\u00b7lar-me panells solars?<\/a>\n\t\t\t\t\t<\/div>\n\t\t\t\t\t<div id=\"elementor-tab-content-1683\" class=\"elementor-tab-content elementor-clearfix\" data-tab=\"3\" role=\"region\" aria-labelledby=\"elementor-tab-title-1683\"><p>De fet, aquesta \u00e9s la millor forma que existeix per a poder tindre llum en un habitatge que pr\u00e8viament no tenia, per\u00f2 haurem d&#8217;adaptar els h\u00e0bits de consum a la nostra instal\u00b7laci\u00f3 per a aix\u00ed poder treure-li el m\u00e0xim partit. A m\u00e9s, aquesta energia ser\u00e0 100% d&#8217;origen renovable.<\/p>\n<\/div>\n\t\t\t\t<\/div>\n\t\t\t\t\t\t\t<div class=\"elementor-accordion-item\">\n\t\t\t\t\t<div id=\"elementor-tab-title-1684\" class=\"elementor-tab-title\" data-tab=\"4\" role=\"button\" aria-controls=\"elementor-tab-content-1684\" aria-expanded=\"false\">\n\t\t\t\t\t\t\t\t\t\t\t\t\t<span class=\"elementor-accordion-icon elementor-accordion-icon-left\" aria-hidden=\"true\">\n\t\t\t\t\t\t\t\t\t\t\t\t\t\t\t<span class=\"elementor-accordion-icon-closed\"><i class=\"fas fa-plus\"><\/i><\/span>\n\t\t\t\t\t\t\t\t<span class=\"elementor-accordion-icon-opened\"><i class=\"fas fa-minus\"><\/i><\/span>\n\t\t\t\t\t\t\t\t\t\t\t\t\t\t<\/span>\n\t\t\t\t\t\t\t\t\t\t\t\t<a class=\"elementor-accordion-title\" tabindex=\"0\">Una vegada feta la instal\u00b7laci\u00f3, deixar\u00e9 de pagar llum?<\/a>\n\t\t\t\t\t<\/div>\n\t\t\t\t\t<div id=\"elementor-tab-content-1684\" class=\"elementor-tab-content elementor-clearfix\" data-tab=\"4\" role=\"region\" aria-labelledby=\"elementor-tab-title-1684\"><p>S\u00ed, en les instal\u00b7lacions connectades a la xarxa el\u00e8ctrica veurem redu\u00eft el consum el\u00e8ctric entre un 50 i un 80% de mitjana anual. Per tant, una instal\u00b7laci\u00f3 solar fotovoltaica \u00e9s completament rendible, i ens acosta a l&#8217;autoconsum energ\u00e8tic.<\/p>\n<\/div>\n\t\t\t\t<\/div>\n\t\t\t\t\t\t\t<div class=\"elementor-accordion-item\">\n\t\t\t\t\t<div id=\"elementor-tab-title-1685\" class=\"elementor-tab-title\" data-tab=\"5\" role=\"button\" aria-controls=\"elementor-tab-content-1685\" aria-expanded=\"false\">\n\t\t\t\t\t\t\t\t\t\t\t\t\t<span class=\"elementor-accordion-icon elementor-accordion-icon-left\" aria-hidden=\"true\">\n\t\t\t\t\t\t\t\t\t\t\t\t\t\t\t<span class=\"elementor-accordion-icon-closed\"><i class=\"fas fa-plus\"><\/i><\/span>\n\t\t\t\t\t\t\t\t<span class=\"elementor-accordion-icon-opened\"><i class=\"fas fa-minus\"><\/i><\/span>\n\t\t\t\t\t\t\t\t\t\t\t\t\t\t<\/span>\n\t\t\t\t\t\t\t\t\t\t\t\t<a class=\"elementor-accordion-title\" tabindex=\"0\">Com he de mantenir els meus panells solars?<\/a>\n\t\t\t\t\t<\/div>\n\t\t\t\t\t<div id=\"elementor-tab-content-1685\" class=\"elementor-tab-content elementor-clearfix\" data-tab=\"5\" role=\"region\" aria-labelledby=\"elementor-tab-title-1685\"><p>En el cas d&#8217;habitatge residencial, \u00e9s recomanable realitzar un manteniment preventiu cada dos anys, si es tracta d&#8217;ind\u00fastries o horts solars, el manteniment haur\u00e0 de ser d&#8217;almenys una vegada a l&#8217;any.<\/p>\n<p>El mateix propietari o propiet\u00e0ria pot realitzar la neteja de panells si aix\u00ed ho considera oport\u00fa. El nostre equip t&#8217;aconsellar\u00e0 la millor manera per fer-ho.<\/p>\n<\/div>\n\t\t\t\t<\/div>\n\t\t\t\t\t\t\t\t\t\t<script type=\"application\/ld+json\">{\"@context\":\"https:\\\/\\\/schema.org\",\"@type\":\"FAQPage\",\"mainEntity\":[{\"@type\":\"Question\",\"name\":\"Quina \\u00e9s la regulaci\\u00f3 actual de l'energia solar fotovoltaica?\",\"acceptedAnswer\":{\"@type\":\"Answer\",\"text\":\"<p>El Reial decret 244\\\/2019, impulsa de forma molt significativa la instal\\u00b7laci\\u00f3 d&#8217;energia solar fotovoltaica. Eliminant qualsevol tipus de peatge i facilitant la tasca administrativa que aquest proc\\u00e9s comporta. <\\\/p>\\n\"}},{\"@type\":\"Question\",\"name\":\"Per a la nostra instal\\u00b7laci\\u00f3 fotovoltaica, s\\u2019ha de sol\\u00b7licitar algun perm\\u00eds?\",\"acceptedAnswer\":{\"@type\":\"Answer\",\"text\":\"<p>En la majoria dels casos s&#8217;haur\\u00e0 de realitzar una sol\\u00b7licitud de llic\\u00e8ncia d&#8217;obra menor o llic\\u00e8ncia urban\\u00edstica i presentar-la a l&#8217;ajuntament de la localitat on estiga situada la instal\\u00b7laci\\u00f3 fotovoltaica.<\\\/p>\\n\"}},{\"@type\":\"Question\",\"name\":\"Si no m'arriba la llum a la meua casa, puc instal\\u00b7lar-me panells solars?\",\"acceptedAnswer\":{\"@type\":\"Answer\",\"text\":\"<p>De fet, aquesta \\u00e9s la millor forma que existeix per a poder tindre llum en un habitatge que pr\\u00e8viament no tenia, per\\u00f2 haurem d&#8217;adaptar els h\\u00e0bits de consum a la nostra instal\\u00b7laci\\u00f3 per a aix\\u00ed poder treure-li el m\\u00e0xim partit. A m\\u00e9s, aquesta energia ser\\u00e0 100% d&#8217;origen renovable.<\\\/p>\\n\"}},{\"@type\":\"Question\",\"name\":\"Una vegada feta la instal\\u00b7laci\\u00f3, deixar\\u00e9 de pagar llum?\",\"acceptedAnswer\":{\"@type\":\"Answer\",\"text\":\"<p>S\\u00ed, en les instal\\u00b7lacions connectades a la xarxa el\\u00e8ctrica veurem redu\\u00eft el consum el\\u00e8ctric entre un 50 i un 80% de mitjana anual. Per tant, una instal\\u00b7laci\\u00f3 solar fotovoltaica \\u00e9s completament rendible, i ens acosta a l&#8217;autoconsum energ\\u00e8tic.<\\\/p>\\n\"}},{\"@type\":\"Question\",\"name\":\"Com he de mantenir els meus panells solars?\",\"acceptedAnswer\":{\"@type\":\"Answer\",\"text\":\"<p>En el cas d&#8217;habitatge residencial, \\u00e9s recomanable realitzar un manteniment preventiu cada dos anys, si es tracta d&#8217;ind\\u00fastries o horts solars, el manteniment haur\\u00e0 de ser d&#8217;almenys una vegada a l&#8217;any.<\\\/p>\\n<p>El mateix propietari o propiet\\u00e0ria pot realitzar la neteja de panells si aix\\u00ed ho considera oport\\u00fa. El nostre equip t&#8217;aconsellar\\u00e0 la millor manera per fer-ho.<\\\/p>\\n\"}}]}<\/script>\n\t\t\t\t\t<\/div>\n\t\t\t\t\t\t<\/div>\n\t\t\t\t<\/div>\n\t\t\t\t\t<\/div>\n\t\t<\/div>\n\t\t\t\t\t<\/div>\n\t\t<\/section>\n\t\t\t\t<section class=\"elementor-section elementor-top-section elementor-element elementor-element-ebdefac elementor-section-stretched elementor-section-boxed elementor-section-height-default elementor-section-height-default\" data-id=\"ebdefac\" data-element_type=\"section\" data-e-type=\"section\" data-settings=\"{&quot;stretch_section&quot;:&quot;section-stretched&quot;,&quot;background_background&quot;:&quot;classic&quot;}\">\n\t\t\t\t\t\t<div class=\"elementor-container elementor-column-gap-no\">\n\t\t\t\t\t<div class=\"elementor-column elementor-col-100 elementor-top-column elementor-element elementor-element-2e80fc0\" data-id=\"2e80fc0\" data-element_type=\"column\" data-e-type=\"column\">\n\t\t\t<div class=\"elementor-widget-wrap elementor-element-populated\">\n\t\t\t\t\t\t<section class=\"elementor-section elementor-inner-section elementor-element elementor-element-2f5eefd elementor-section-boxed elementor-section-height-default elementor-section-height-default\" data-id=\"2f5eefd\" data-element_type=\"section\" data-e-type=\"section\">\n\t\t\t\t\t\t<div class=\"elementor-container elementor-column-gap-no\">\n\t\t\t\t\t<div class=\"elementor-column elementor-col-100 elementor-inner-column elementor-element elementor-element-c244698\" data-id=\"c244698\" data-element_type=\"column\" data-e-type=\"column\">\n\t\t\t<div class=\"elementor-widget-wrap elementor-element-populated\">\n\t\t\t\t\t\t<div class=\"elementor-element elementor-element-5a27776 elementor-widget elementor-widget-heading\" data-id=\"5a27776\" data-element_type=\"widget\" data-e-type=\"widget\" data-widget_type=\"heading.default\">\n\t\t\t\t<div class=\"elementor-widget-container\">\n\t\t\t\t\t<h2 class=\"elementor-heading-title elementor-size-default\">Instal\u00b7lacions de panells solars<\/h2>\t\t\t\t<\/div>\n\t\t\t\t<\/div>\n\t\t\t\t<div class=\"elementor-element elementor-element-df0cf28 elementor-widget elementor-widget-text-editor\" data-id=\"df0cf28\" data-element_type=\"widget\" data-e-type=\"widget\" data-widget_type=\"text-editor.default\">\n\t\t\t\t<div class=\"elementor-widget-container\">\n\t\t\t\t\t\t\t\t\t<p>A continuaci\u00f3, pots veure alguns dels nostres projectes per a l&#8217;autoconsum energ\u00e8tic a Val\u00e8ncia i voltants. Fes clic en les imatges per a veure el resultat:<\/p>\t\t\t\t\t\t\t\t<\/div>\n\t\t\t\t<\/div>\n\t\t\t\t\t<\/div>\n\t\t<\/div>\n\t\t\t\t\t<\/div>\n\t\t<\/section>\n\t\t\t\t<section class=\"elementor-section elementor-inner-section elementor-element elementor-element-0a16f33 elementor-section-full_width elementor-section-height-default elementor-section-height-default\" data-id=\"0a16f33\" data-element_type=\"section\" data-e-type=\"section\">\n\t\t\t\t\t\t<div class=\"elementor-container elementor-column-gap-no\">\n\t\t\t\t\t<div class=\"elementor-column elementor-col-100 elementor-inner-column elementor-element elementor-element-993ad2d\" data-id=\"993ad2d\" data-element_type=\"column\" data-e-type=\"column\">\n\t\t\t<div class=\"elementor-widget-wrap elementor-element-populated\">\n\t\t\t\t\t\t<div class=\"elementor-element elementor-element-5b02527 eael-fg-hoverer-content-align-left elementor-widget elementor-widget-eael-filterable-gallery\" data-id=\"5b02527\" data-element_type=\"widget\" data-e-type=\"widget\" data-settings=\"{&quot;photo_gallery&quot;:&quot;yes&quot;,&quot;pagination&quot;:&quot;false&quot;}\" data-widget_type=\"eael-filterable-gallery.default\">\n\t\t\t\t<div class=\"elementor-widget-container\">\n\t\t\t\t\t<style id=\"eael-fg-inline-css-5b02527\">@media only screen and (max-width: 2399px) {\n\t\t\t\t\t.elementor-element.elementor-element-5b02527 .eael-filterable-gallery-item-wrap {\n\t\t\t\t\t        width: 25%;\n\t\t\t\t\t    }\n\t\t\t\t\t}@media only screen and (max-width: 1000px) {\n\t\t\t\t\t.elementor-element.elementor-element-5b02527  .eael-filterable-gallery-item-wrap {\n\t\t\t\t\t        width: 50%;\n\t\t\t\t\t    }\n\t\t\t\t\t}@media only screen and (max-width: 430px) {\n\t\t\t\t\t.elementor-element.elementor-element-5b02527  .eael-filterable-gallery-item-wrap {\n\t\t\t\t\t        width: 100%;\n\t\t\t\t\t    }\n\t\t\t\t\t}<\/style>        <div id=\"eael-filter-gallery-wrapper-5b02527\" class=\"eael-filter-gallery-wrapper\" data-layout-mode=\"hoverer\" data-breakpoints=\"{&quot;mobile&quot;:{&quot;label&quot;:&quot;Mobile Portrait&quot;,&quot;value&quot;:430,&quot;default_value&quot;:767,&quot;direction&quot;:&quot;max&quot;,&quot;is_enabled&quot;:true},&quot;mobile_extra&quot;:{&quot;label&quot;:&quot;Mobile Landscape&quot;,&quot;value&quot;:880,&quot;default_value&quot;:880,&quot;direction&quot;:&quot;max&quot;,&quot;is_enabled&quot;:false},&quot;tablet&quot;:{&quot;label&quot;:&quot;Tablet Portrait&quot;,&quot;value&quot;:1000,&quot;default_value&quot;:1024,&quot;direction&quot;:&quot;max&quot;,&quot;is_enabled&quot;:true},&quot;tablet_extra&quot;:{&quot;label&quot;:&quot;Tablet Landscape&quot;,&quot;value&quot;:1366,&quot;default_value&quot;:1200,&quot;direction&quot;:&quot;max&quot;,&quot;is_enabled&quot;:true},&quot;laptop&quot;:{&quot;label&quot;:&quot;Laptop&quot;,&quot;value&quot;:1440,&quot;default_value&quot;:1366,&quot;direction&quot;:&quot;max&quot;,&quot;is_enabled&quot;:true},&quot;widescreen&quot;:{&quot;label&quot;:&quot;Widescreen&quot;,&quot;value&quot;:2400,&quot;default_value&quot;:2400,&quot;direction&quot;:&quot;min&quot;,&quot;is_enabled&quot;:false}}\" data-default_control_key=\"0\" data-custom_default_control=\"1\">\n                    <div class=\"eael-filter-gallery-container eael-filter-gallery-grid\" data-images-per-page=\"\" data-total-gallery-items=\"4\" data-nomore-item-text=\"\" data-is-randomize=\"no\" data-settings=\"{&quot;grid_style&quot;:&quot;grid&quot;,&quot;popup&quot;:&quot;buttons&quot;,&quot;duration&quot;:500,&quot;gallery_enabled&quot;:&quot;yes&quot;,&quot;video_gallery_yt_privacy&quot;:&quot;&quot;,&quot;control_all_text&quot;:null,&quot;post_id&quot;:1900,&quot;widget_id&quot;:&quot;5b02527&quot;}\" data-search-all=\"\" data-gallery-items=\"WyI8ZGl2IGNsYXNzPVwiZWFlbC1maWx0ZXJhYmxlLWdhbGxlcnktaXRlbS13cmFwXCI+XG5cdFx0XHRcdDxkaXYgY2xhc3M9XCJlYWVsLWdhbGxlcnktZ3JpZC1pdGVtXCI+PGRpdiBjbGFzcz1cImdhbGxlcnktaXRlbS10aHVtYm5haWwtd3JhcFwiPjxpbWcgd2lkdGg9XCIzMDBcIiBoZWlnaHQ9XCIzMDBcIiBzcmM9XCJodHRwczpcL1wvY2FtaXNvbGFyLmNvbVwvd3AtY29udGVudFwvdXBsb2Fkc1wvMjAyMVwvMDZcL2VuZXJnaWEtZm90b3ZvbHRhaWNhLXZhbGVuY2lhLTMwMHgzMDAuanBlZ1wiIGNsYXNzPVwiYXR0YWNobWVudC1tZWRpdW0gc2l6ZS1tZWRpdW0gd3AtaW1hZ2UtMTgzOVwiIGFsdD1cIkVuZXJnXHUwMGVkYSBmb3Rvdm9sdGFpY2EgZW4gVmFsZW5jaWFcIiBzcmNzZXQ9XCJodHRwczpcL1wvY2FtaXNvbGFyLmNvbVwvd3AtY29udGVudFwvdXBsb2Fkc1wvMjAyMVwvMDZcL2VuZXJnaWEtZm90b3ZvbHRhaWNhLXZhbGVuY2lhLTMwMHgzMDAuanBlZyAzMDB3LCBodHRwczpcL1wvY2FtaXNvbGFyLmNvbVwvd3AtY29udGVudFwvdXBsb2Fkc1wvMjAyMVwvMDZcL2VuZXJnaWEtZm90b3ZvbHRhaWNhLXZhbGVuY2lhLTE1MHgxNTAuanBlZyAxNTB3LCBodHRwczpcL1wvY2FtaXNvbGFyLmNvbVwvd3AtY29udGVudFwvdXBsb2Fkc1wvMjAyMVwvMDZcL2VuZXJnaWEtZm90b3ZvbHRhaWNhLXZhbGVuY2lhLmpwZWcgNjAwd1wiIHNpemVzPVwiKG1heC13aWR0aDogMzAwcHgpIDEwMHZ3LCAzMDBweFwiIFwvPjxcL2Rpdj48ZGl2IGNsYXNzPVwiZ2FsbGVyeS1pdGVtLWNhcHRpb24td3JhcCBjYXB0aW9uLXN0eWxlLWhvdmVyZXIgZWFlbC16b29tLWluXCI+PGRpdiBjbGFzcz1cImdhbGxlcnktaXRlbS1ob3ZlcmVyLWJnXCI+PFwvZGl2PjxkaXYgY2xhc3M9XCJnYWxsZXJ5LWl0ZW0tY2FwdGlvbi1vdmVyXCI+PGRpdiBjbGFzcz1cImdhbGxlcnktaXRlbS1idXR0b25zXCI+PGEgYXJlYS1oaWRkZW49XCJ0cnVlXCIgYXJpYS1sYWJlbD1cImVhZWwtbWFnbmlmaWMtbGlua1wiIGhyZWY9XCJodHRwczpcL1wvY2FtaXNvbGFyLmNvbVwvd3AtY29udGVudFwvdXBsb2Fkc1wvMjAyMVwvMDZcL2VuZXJnaWEtZm90b3ZvbHRhaWNhLXZhbGVuY2lhLmpwZWdcIiBjbGFzcz1cImVhZWwtbWFnbmlmaWMtbGluayBlYWVsLW1hZ25pZmljLWxpbmstY2xvbmUgYWN0aXZlXCIgZGF0YS1lbGVtZW50b3Itb3Blbi1saWdodGJveD1cInllc1wiIHRpdGxlPVwiXCI+PHNwYW4gY2xhc3M9XCJmZy1pdGVtLWljb24taW5uZXJcIj48aSBjbGFzcz1cImZhcyBmYS1zZWFyY2gtcGx1c1wiIGFyaWEtaGlkZGVuPVwidHJ1ZVwiPjxcL2k+PFwvc3Bhbj5cbiAgICAgICAgICAgIDxcL2E+ICAgICAgICAgICAgICAgIDxhIGhyZWY9XCIjXCIgYXJpYS1sYWJlbD1cImVhZWwtaXRlbS1tYXliZS1saW5rXCI+IDxzcGFuIGNsYXNzPVwiZmctaXRlbS1pY29uLWlubmVyXCI+PGkgY2xhc3M9XCJmYXMgZmEtbGlua1wiIGFyaWEtaGlkZGVuPVwidHJ1ZVwiPjxcL2k+PFwvc3Bhbj48XC9hPjxcL2Rpdj48XC9kaXY+PFwvZGl2PjxcL2Rpdj48XC9kaXY+IiwiPGRpdiBjbGFzcz1cImVhZWwtZmlsdGVyYWJsZS1nYWxsZXJ5LWl0ZW0td3JhcFwiPlxuXHRcdFx0XHQ8ZGl2IGNsYXNzPVwiZWFlbC1nYWxsZXJ5LWdyaWQtaXRlbVwiPjxkaXYgY2xhc3M9XCJnYWxsZXJ5LWl0ZW0tdGh1bWJuYWlsLXdyYXBcIj48aW1nIHdpZHRoPVwiMzAwXCIgaGVpZ2h0PVwiMzAwXCIgc3JjPVwiaHR0cHM6XC9cL2NhbWlzb2xhci5jb21cL3dwLWNvbnRlbnRcL3VwbG9hZHNcLzIwMjFcLzA2XC9wYW5lbGVzLXNvbGFyZXMtdmFsZW5jaWEtMzAweDMwMC5qcGdcIiBjbGFzcz1cImF0dGFjaG1lbnQtbWVkaXVtIHNpemUtbWVkaXVtIHdwLWltYWdlLTE4NDFcIiBhbHQ9XCJwYW5lbGVzIHNvbGFyZXMgZW4gdmFsZW5jaWFcIiBzcmNzZXQ9XCJodHRwczpcL1wvY2FtaXNvbGFyLmNvbVwvd3AtY29udGVudFwvdXBsb2Fkc1wvMjAyMVwvMDZcL3BhbmVsZXMtc29sYXJlcy12YWxlbmNpYS0zMDB4MzAwLmpwZyAzMDB3LCBodHRwczpcL1wvY2FtaXNvbGFyLmNvbVwvd3AtY29udGVudFwvdXBsb2Fkc1wvMjAyMVwvMDZcL3BhbmVsZXMtc29sYXJlcy12YWxlbmNpYS0xNTB4MTUwLmpwZyAxNTB3LCBodHRwczpcL1wvY2FtaXNvbGFyLmNvbVwvd3AtY29udGVudFwvdXBsb2Fkc1wvMjAyMVwvMDZcL3BhbmVsZXMtc29sYXJlcy12YWxlbmNpYS5qcGcgNjAwd1wiIHNpemVzPVwiKG1heC13aWR0aDogMzAwcHgpIDEwMHZ3LCAzMDBweFwiIFwvPjxcL2Rpdj48ZGl2IGNsYXNzPVwiZ2FsbGVyeS1pdGVtLWNhcHRpb24td3JhcCBjYXB0aW9uLXN0eWxlLWhvdmVyZXIgZWFlbC16b29tLWluXCI+PGRpdiBjbGFzcz1cImdhbGxlcnktaXRlbS1ob3ZlcmVyLWJnXCI+PFwvZGl2PjxkaXYgY2xhc3M9XCJnYWxsZXJ5LWl0ZW0tY2FwdGlvbi1vdmVyXCI+PGRpdiBjbGFzcz1cImdhbGxlcnktaXRlbS1idXR0b25zXCI+PGEgYXJlYS1oaWRkZW49XCJ0cnVlXCIgYXJpYS1sYWJlbD1cImVhZWwtbWFnbmlmaWMtbGlua1wiIGhyZWY9XCJodHRwczpcL1wvY2FtaXNvbGFyLmNvbVwvd3AtY29udGVudFwvdXBsb2Fkc1wvMjAyMVwvMDZcL3BhbmVsZXMtc29sYXJlcy12YWxlbmNpYS5qcGdcIiBjbGFzcz1cImVhZWwtbWFnbmlmaWMtbGluayBlYWVsLW1hZ25pZmljLWxpbmstY2xvbmUgYWN0aXZlXCIgZGF0YS1lbGVtZW50b3Itb3Blbi1saWdodGJveD1cInllc1wiIHRpdGxlPVwiXCI+PHNwYW4gY2xhc3M9XCJmZy1pdGVtLWljb24taW5uZXJcIj48aSBjbGFzcz1cImZhcyBmYS1zZWFyY2gtcGx1c1wiIGFyaWEtaGlkZGVuPVwidHJ1ZVwiPjxcL2k+PFwvc3Bhbj5cbiAgICAgICAgICAgIDxcL2E+ICAgICAgICAgICAgICAgIDxhIGhyZWY9XCIjXCIgYXJpYS1sYWJlbD1cImVhZWwtaXRlbS1tYXliZS1saW5rXCI+IDxzcGFuIGNsYXNzPVwiZmctaXRlbS1pY29uLWlubmVyXCI+PGkgY2xhc3M9XCJmYXMgZmEtbGlua1wiIGFyaWEtaGlkZGVuPVwidHJ1ZVwiPjxcL2k+PFwvc3Bhbj48XC9hPjxcL2Rpdj48XC9kaXY+PFwvZGl2PjxcL2Rpdj48XC9kaXY+IiwiPGRpdiBjbGFzcz1cImVhZWwtZmlsdGVyYWJsZS1nYWxsZXJ5LWl0ZW0td3JhcFwiPlxuXHRcdFx0XHQ8ZGl2IGNsYXNzPVwiZWFlbC1nYWxsZXJ5LWdyaWQtaXRlbVwiPjxkaXYgY2xhc3M9XCJnYWxsZXJ5LWl0ZW0tdGh1bWJuYWlsLXdyYXBcIj48aW1nIHdpZHRoPVwiMzAwXCIgaGVpZ2h0PVwiMzAwXCIgc3JjPVwiaHR0cHM6XC9cL2NhbWlzb2xhci5jb21cL3dwLWNvbnRlbnRcL3VwbG9hZHNcLzIwMjFcLzA2XC9pbnN0YWxjaW9uLWNhbGVudGFkb3Itc29sYXItdmFsZW5jaWEtMzAweDMwMC5qcGdcIiBjbGFzcz1cImF0dGFjaG1lbnQtbWVkaXVtIHNpemUtbWVkaXVtIHdwLWltYWdlLTE4NDNcIiBhbHQ9XCJpbnN0YWxhY2lvbiBjYWxlbnRhZG9yIHNvbGFyIHZhbGVuY2lhXCIgc3Jjc2V0PVwiaHR0cHM6XC9cL2NhbWlzb2xhci5jb21cL3dwLWNvbnRlbnRcL3VwbG9hZHNcLzIwMjFcLzA2XC9pbnN0YWxjaW9uLWNhbGVudGFkb3Itc29sYXItdmFsZW5jaWEtMzAweDMwMC5qcGcgMzAwdywgaHR0cHM6XC9cL2NhbWlzb2xhci5jb21cL3dwLWNvbnRlbnRcL3VwbG9hZHNcLzIwMjFcLzA2XC9pbnN0YWxjaW9uLWNhbGVudGFkb3Itc29sYXItdmFsZW5jaWEtMTUweDE1MC5qcGcgMTUwdywgaHR0cHM6XC9cL2NhbWlzb2xhci5jb21cL3dwLWNvbnRlbnRcL3VwbG9hZHNcLzIwMjFcLzA2XC9pbnN0YWxjaW9uLWNhbGVudGFkb3Itc29sYXItdmFsZW5jaWEuanBnIDYwMHdcIiBzaXplcz1cIihtYXgtd2lkdGg6IDMwMHB4KSAxMDB2dywgMzAwcHhcIiBcLz48XC9kaXY+PGRpdiBjbGFzcz1cImdhbGxlcnktaXRlbS1jYXB0aW9uLXdyYXAgY2FwdGlvbi1zdHlsZS1ob3ZlcmVyIGVhZWwtem9vbS1pblwiPjxkaXYgY2xhc3M9XCJnYWxsZXJ5LWl0ZW0taG92ZXJlci1iZ1wiPjxcL2Rpdj48ZGl2IGNsYXNzPVwiZ2FsbGVyeS1pdGVtLWNhcHRpb24tb3ZlclwiPjxkaXYgY2xhc3M9XCJnYWxsZXJ5LWl0ZW0tYnV0dG9uc1wiPjxhIGFyZWEtaGlkZGVuPVwidHJ1ZVwiIGFyaWEtbGFiZWw9XCJlYWVsLW1hZ25pZmljLWxpbmtcIiBocmVmPVwiaHR0cHM6XC9cL2NhbWlzb2xhci5jb21cL3dwLWNvbnRlbnRcL3VwbG9hZHNcLzIwMjFcLzA2XC9pbnN0YWxjaW9uLWNhbGVudGFkb3Itc29sYXItdmFsZW5jaWEuanBnXCIgY2xhc3M9XCJlYWVsLW1hZ25pZmljLWxpbmsgZWFlbC1tYWduaWZpYy1saW5rLWNsb25lIGFjdGl2ZVwiIGRhdGEtZWxlbWVudG9yLW9wZW4tbGlnaHRib3g9XCJ5ZXNcIiB0aXRsZT1cIlwiPjxzcGFuIGNsYXNzPVwiZmctaXRlbS1pY29uLWlubmVyXCI+PGkgY2xhc3M9XCJmYXMgZmEtc2VhcmNoLXBsdXNcIiBhcmlhLWhpZGRlbj1cInRydWVcIj48XC9pPjxcL3NwYW4+XG4gICAgICAgICAgICA8XC9hPiAgICAgICAgICAgICAgICA8YSBocmVmPVwiI1wiIGFyaWEtbGFiZWw9XCJlYWVsLWl0ZW0tbWF5YmUtbGlua1wiPiA8c3BhbiBjbGFzcz1cImZnLWl0ZW0taWNvbi1pbm5lclwiPjxpIGNsYXNzPVwiZmFzIGZhLWxpbmtcIiBhcmlhLWhpZGRlbj1cInRydWVcIj48XC9pPjxcL3NwYW4+PFwvYT48XC9kaXY+PFwvZGl2PjxcL2Rpdj48XC9kaXY+PFwvZGl2PiIsIjxkaXYgY2xhc3M9XCJlYWVsLWZpbHRlcmFibGUtZ2FsbGVyeS1pdGVtLXdyYXBcIj5cblx0XHRcdFx0PGRpdiBjbGFzcz1cImVhZWwtZ2FsbGVyeS1ncmlkLWl0ZW1cIj48ZGl2IGNsYXNzPVwiZ2FsbGVyeS1pdGVtLXRodW1ibmFpbC13cmFwXCI+PGltZyB3aWR0aD1cIjMwMFwiIGhlaWdodD1cIjMwMFwiIHNyYz1cImh0dHBzOlwvXC9jYW1pc29sYXIuY29tXC93cC1jb250ZW50XC91cGxvYWRzXC8yMDIxXC8wNlwvaW5zdGFsYWRvci1wbGFjYXMtc29sYXJlcy12YWxlbmNpYS0zMDB4MzAwLmpwZ1wiIGNsYXNzPVwiYXR0YWNobWVudC1tZWRpdW0gc2l6ZS1tZWRpdW0gd3AtaW1hZ2UtMTg0NlwiIGFsdD1cIkVtcHJlc2EgZGUgZW5lcmdcdTAwZWRhIHNvbGFyIHkgZm90b3ZvbHRhaWNhIGVuIFZhbGVuY2lhIC0gQ2FtXHUwMGVkc29sYXJcIiBzcmNzZXQ9XCJodHRwczpcL1wvY2FtaXNvbGFyLmNvbVwvd3AtY29udGVudFwvdXBsb2Fkc1wvMjAyMVwvMDZcL2luc3RhbGFkb3ItcGxhY2FzLXNvbGFyZXMtdmFsZW5jaWEtMzAweDMwMC5qcGcgMzAwdywgaHR0cHM6XC9cL2NhbWlzb2xhci5jb21cL3dwLWNvbnRlbnRcL3VwbG9hZHNcLzIwMjFcLzA2XC9pbnN0YWxhZG9yLXBsYWNhcy1zb2xhcmVzLXZhbGVuY2lhLTE1MHgxNTAuanBnIDE1MHcsIGh0dHBzOlwvXC9jYW1pc29sYXIuY29tXC93cC1jb250ZW50XC91cGxvYWRzXC8yMDIxXC8wNlwvaW5zdGFsYWRvci1wbGFjYXMtc29sYXJlcy12YWxlbmNpYS5qcGcgNjAwd1wiIHNpemVzPVwiKG1heC13aWR0aDogMzAwcHgpIDEwMHZ3LCAzMDBweFwiIFwvPjxcL2Rpdj48ZGl2IGNsYXNzPVwiZ2FsbGVyeS1pdGVtLWNhcHRpb24td3JhcCBjYXB0aW9uLXN0eWxlLWhvdmVyZXIgZWFlbC16b29tLWluXCI+PGRpdiBjbGFzcz1cImdhbGxlcnktaXRlbS1ob3ZlcmVyLWJnXCI+PFwvZGl2PjxkaXYgY2xhc3M9XCJnYWxsZXJ5LWl0ZW0tY2FwdGlvbi1vdmVyXCI+PGRpdiBjbGFzcz1cImdhbGxlcnktaXRlbS1idXR0b25zXCI+PGEgYXJlYS1oaWRkZW49XCJ0cnVlXCIgYXJpYS1sYWJlbD1cImVhZWwtbWFnbmlmaWMtbGlua1wiIGhyZWY9XCJodHRwczpcL1wvY2FtaXNvbGFyLmNvbVwvd3AtY29udGVudFwvdXBsb2Fkc1wvMjAyMVwvMDZcL2luc3RhbGFkb3ItcGxhY2FzLXNvbGFyZXMtdmFsZW5jaWEuanBnXCIgY2xhc3M9XCJlYWVsLW1hZ25pZmljLWxpbmsgZWFlbC1tYWduaWZpYy1saW5rLWNsb25lIGFjdGl2ZVwiIGRhdGEtZWxlbWVudG9yLW9wZW4tbGlnaHRib3g9XCJ5ZXNcIiB0aXRsZT1cIlwiPjxzcGFuIGNsYXNzPVwiZmctaXRlbS1pY29uLWlubmVyXCI+PGkgY2xhc3M9XCJmYXMgZmEtc2VhcmNoLXBsdXNcIiBhcmlhLWhpZGRlbj1cInRydWVcIj48XC9pPjxcL3NwYW4+XG4gICAgICAgICAgICA8XC9hPiAgICAgICAgICAgICAgICA8YSBocmVmPVwiI1wiIGFyaWEtbGFiZWw9XCJlYWVsLWl0ZW0tbWF5YmUtbGlua1wiPiA8c3BhbiBjbGFzcz1cImZnLWl0ZW0taWNvbi1pbm5lclwiPjxpIGNsYXNzPVwiZmFzIGZhLWxpbmtcIiBhcmlhLWhpZGRlbj1cInRydWVcIj48XC9pPjxcL3NwYW4+PFwvYT48XC9kaXY+PFwvZGl2PjxcL2Rpdj48XC9kaXY+PFwvZGl2PiJd\" data-init-show=\"4\">\n            <div class=\"eael-filterable-gallery-item-wrap\">\n\t\t\t\t<div class=\"eael-gallery-grid-item\"><div class=\"gallery-item-thumbnail-wrap\"><img decoding=\"async\" width=\"300\" height=\"300\" src=\"https:\/\/camisolar.com\/wp-content\/uploads\/2021\/06\/energia-fotovoltaica-valencia-300x300.jpeg\" class=\"attachment-medium size-medium wp-image-1839\" alt=\"Energ\u00eda fotovoltaica en Valencia\" srcset=\"https:\/\/camisolar.com\/wp-content\/uploads\/2021\/06\/energia-fotovoltaica-valencia-300x300.jpeg 300w, https:\/\/camisolar.com\/wp-content\/uploads\/2021\/06\/energia-fotovoltaica-valencia-150x150.jpeg 150w, https:\/\/camisolar.com\/wp-content\/uploads\/2021\/06\/energia-fotovoltaica-valencia.jpeg 600w\" sizes=\"(max-width: 300px) 100vw, 300px\" \/><\/div><div class=\"gallery-item-caption-wrap caption-style-hoverer eael-zoom-in\"><div class=\"gallery-item-hoverer-bg\"><\/div><div class=\"gallery-item-caption-over\"><div class=\"gallery-item-buttons\"><a area-hidden=\"true\" aria-label=\"eael-magnific-link\" href=\"https:\/\/camisolar.com\/wp-content\/uploads\/2021\/06\/energia-fotovoltaica-valencia.jpeg\" class=\"eael-magnific-link eael-magnific-link-clone active\" data-elementor-open-lightbox=\"yes\" title=\"\"><span class=\"fg-item-icon-inner\"><i class=\"fas fa-search-plus\" aria-hidden=\"true\"><\/i><\/span>\n            <\/a>                <a href=\"#\" aria-label=\"eael-item-maybe-link\"> <span class=\"fg-item-icon-inner\"><i class=\"fas fa-link\" aria-hidden=\"true\"><\/i><\/span><\/a><\/div><\/div><\/div><\/div><\/div><div class=\"eael-filterable-gallery-item-wrap\">\n\t\t\t\t<div class=\"eael-gallery-grid-item\"><div class=\"gallery-item-thumbnail-wrap\"><img decoding=\"async\" width=\"300\" height=\"300\" src=\"https:\/\/camisolar.com\/wp-content\/uploads\/2021\/06\/paneles-solares-valencia-300x300.jpg\" class=\"attachment-medium size-medium wp-image-1841\" alt=\"paneles solares en valencia\" srcset=\"https:\/\/camisolar.com\/wp-content\/uploads\/2021\/06\/paneles-solares-valencia-300x300.jpg 300w, https:\/\/camisolar.com\/wp-content\/uploads\/2021\/06\/paneles-solares-valencia-150x150.jpg 150w, https:\/\/camisolar.com\/wp-content\/uploads\/2021\/06\/paneles-solares-valencia.jpg 600w\" sizes=\"(max-width: 300px) 100vw, 300px\" \/><\/div><div class=\"gallery-item-caption-wrap caption-style-hoverer eael-zoom-in\"><div class=\"gallery-item-hoverer-bg\"><\/div><div class=\"gallery-item-caption-over\"><div class=\"gallery-item-buttons\"><a area-hidden=\"true\" aria-label=\"eael-magnific-link\" href=\"https:\/\/camisolar.com\/wp-content\/uploads\/2021\/06\/paneles-solares-valencia.jpg\" class=\"eael-magnific-link eael-magnific-link-clone active\" data-elementor-open-lightbox=\"yes\" title=\"\"><span class=\"fg-item-icon-inner\"><i class=\"fas fa-search-plus\" aria-hidden=\"true\"><\/i><\/span>\n            <\/a>                <a href=\"#\" aria-label=\"eael-item-maybe-link\"> <span class=\"fg-item-icon-inner\"><i class=\"fas fa-link\" aria-hidden=\"true\"><\/i><\/span><\/a><\/div><\/div><\/div><\/div><\/div><div class=\"eael-filterable-gallery-item-wrap\">\n\t\t\t\t<div class=\"eael-gallery-grid-item\"><div class=\"gallery-item-thumbnail-wrap\"><img loading=\"lazy\" decoding=\"async\" width=\"300\" height=\"300\" src=\"https:\/\/camisolar.com\/wp-content\/uploads\/2021\/06\/instalcion-calentador-solar-valencia-300x300.jpg\" class=\"attachment-medium size-medium wp-image-1843\" alt=\"instalacion calentador solar valencia\" srcset=\"https:\/\/camisolar.com\/wp-content\/uploads\/2021\/06\/instalcion-calentador-solar-valencia-300x300.jpg 300w, https:\/\/camisolar.com\/wp-content\/uploads\/2021\/06\/instalcion-calentador-solar-valencia-150x150.jpg 150w, https:\/\/camisolar.com\/wp-content\/uploads\/2021\/06\/instalcion-calentador-solar-valencia.jpg 600w\" sizes=\"(max-width: 300px) 100vw, 300px\" \/><\/div><div class=\"gallery-item-caption-wrap caption-style-hoverer eael-zoom-in\"><div class=\"gallery-item-hoverer-bg\"><\/div><div class=\"gallery-item-caption-over\"><div class=\"gallery-item-buttons\"><a area-hidden=\"true\" aria-label=\"eael-magnific-link\" href=\"https:\/\/camisolar.com\/wp-content\/uploads\/2021\/06\/instalcion-calentador-solar-valencia.jpg\" class=\"eael-magnific-link eael-magnific-link-clone active\" data-elementor-open-lightbox=\"yes\" title=\"\"><span class=\"fg-item-icon-inner\"><i class=\"fas fa-search-plus\" aria-hidden=\"true\"><\/i><\/span>\n            <\/a>                <a href=\"#\" aria-label=\"eael-item-maybe-link\"> <span class=\"fg-item-icon-inner\"><i class=\"fas fa-link\" aria-hidden=\"true\"><\/i><\/span><\/a><\/div><\/div><\/div><\/div><\/div><div class=\"eael-filterable-gallery-item-wrap\">\n\t\t\t\t<div class=\"eael-gallery-grid-item\"><div class=\"gallery-item-thumbnail-wrap\"><img loading=\"lazy\" decoding=\"async\" width=\"300\" height=\"300\" src=\"https:\/\/camisolar.com\/wp-content\/uploads\/2021\/06\/instalador-placas-solares-valencia-300x300.jpg\" class=\"attachment-medium size-medium wp-image-1846\" alt=\"Empresa de energ\u00eda solar y fotovoltaica en Valencia - Cam\u00edsolar\" srcset=\"https:\/\/camisolar.com\/wp-content\/uploads\/2021\/06\/instalador-placas-solares-valencia-300x300.jpg 300w, https:\/\/camisolar.com\/wp-content\/uploads\/2021\/06\/instalador-placas-solares-valencia-150x150.jpg 150w, https:\/\/camisolar.com\/wp-content\/uploads\/2021\/06\/instalador-placas-solares-valencia.jpg 600w\" sizes=\"(max-width: 300px) 100vw, 300px\" \/><\/div><div class=\"gallery-item-caption-wrap caption-style-hoverer eael-zoom-in\"><div class=\"gallery-item-hoverer-bg\"><\/div><div class=\"gallery-item-caption-over\"><div class=\"gallery-item-buttons\"><a area-hidden=\"true\" aria-label=\"eael-magnific-link\" href=\"https:\/\/camisolar.com\/wp-content\/uploads\/2021\/06\/instalador-placas-solares-valencia.jpg\" class=\"eael-magnific-link eael-magnific-link-clone active\" data-elementor-open-lightbox=\"yes\" title=\"\"><span class=\"fg-item-icon-inner\"><i class=\"fas fa-search-plus\" aria-hidden=\"true\"><\/i><\/span>\n            <\/a>                <a href=\"#\" aria-label=\"eael-item-maybe-link\"> <span class=\"fg-item-icon-inner\"><i class=\"fas fa-link\" aria-hidden=\"true\"><\/i><\/span><\/a><\/div><\/div><\/div><\/div><\/div>        <\/div>\n                <\/div>\n        \n        \t\t\t\t<\/div>\n\t\t\t\t<\/div>\n\t\t\t\t\t<\/div>\n\t\t<\/div>\n\t\t\t\t\t<\/div>\n\t\t<\/section>\n\t\t\t\t\t<\/div>\n\t\t<\/div>\n\t\t\t\t\t<\/div>\n\t\t<\/section>\n\t\t\t\t<\/div>\n\t\t","protected":false},"excerpt":{"rendered":"<p>Autoconsum energ\u00e8tic a Val\u00e8ncia Produeix la teua pr\u00f2pia energia el\u00e8ctrica a trav\u00e9s de la instal\u00b7laci\u00f3 de plaques solars. Qu\u00e8 \u00e9s l&#8217;autoconsum energ\u00e8tic? L&#8217;autoconsum energ\u00e8tic \u00e9s el fet de fer \u00fas de la teua pr\u00f2pia energia. L&#8217;energia solar fotovoltaica \u00e9s una energia neta i senzilla d&#8217;adquirir per a ser autosuficient. Amb una instal\u00b7laci\u00f3 de plaques solars [&hellip;]<\/p>\n","protected":false},"author":1,"featured_media":0,"parent":0,"menu_order":0,"comment_status":"closed","ping_status":"closed","template":"","meta":{"_crdt_document":"","site-sidebar-layout":"no-sidebar","site-content-layout":"page-builder","ast-site-content-layout":"","site-content-style":"default","site-sidebar-style":"default","ast-global-header-display":"","ast-banner-title-visibility":"","ast-main-header-display":"","ast-hfb-above-header-display":"","ast-hfb-below-header-display":"","ast-hfb-mobile-header-display":"","site-post-title":"disabled","ast-breadcrumbs-content":"","ast-featured-img":"disabled","footer-sml-layout":"","theme-transparent-header-meta":"enabled","adv-header-id-meta":"","stick-header-meta":"","header-above-stick-meta":"","header-main-stick-meta":"","header-below-stick-meta":"","astra-migrate-meta-layouts":"set","ast-page-background-enabled":"default","ast-page-background-meta":{"desktop":{"background-color":"","background-image":"","background-repeat":"repeat","background-position":"center center","background-size":"auto","background-attachment":"scroll","background-type":"","background-media":"","overlay-type":"","overlay-color":"","overlay-opacity":"","overlay-gradient":""},"tablet":{"background-color":"","background-image":"","background-repeat":"repeat","background-position":"center center","background-size":"auto","background-attachment":"scroll","background-type":"","background-media":"","overlay-type":"","overlay-color":"","overlay-opacity":"","overlay-gradient":""},"mobile":{"background-color":"","background-image":"","background-repeat":"repeat","background-position":"center center","background-size":"auto","background-attachment":"scroll","background-type":"","background-media":"","overlay-type":"","overlay-color":"","overlay-opacity":"","overlay-gradient":""}},"ast-content-background-meta":{"desktop":{"background-color":"var(--ast-global-color-5)","background-image":"","background-repeat":"repeat","background-position":"center center","background-size":"auto","background-attachment":"scroll","background-type":"","background-media":"","overlay-type":"","overlay-color":"","overlay-opacity":"","overlay-gradient":""},"tablet":{"background-color":"var(--ast-global-color-5)","background-image":"","background-repeat":"repeat","background-position":"center center","background-size":"auto","background-attachment":"scroll","background-type":"","background-media":"","overlay-type":"","overlay-color":"","overlay-opacity":"","overlay-gradient":""},"mobile":{"background-color":"var(--ast-global-color-5)","background-image":"","background-repeat":"repeat","background-position":"center center","background-size":"auto","background-attachment":"scroll","background-type":"","background-media":"","overlay-type":"","overlay-color":"","overlay-opacity":"","overlay-gradient":""}},"_joinchat":[],"footnotes":""},"class_list":["post-1900","page","type-page","status-publish","hentry"],"yoast_head":"<!-- This site is optimized with the Yoast SEO plugin v26.9 - https:\/\/yoast.com\/product\/yoast-seo-wordpress\/ -->\n<title>Autoconsum energ\u00e9tic en Val\u00e8ncia amb plaques solars - Cam\u00edSolar<\/title>\n<meta name=\"description\" content=\"Aconsegueix l&#039;autoconsum energ\u00e8tic a Val\u00e8ncia a trav\u00e9s de la instal\u00b7laci\u00f3\u00a0de plaques solars. Aprofita&#039;t de l&#039;energia solar i estalvia en la teua factura!\" \/>\n<meta name=\"robots\" content=\"index, follow, max-snippet:-1, max-image-preview:large, max-video-preview:-1\" \/>\n<link rel=\"canonical\" href=\"https:\/\/camisolar.com\/va\/autoconsum-energetic\/\" \/>\n<meta property=\"og:locale\" content=\"en_US\" \/>\n<meta property=\"og:type\" content=\"article\" \/>\n<meta property=\"og:title\" content=\"Autoconsum energ\u00e9tic - plaques solars - Cam\u00edsolar\" \/>\n<meta property=\"og:description\" content=\"Aconsegueix l&#039;autoconsum energ\u00e8tic a Val\u00e8ncia a trav\u00e9s de la instal\u00b7laci\u00f3\u00a0de plaques solars. Aprofita&#039;t de l&#039;energia solar i estalvia en la teua factura!\" \/>\n<meta property=\"og:url\" content=\"https:\/\/camisolar.com\/va\/autoconsum-energetic\/\" \/>\n<meta property=\"og:site_name\" content=\"Cam\u00edSolar\" \/>\n<meta property=\"article:publisher\" content=\"https:\/\/www.facebook.com\/camisolarfotovoltaica\/\" \/>\n<meta property=\"article:modified_time\" content=\"2026-02-16T16:57:51+00:00\" \/>\n<meta property=\"og:image\" content=\"https:\/\/camisolar.com\/wp-content\/uploads\/2021\/05\/camisolar.jpg\" \/>\n<meta name=\"twitter:card\" content=\"summary_large_image\" \/>\n<meta name=\"twitter:title\" content=\"Autoconsum energ\u00e9tic - plaques solars - Cam\u00edsolar\" \/>\n<meta name=\"twitter:image\" content=\"https:\/\/camisolar.com\/wp-content\/uploads\/2021\/05\/camisolar.jpg\" \/>\n<meta name=\"twitter:label1\" content=\"Est. reading time\" \/>\n\t<meta name=\"twitter:data1\" content=\"5 minutes\" \/>\n<script type=\"application\/ld+json\" class=\"yoast-schema-graph\">{\"@context\":\"https:\/\/schema.org\",\"@graph\":[{\"@type\":\"WebPage\",\"@id\":\"https:\/\/camisolar.com\/va\/autoconsum-energetic\/\",\"url\":\"https:\/\/camisolar.com\/va\/autoconsum-energetic\/\",\"name\":\"Autoconsum energ\u00e9tic en Val\u00e8ncia amb plaques solars - Cam\u00edSolar\",\"isPartOf\":{\"@id\":\"https:\/\/camisolar.com\/va\/#website\"},\"primaryImageOfPage\":{\"@id\":\"https:\/\/camisolar.com\/va\/autoconsum-energetic\/#primaryimage\"},\"image\":{\"@id\":\"https:\/\/camisolar.com\/va\/autoconsum-energetic\/#primaryimage\"},\"thumbnailUrl\":\"https:\/\/camisolar.com\/wp-content\/uploads\/2021\/06\/como-funcionan-las-placas-solares.png\",\"datePublished\":\"2021-09-09T16:44:20+00:00\",\"dateModified\":\"2026-02-16T16:57:51+00:00\",\"description\":\"Aconsegueix l'autoconsum energ\u00e8tic a Val\u00e8ncia a trav\u00e9s de la instal\u00b7laci\u00f3\u00a0de plaques solars. Aprofita't de l'energia solar i estalvia en la teua factura!\",\"breadcrumb\":{\"@id\":\"https:\/\/camisolar.com\/va\/autoconsum-energetic\/#breadcrumb\"},\"inLanguage\":\"ca-es\",\"potentialAction\":[{\"@type\":\"ReadAction\",\"target\":[\"https:\/\/camisolar.com\/va\/autoconsum-energetic\/\"]}]},{\"@type\":\"ImageObject\",\"inLanguage\":\"ca-es\",\"@id\":\"https:\/\/camisolar.com\/va\/autoconsum-energetic\/#primaryimage\",\"url\":\"https:\/\/camisolar.com\/wp-content\/uploads\/2021\/06\/como-funcionan-las-placas-solares.png\",\"contentUrl\":\"https:\/\/camisolar.com\/wp-content\/uploads\/2021\/06\/como-funcionan-las-placas-solares.png\"},{\"@type\":\"BreadcrumbList\",\"@id\":\"https:\/\/camisolar.com\/va\/autoconsum-energetic\/#breadcrumb\",\"itemListElement\":[{\"@type\":\"ListItem\",\"position\":1,\"name\":\"Inici\",\"item\":\"https:\/\/camisolar.com\/va\/\"},{\"@type\":\"ListItem\",\"position\":2,\"name\":\"Autoconsum energ\u00e9tic\"}]},{\"@type\":\"WebSite\",\"@id\":\"https:\/\/camisolar.com\/va\/#website\",\"url\":\"https:\/\/camisolar.com\/va\/\",\"name\":\"Cam\u00edSolar\",\"description\":\"En Cam\u00edsolar, estamos especializados en energ\u00eda fotovoltaica y solar en Valencia. Conoce este recurso limpio e inagotable para tu hogar o empresa.\",\"publisher\":{\"@id\":\"https:\/\/camisolar.com\/va\/#organization\"},\"potentialAction\":[{\"@type\":\"SearchAction\",\"target\":{\"@type\":\"EntryPoint\",\"urlTemplate\":\"https:\/\/camisolar.com\/va\/?s={search_term_string}\"},\"query-input\":{\"@type\":\"PropertyValueSpecification\",\"valueRequired\":true,\"valueName\":\"search_term_string\"}}],\"inLanguage\":\"ca-es\"},{\"@type\":\"Organization\",\"@id\":\"https:\/\/camisolar.com\/va\/#organization\",\"name\":\"Cam\u00edSolar\",\"url\":\"https:\/\/camisolar.com\/va\/\",\"logo\":{\"@type\":\"ImageObject\",\"inLanguage\":\"ca-es\",\"@id\":\"https:\/\/camisolar.com\/va\/#\/schema\/logo\/image\/\",\"url\":\"https:\/\/camisolar.com\/wp-content\/uploads\/2021\/05\/camisolar.jpg\",\"contentUrl\":\"https:\/\/camisolar.com\/wp-content\/uploads\/2021\/05\/camisolar.jpg\",\"width\":1000,\"height\":600,\"caption\":\"Cam\u00edSolar\"},\"image\":{\"@id\":\"https:\/\/camisolar.com\/va\/#\/schema\/logo\/image\/\"},\"sameAs\":[\"https:\/\/www.facebook.com\/camisolarfotovoltaica\/\",\"https:\/\/www.instagram.com\/camisolar.fotovoltaica\/\"]}]}<\/script>\n<!-- \/ Yoast SEO plugin. -->","yoast_head_json":{"title":"Autoconsum energ\u00e9tic en Val\u00e8ncia amb plaques solars - Cam\u00edSolar","description":"Aconsegueix l'autoconsum energ\u00e8tic a Val\u00e8ncia a trav\u00e9s de la instal\u00b7laci\u00f3\u00a0de plaques solars. Aprofita't de l'energia solar i estalvia en la teua factura!","robots":{"index":"index","follow":"follow","max-snippet":"max-snippet:-1","max-image-preview":"max-image-preview:large","max-video-preview":"max-video-preview:-1"},"canonical":"https:\/\/camisolar.com\/va\/autoconsum-energetic\/","og_locale":"en_US","og_type":"article","og_title":"Autoconsum energ\u00e9tic - plaques solars - Cam\u00edsolar","og_description":"Aconsegueix l'autoconsum energ\u00e8tic a Val\u00e8ncia a trav\u00e9s de la instal\u00b7laci\u00f3\u00a0de plaques solars. Aprofita't de l'energia solar i estalvia en la teua factura!","og_url":"https:\/\/camisolar.com\/va\/autoconsum-energetic\/","og_site_name":"Cam\u00edSolar","article_publisher":"https:\/\/www.facebook.com\/camisolarfotovoltaica\/","article_modified_time":"2026-02-16T16:57:51+00:00","og_image":[{"url":"https:\/\/camisolar.com\/wp-content\/uploads\/2021\/05\/camisolar.jpg","type":"","width":"","height":""}],"twitter_card":"summary_large_image","twitter_title":"Autoconsum energ\u00e9tic - plaques solars - Cam\u00edsolar","twitter_image":"https:\/\/camisolar.com\/wp-content\/uploads\/2021\/05\/camisolar.jpg","twitter_misc":{"Est. reading time":"5 minutes"},"schema":{"@context":"https:\/\/schema.org","@graph":[{"@type":"WebPage","@id":"https:\/\/camisolar.com\/va\/autoconsum-energetic\/","url":"https:\/\/camisolar.com\/va\/autoconsum-energetic\/","name":"Autoconsum energ\u00e9tic en Val\u00e8ncia amb plaques solars - Cam\u00edSolar","isPartOf":{"@id":"https:\/\/camisolar.com\/va\/#website"},"primaryImageOfPage":{"@id":"https:\/\/camisolar.com\/va\/autoconsum-energetic\/#primaryimage"},"image":{"@id":"https:\/\/camisolar.com\/va\/autoconsum-energetic\/#primaryimage"},"thumbnailUrl":"https:\/\/camisolar.com\/wp-content\/uploads\/2021\/06\/como-funcionan-las-placas-solares.png","datePublished":"2021-09-09T16:44:20+00:00","dateModified":"2026-02-16T16:57:51+00:00","description":"Aconsegueix l'autoconsum energ\u00e8tic a Val\u00e8ncia a trav\u00e9s de la instal\u00b7laci\u00f3\u00a0de plaques solars. Aprofita't de l'energia solar i estalvia en la teua factura!","breadcrumb":{"@id":"https:\/\/camisolar.com\/va\/autoconsum-energetic\/#breadcrumb"},"inLanguage":"ca-es","potentialAction":[{"@type":"ReadAction","target":["https:\/\/camisolar.com\/va\/autoconsum-energetic\/"]}]},{"@type":"ImageObject","inLanguage":"ca-es","@id":"https:\/\/camisolar.com\/va\/autoconsum-energetic\/#primaryimage","url":"https:\/\/camisolar.com\/wp-content\/uploads\/2021\/06\/como-funcionan-las-placas-solares.png","contentUrl":"https:\/\/camisolar.com\/wp-content\/uploads\/2021\/06\/como-funcionan-las-placas-solares.png"},{"@type":"BreadcrumbList","@id":"https:\/\/camisolar.com\/va\/autoconsum-energetic\/#breadcrumb","itemListElement":[{"@type":"ListItem","position":1,"name":"Inici","item":"https:\/\/camisolar.com\/va\/"},{"@type":"ListItem","position":2,"name":"Autoconsum energ\u00e9tic"}]},{"@type":"WebSite","@id":"https:\/\/camisolar.com\/va\/#website","url":"https:\/\/camisolar.com\/va\/","name":"Cam\u00edSolar","description":"En Cam\u00edsolar, estamos especializados en energ\u00eda fotovoltaica y solar en Valencia. Conoce este recurso limpio e inagotable para tu hogar o empresa.","publisher":{"@id":"https:\/\/camisolar.com\/va\/#organization"},"potentialAction":[{"@type":"SearchAction","target":{"@type":"EntryPoint","urlTemplate":"https:\/\/camisolar.com\/va\/?s={search_term_string}"},"query-input":{"@type":"PropertyValueSpecification","valueRequired":true,"valueName":"search_term_string"}}],"inLanguage":"ca-es"},{"@type":"Organization","@id":"https:\/\/camisolar.com\/va\/#organization","name":"Cam\u00edSolar","url":"https:\/\/camisolar.com\/va\/","logo":{"@type":"ImageObject","inLanguage":"ca-es","@id":"https:\/\/camisolar.com\/va\/#\/schema\/logo\/image\/","url":"https:\/\/camisolar.com\/wp-content\/uploads\/2021\/05\/camisolar.jpg","contentUrl":"https:\/\/camisolar.com\/wp-content\/uploads\/2021\/05\/camisolar.jpg","width":1000,"height":600,"caption":"Cam\u00edSolar"},"image":{"@id":"https:\/\/camisolar.com\/va\/#\/schema\/logo\/image\/"},"sameAs":["https:\/\/www.facebook.com\/camisolarfotovoltaica\/","https:\/\/www.instagram.com\/camisolar.fotovoltaica\/"]}]}},"_links":{"self":[{"href":"https:\/\/camisolar.com\/va\/wp-json\/wp\/v2\/pages\/1900","targetHints":{"allow":["GET"]}}],"collection":[{"href":"https:\/\/camisolar.com\/va\/wp-json\/wp\/v2\/pages"}],"about":[{"href":"https:\/\/camisolar.com\/va\/wp-json\/wp\/v2\/types\/page"}],"author":[{"embeddable":true,"href":"https:\/\/camisolar.com\/va\/wp-json\/wp\/v2\/users\/1"}],"replies":[{"embeddable":true,"href":"https:\/\/camisolar.com\/va\/wp-json\/wp\/v2\/comments?post=1900"}],"version-history":[{"count":1,"href":"https:\/\/camisolar.com\/va\/wp-json\/wp\/v2\/pages\/1900\/revisions"}],"predecessor-version":[{"id":6898,"href":"https:\/\/camisolar.com\/va\/wp-json\/wp\/v2\/pages\/1900\/revisions\/6898"}],"wp:attachment":[{"href":"https:\/\/camisolar.com\/va\/wp-json\/wp\/v2\/media?parent=1900"}],"curies":[{"name":"wp","href":"https:\/\/api.w.org\/{rel}","templated":true}]}}