{"id":4981,"date":"2022-12-22T09:21:45","date_gmt":"2022-12-22T09:21:45","guid":{"rendered":"https:\/\/camisolar.com\/ayudas-y-subvenciones\/"},"modified":"2026-02-16T16:57:43","modified_gmt":"2026-02-16T16:57:43","slug":"ajudes-i-subvencions","status":"publish","type":"page","link":"https:\/\/camisolar.com\/va\/ajudes-i-subvencions\/","title":{"rendered":"Ajudes i subvencions"},"content":{"rendered":"\t\t<div data-elementor-type=\"wp-page\" data-elementor-id=\"4981\" class=\"elementor elementor-4981 elementor-4952\" data-elementor-post-type=\"page\">\n\t\t\t\t\t\t<section class=\"elementor-section elementor-top-section elementor-element elementor-element-916575e elementor-section-stretched elementor-section-height-min-height elementor-section-boxed elementor-section-height-default elementor-section-items-middle elementor-invisible\" data-id=\"916575e\" data-element_type=\"section\" data-e-type=\"section\" data-settings=\"{&quot;background_background&quot;:&quot;classic&quot;,&quot;stretch_section&quot;:&quot;section-stretched&quot;,&quot;animation&quot;:&quot;fadeIn&quot;}\">\n\t\t\t\t\t\t\t<div class=\"elementor-background-overlay\"><\/div>\n\t\t\t\t\t\t\t<div class=\"elementor-container elementor-column-gap-no\">\n\t\t\t\t\t<div class=\"elementor-column elementor-col-100 elementor-top-column elementor-element elementor-element-82ec3f7\" data-id=\"82ec3f7\" data-element_type=\"column\" data-e-type=\"column\">\n\t\t\t<div class=\"elementor-widget-wrap elementor-element-populated\">\n\t\t\t\t\t\t<div class=\"elementor-element elementor-element-e2d8b6b elementor-widget elementor-widget-template\" data-id=\"e2d8b6b\" data-element_type=\"widget\" data-e-type=\"widget\" data-widget_type=\"template.default\">\n\t\t\t\t<div class=\"elementor-widget-container\">\n\t\t\t\t\t\t\t<div class=\"elementor-template\">\n\t\t\t\t\t<div data-elementor-type=\"section\" data-elementor-id=\"3893\" class=\"elementor elementor-3893\" data-elementor-post-type=\"elementor_library\">\n\t\t\t\t\t<section class=\"elementor-section elementor-top-section elementor-element elementor-element-ff59f05 elementor-section-full_width elementor-section-height-default elementor-section-height-default\" data-id=\"ff59f05\" data-element_type=\"section\" data-e-type=\"section\">\n\t\t\t\t\t\t<div class=\"elementor-container elementor-column-gap-default\">\n\t\t\t\t\t<div class=\"elementor-column elementor-col-100 elementor-top-column elementor-element elementor-element-75a3084\" data-id=\"75a3084\" data-element_type=\"column\" data-e-type=\"column\">\n\t\t\t<div class=\"elementor-widget-wrap elementor-element-populated\">\n\t\t\t\t\t\t<div class=\"elementor-element elementor-element-cbcd7d6 elementor-align-center elementor-widget elementor-widget-breadcrumbs\" data-id=\"cbcd7d6\" data-element_type=\"widget\" data-e-type=\"widget\" data-widget_type=\"breadcrumbs.default\">\n\t\t\t\t<div class=\"elementor-widget-container\">\n\t\t\t\t\t<p id=\"breadcrumbs\"><span><span><a href=\"https:\/\/camisolar.com\/va\/\">Inici<\/a><\/span><\/span><\/p>\t\t\t\t<\/div>\n\t\t\t\t<\/div>\n\t\t\t\t\t<\/div>\n\t\t<\/div>\n\t\t\t\t\t<\/div>\n\t\t<\/section>\n\t\t\t\t<\/div>\n\t\t\t\t<\/div>\n\t\t\t\t\t\t<\/div>\n\t\t\t\t<\/div>\n\t\t\t\t<div class=\"elementor-element elementor-element-a0bb32b elementor-widget elementor-widget-heading\" data-id=\"a0bb32b\" data-element_type=\"widget\" data-e-type=\"widget\" data-widget_type=\"heading.default\">\n\t\t\t\t<div class=\"elementor-widget-container\">\n\t\t\t\t\t<h1 class=\"elementor-heading-title elementor-size-default\">Subvenciones Plaques Solars Val\u00e8ncia<\/h1>\t\t\t\t<\/div>\n\t\t\t\t<\/div>\n\t\t\t\t<div class=\"elementor-element elementor-element-5f0bc4c elementor-widget elementor-widget-text-editor\" data-id=\"5f0bc4c\" data-element_type=\"widget\" data-e-type=\"widget\" data-widget_type=\"text-editor.default\">\n\t\t\t\t<div class=\"elementor-widget-container\">\n\t\t\t\t\t\t\t\t\t<p>Ajudes i subvencions per a instal\u00b7lacions fotovoltaiques a la Comunitat Valenciana. Descobreix tots els ajuts i subvencions disponibles per realitzar la teva instal\u00b7laci\u00f3 de plaques solars.<\/p>\t\t\t\t\t\t\t\t<\/div>\n\t\t\t\t<\/div>\n\t\t\t\t\t<\/div>\n\t\t<\/div>\n\t\t\t\t\t<\/div>\n\t\t<\/section>\n\t\t\t\t<section class=\"elementor-section elementor-top-section elementor-element elementor-element-295fe62 elementor-section-boxed elementor-section-height-default elementor-section-height-default\" data-id=\"295fe62\" data-element_type=\"section\" data-e-type=\"section\">\n\t\t\t\t\t\t<div class=\"elementor-container elementor-column-gap-default\">\n\t\t\t\t\t<div class=\"elementor-column elementor-col-100 elementor-top-column elementor-element elementor-element-dfe4747\" data-id=\"dfe4747\" data-element_type=\"column\" data-e-type=\"column\">\n\t\t\t<div class=\"elementor-widget-wrap elementor-element-populated\">\n\t\t\t\t\t\t<section class=\"elementor-section elementor-inner-section elementor-element elementor-element-6710ed5 elementor-section-boxed elementor-section-height-default elementor-section-height-default\" data-id=\"6710ed5\" data-element_type=\"section\" data-e-type=\"section\">\n\t\t\t\t\t\t<div class=\"elementor-container elementor-column-gap-default\">\n\t\t\t\t\t<div class=\"elementor-column elementor-col-50 elementor-inner-column elementor-element elementor-element-7443d4c\" data-id=\"7443d4c\" data-element_type=\"column\" data-e-type=\"column\">\n\t\t\t<div class=\"elementor-widget-wrap elementor-element-populated\">\n\t\t\t\t\t\t<div class=\"elementor-element elementor-element-86b1b6c elementor-widget elementor-widget-image\" data-id=\"86b1b6c\" data-element_type=\"widget\" data-e-type=\"widget\" data-widget_type=\"image.default\">\n\t\t\t\t<div class=\"elementor-widget-container\">\n\t\t\t\t\t\t\t\t\t\t\t\t\t\t\t<img fetchpriority=\"high\" decoding=\"async\" width=\"570\" height=\"357\" src=\"https:\/\/camisolar.com\/wp-content\/uploads\/2022\/12\/Ayudas-y-Subvenciones-svg.webp\" class=\"attachment-full size-full wp-image-4957\" alt=\"ayudas instalaci\u00f3n placas solares\" srcset=\"https:\/\/camisolar.com\/wp-content\/uploads\/2022\/12\/Ayudas-y-Subvenciones-svg.webp 570w, https:\/\/camisolar.com\/wp-content\/uploads\/2022\/12\/Ayudas-y-Subvenciones-svg-300x188.webp 300w\" sizes=\"(max-width: 570px) 100vw, 570px\" \/>\t\t\t\t\t\t\t\t\t\t\t\t\t\t\t<\/div>\n\t\t\t\t<\/div>\n\t\t\t\t\t<\/div>\n\t\t<\/div>\n\t\t\t\t<div class=\"elementor-column elementor-col-50 elementor-inner-column elementor-element elementor-element-9c21f80\" data-id=\"9c21f80\" data-element_type=\"column\" data-e-type=\"column\">\n\t\t\t<div class=\"elementor-widget-wrap elementor-element-populated\">\n\t\t\t\t\t\t<div class=\"elementor-element elementor-element-7a1128d elementor-widget elementor-widget-text-editor\" data-id=\"7a1128d\" data-element_type=\"widget\" data-e-type=\"widget\" data-widget_type=\"text-editor.default\">\n\t\t\t\t<div class=\"elementor-widget-container\">\n\t\t\t\t\t\t\t\t\t<p>Actualment la Comunitat Valenciana ofereix diverses ajudes i subvencions per a finan\u00e7ar part del cost de la teua instal\u00b7laci\u00f3 solar d&#8217;autoconsum fotovoltaica.<\/p><p>Per aix\u00f2, \u00e9s una de les comunitats aut\u00f2nomes que m\u00e9s fomenta els objectius que marca l&#8217;anomenada Agenda 2030 per a atendre la crisi clim\u00e0tica actual. D&#8217;aquesta manera, el territori valenci\u00e0 promou l&#8217;autoconsum particular, oferint l\u00ednies de subvenci\u00f3 diverses per a les instal\u00b7lacions fotovoltaiques.<\/p><p>A continuaci\u00f3, detallem cadascuna d&#8217;elles:<\/p>\t\t\t\t\t\t\t\t<\/div>\n\t\t\t\t<\/div>\n\t\t\t\t\t<\/div>\n\t\t<\/div>\n\t\t\t\t\t<\/div>\n\t\t<\/section>\n\t\t\t\t\t<\/div>\n\t\t<\/div>\n\t\t\t\t\t<\/div>\n\t\t<\/section>\n\t\t\t\t<section class=\"elementor-section elementor-top-section elementor-element elementor-element-fd74b91 elementor-section-stretched elementor-section-boxed elementor-section-height-default elementor-section-height-default\" data-id=\"fd74b91\" data-element_type=\"section\" data-e-type=\"section\" data-settings=\"{&quot;stretch_section&quot;:&quot;section-stretched&quot;,&quot;background_background&quot;:&quot;classic&quot;}\">\n\t\t\t\t\t\t<div class=\"elementor-container elementor-column-gap-no\">\n\t\t\t\t\t<div class=\"elementor-column elementor-col-100 elementor-top-column elementor-element elementor-element-604244a\" data-id=\"604244a\" data-element_type=\"column\" data-e-type=\"column\">\n\t\t\t<div class=\"elementor-widget-wrap elementor-element-populated\">\n\t\t\t\t\t\t<section class=\"elementor-section elementor-inner-section elementor-element elementor-element-4e091ed elementor-section-boxed elementor-section-height-default elementor-section-height-default\" data-id=\"4e091ed\" data-element_type=\"section\" data-e-type=\"section\">\n\t\t\t\t\t\t<div class=\"elementor-container elementor-column-gap-default\">\n\t\t\t\t\t<div class=\"elementor-column elementor-col-50 elementor-inner-column elementor-element elementor-element-bd7c76e\" data-id=\"bd7c76e\" data-element_type=\"column\" data-e-type=\"column\" data-settings=\"{&quot;background_background&quot;:&quot;classic&quot;}\">\n\t\t\t<div class=\"elementor-widget-wrap elementor-element-populated\">\n\t\t\t\t\t\t<div class=\"elementor-element elementor-element-7af1476 elementor-widget elementor-widget-heading\" data-id=\"7af1476\" data-element_type=\"widget\" data-e-type=\"widget\" data-widget_type=\"heading.default\">\n\t\t\t\t<div class=\"elementor-widget-container\">\n\t\t\t\t\t<h2 class=\"elementor-heading-title elementor-size-default\">Fons europeus Next Generation per a l'autoconsum<\/h2>\t\t\t\t<\/div>\n\t\t\t\t<\/div>\n\t\t\t\t<div class=\"elementor-element elementor-element-e2547d9 elementor-widget elementor-widget-text-editor\" data-id=\"e2547d9\" data-element_type=\"widget\" data-e-type=\"widget\" data-widget_type=\"text-editor.default\">\n\t\t\t\t<div class=\"elementor-widget-container\">\n\t\t\t\t\t\t\t\t\t<p>Ofereixen la possibilitat de finan\u00e7ar <strong>entre un 30 i un 50% del cost total<\/strong> de la teua instal\u00b7laci\u00f3 fotovoltaica. Aquests fons provenen de la Uni\u00f3 Europea, i formen part del Pla de Recuperaci\u00f3, Transformaci\u00f3 i Resili\u00e8ncia del Govern d&#8217;Espanya, que es tramita a trav\u00e9s de la Generalitat Valenciana.<\/p><p>En total, la Comunitat Valenciana repartir\u00e0 84 milions d&#8217;euros, aproximadament.<\/p><p>\u2028Segons el tipus d&#8217;instal\u00b7laci\u00f3 fotovoltaica l&#8217;import de les subvencions ha estat el seg\u00fcent fins al moment:<\/p><ul><li><strong>Per a instal\u00b7lacions de menys de 10 kWp<\/strong>: 600 \u20ac per kWp d&#8217;instal\u00b7laci\u00f3, i d&#8217;uns 490 \u20ac per cada kWh en bateries solars.<\/li><li><strong>Per a instal\u00b7lacions de m\u00e9s de 10 kWp<\/strong>: en un ventall d&#8217;entre 300 \u20ac i 450 \u20ac per kWp instal\u00b7lat.<\/li><\/ul>\t\t\t\t\t\t\t\t<\/div>\n\t\t\t\t<\/div>\n\t\t\t\t\t<\/div>\n\t\t<\/div>\n\t\t\t\t<div class=\"elementor-column elementor-col-50 elementor-inner-column elementor-element elementor-element-cb322f7\" data-id=\"cb322f7\" data-element_type=\"column\" data-e-type=\"column\" data-settings=\"{&quot;background_background&quot;:&quot;classic&quot;}\">\n\t\t\t<div class=\"elementor-widget-wrap elementor-element-populated\">\n\t\t\t\t\t\t<div class=\"elementor-element elementor-element-092e555 elementor-widget elementor-widget-heading\" data-id=\"092e555\" data-element_type=\"widget\" data-e-type=\"widget\" data-widget_type=\"heading.default\">\n\t\t\t\t<div class=\"elementor-widget-container\">\n\t\t\t\t\t<h2 class=\"elementor-heading-title elementor-size-default\">Deduccions en la declaraci\u00f3 de la renda: subvencions auton\u00f2miques a trav\u00e9s de l'Institut Valenci\u00e0 de Competitivitat Empresarial (IVACE)<\/h2>\t\t\t\t<\/div>\n\t\t\t\t<\/div>\n\t\t\t\t<div class=\"elementor-element elementor-element-0150096 elementor-widget elementor-widget-text-editor\" data-id=\"0150096\" data-element_type=\"widget\" data-e-type=\"widget\" data-widget_type=\"text-editor.default\">\n\t\t\t\t<div class=\"elementor-widget-container\">\n\t\t\t\t\t\t\t\t\t<p>Podries deduir-te <strong>fins a un 40% del cost total de la instal\u00b7laci\u00f3 fotovoltaica<\/strong> en la teua declaraci\u00f3 de la renda.<\/p><p>Aquesta via de finan\u00e7ament de car\u00e0cter auton\u00f2mic es tramita i impulsa gr\u00e0cies als diferents governs auton\u00f2mics de manera puntual. En el cas de la Comunitat Valenciana, es fa a trav\u00e9s de <strong>l&#8217;Institut Valenci\u00e0 de Competitivitat Empresarial (IVACE)<\/strong>.<\/p><p>Aquestes ajudes, en comptar amb un pressupost m\u00e9s ajustat, s\u00f3n m\u00e9s dif\u00edcils d&#8217;obtenir. Hem de tindre en compte que les ajudes provinents de fons europeus i les de car\u00e0cter auton\u00f2mic no s\u00f3n compatibles. La ra\u00f3? Ambdues s&#8217;apliquen al preu total de la instal\u00b7laci\u00f3 de les plaques solars.<\/p>\t\t\t\t\t\t\t\t<\/div>\n\t\t\t\t<\/div>\n\t\t\t\t\t<\/div>\n\t\t<\/div>\n\t\t\t\t\t<\/div>\n\t\t<\/section>\n\t\t\t\t<section class=\"elementor-section elementor-inner-section elementor-element elementor-element-390dbb0 elementor-section-boxed elementor-section-height-default elementor-section-height-default\" data-id=\"390dbb0\" data-element_type=\"section\" data-e-type=\"section\">\n\t\t\t\t\t\t<div class=\"elementor-container elementor-column-gap-default\">\n\t\t\t\t\t<div class=\"elementor-column elementor-col-100 elementor-inner-column elementor-element elementor-element-72a3260\" data-id=\"72a3260\" data-element_type=\"column\" data-e-type=\"column\" data-settings=\"{&quot;background_background&quot;:&quot;classic&quot;}\">\n\t\t\t<div class=\"elementor-widget-wrap elementor-element-populated\">\n\t\t\t\t\t\t<div class=\"elementor-element elementor-element-ca0fce7 elementor-widget elementor-widget-heading\" data-id=\"ca0fce7\" data-element_type=\"widget\" data-e-type=\"widget\" data-widget_type=\"heading.default\">\n\t\t\t\t<div class=\"elementor-widget-container\">\n\t\t\t\t\t<h2 class=\"elementor-heading-title elementor-size-default\">Bonificacions en l'IBI<\/h2>\t\t\t\t<\/div>\n\t\t\t\t<\/div>\n\t\t\t\t<div class=\"elementor-element elementor-element-18599d2 elementor-widget elementor-widget-text-editor\" data-id=\"18599d2\" data-element_type=\"widget\" data-e-type=\"widget\" data-widget_type=\"text-editor.default\">\n\t\t\t\t<div class=\"elementor-widget-container\">\n\t\t\t\t\t\t\t\t\t<p>Cada municipi aplica un percentatge diferent de bonificaci\u00f3, <strong>sent el m\u00e9s com\u00fa un 50% de l&#8217;import anual en l&#8217;IBI durant 5 anys<\/strong>. Aquest \u00e9s el cas dels ajuntaments de les tres capitals de la Comunitat Valenciana: Val\u00e8ncia, Alacant i Castell\u00f3 de la Plana.<\/p>\t\t\t\t\t\t\t\t<\/div>\n\t\t\t\t<\/div>\n\t\t\t\t\t<\/div>\n\t\t<\/div>\n\t\t\t\t\t<\/div>\n\t\t<\/section>\n\t\t\t\t\t<\/div>\n\t\t<\/div>\n\t\t\t\t\t<\/div>\n\t\t<\/section>\n\t\t\t\t<section class=\"elementor-section elementor-top-section elementor-element elementor-element-3219dc3 elementor-section-boxed elementor-section-height-default elementor-section-height-default\" data-id=\"3219dc3\" data-element_type=\"section\" data-e-type=\"section\">\n\t\t\t\t\t\t<div class=\"elementor-container elementor-column-gap-default\">\n\t\t\t\t\t<div class=\"elementor-column elementor-col-100 elementor-top-column elementor-element elementor-element-d136cdf\" data-id=\"d136cdf\" data-element_type=\"column\" data-e-type=\"column\">\n\t\t\t<div class=\"elementor-widget-wrap elementor-element-populated\">\n\t\t\t\t\t\t<div class=\"elementor-element elementor-element-ad82758 elementor-widget elementor-widget-heading\" data-id=\"ad82758\" data-element_type=\"widget\" data-e-type=\"widget\" data-widget_type=\"heading.default\">\n\t\t\t\t<div class=\"elementor-widget-container\">\n\t\t\t\t\t<h2 class=\"elementor-heading-title elementor-size-default\">Quins requisits han de complir els sol\u00b7licitants?<\/h2>\t\t\t\t<\/div>\n\t\t\t\t<\/div>\n\t\t\t\t<section class=\"elementor-section elementor-inner-section elementor-element elementor-element-335a4b9 elementor-section-boxed elementor-section-height-default elementor-section-height-default\" data-id=\"335a4b9\" data-element_type=\"section\" data-e-type=\"section\">\n\t\t\t\t\t\t<div class=\"elementor-container elementor-column-gap-default\">\n\t\t\t\t\t<div class=\"elementor-column elementor-col-50 elementor-inner-column elementor-element elementor-element-82f06c6\" data-id=\"82f06c6\" data-element_type=\"column\" data-e-type=\"column\">\n\t\t\t<div class=\"elementor-widget-wrap elementor-element-populated\">\n\t\t\t\t\t\t<div class=\"elementor-element elementor-element-f2d3ba7 elementor-widget elementor-widget-text-editor\" data-id=\"f2d3ba7\" data-element_type=\"widget\" data-e-type=\"widget\" data-widget_type=\"text-editor.default\">\n\t\t\t\t<div class=\"elementor-widget-container\">\n\t\t\t\t\t\t\t\t\tEn el cas de les ajudes europees d&#8217;autoconsum, els sol\u00b7licitants haurien de complir amb les seg\u00fcents q\u00fcestions:\n<ul>\n \t<li>Respecte a l&#8217;habitatge on se situar\u00e0 la instal\u00b7laci\u00f3, \u00e9s necessari que s&#8217;haja constru\u00eft <strong>abans de 2017<\/strong>. A m\u00e9s, haur\u00e0 de tractar-se del seu <strong>habitatge habitual<\/strong>, \u00e9s a dir, aquest ser\u00e0 el domicili que aparega en el certificat d&#8217;empadronament del sol\u00b7licitant.<\/li>\n \t<li>El sol\u00b7licitant no haur\u00e0 demanat ajudes o subvencions pr\u00e8vies sobre la mateixa instal\u00b7laci\u00f3.<\/li>\n \t<li>La sol\u00b7licitud haur\u00e0 de realitzar-se <strong>abans de dur a terme la instal\u00b7laci\u00f3<\/strong> dels panells fotovoltaics.<\/li><\/ul>\nFinalment, la factura de la instal\u00b7laci\u00f3 haur\u00e0 de reflectir una data posterior al 30 de juny de 2012.\u2028La nostra recomanaci\u00f3 \u00e9s realitzar la instal\u00b7laci\u00f3 fotovoltaica amb una empresa que t&#8217;oferisca ajuda amb els tr\u00e0mits burocr\u00e0tics per a sol\u00b7licitar les subvencions. D&#8217;aquesta manera, t&#8217;assegurar\u00e0s no retardar-te amb els terminis, i que tota la \u201cpaperassa\u201d es presente correctament.\t\t\t\t\t\t\t\t<\/div>\n\t\t\t\t<\/div>\n\t\t\t\t\t<\/div>\n\t\t<\/div>\n\t\t\t\t<div class=\"elementor-column elementor-col-50 elementor-inner-column elementor-element elementor-element-c0aed7f\" data-id=\"c0aed7f\" data-element_type=\"column\" data-e-type=\"column\">\n\t\t\t<div class=\"elementor-widget-wrap elementor-element-populated\">\n\t\t\t\t\t\t<div class=\"elementor-element elementor-element-3e5aad6 elementor-widget elementor-widget-image\" data-id=\"3e5aad6\" data-element_type=\"widget\" data-e-type=\"widget\" data-widget_type=\"image.default\">\n\t\t\t\t<div class=\"elementor-widget-container\">\n\t\t\t\t\t\t\t\t\t\t\t\t\t\t\t<img decoding=\"async\" width=\"580\" height=\"410\" src=\"https:\/\/camisolar.com\/wp-content\/uploads\/2022\/12\/ayudas01.webp\" class=\"attachment-full size-full wp-image-4969\" alt=\"ayudas placas solares\" srcset=\"https:\/\/camisolar.com\/wp-content\/uploads\/2022\/12\/ayudas01.webp 580w, https:\/\/camisolar.com\/wp-content\/uploads\/2022\/12\/ayudas01-300x212.webp 300w\" sizes=\"(max-width: 580px) 100vw, 580px\" \/>\t\t\t\t\t\t\t\t\t\t\t\t\t\t\t<\/div>\n\t\t\t\t<\/div>\n\t\t\t\t\t<\/div>\n\t\t<\/div>\n\t\t\t\t\t<\/div>\n\t\t<\/section>\n\t\t\t\t\t<\/div>\n\t\t<\/div>\n\t\t\t\t\t<\/div>\n\t\t<\/section>\n\t\t\t\t<section class=\"elementor-section elementor-top-section elementor-element elementor-element-dd74175 elementor-section-boxed elementor-section-height-default elementor-section-height-default\" data-id=\"dd74175\" data-element_type=\"section\" data-e-type=\"section\" data-settings=\"{&quot;background_background&quot;:&quot;classic&quot;}\">\n\t\t\t\t\t\t<div class=\"elementor-container elementor-column-gap-default\">\n\t\t\t\t\t<div class=\"elementor-column elementor-col-100 elementor-top-column elementor-element elementor-element-937cb33\" data-id=\"937cb33\" data-element_type=\"column\" data-e-type=\"column\" data-settings=\"{&quot;background_background&quot;:&quot;classic&quot;}\">\n\t\t\t<div class=\"elementor-widget-wrap elementor-element-populated\">\n\t\t\t\t\t\t<section class=\"elementor-section elementor-inner-section elementor-element elementor-element-62f26bc elementor-section-content-middle elementor-section-boxed elementor-section-height-default elementor-section-height-default\" data-id=\"62f26bc\" data-element_type=\"section\" data-e-type=\"section\">\n\t\t\t\t\t\t<div class=\"elementor-container elementor-column-gap-default\">\n\t\t\t\t\t<div class=\"elementor-column elementor-col-50 elementor-inner-column elementor-element elementor-element-4613797\" data-id=\"4613797\" data-element_type=\"column\" data-e-type=\"column\">\n\t\t\t<div class=\"elementor-widget-wrap elementor-element-populated\">\n\t\t\t\t\t\t<div class=\"elementor-element elementor-element-fa66ae3 elementor-widget elementor-widget-text-editor\" data-id=\"fa66ae3\" data-element_type=\"widget\" data-e-type=\"widget\" data-widget_type=\"text-editor.default\">\n\t\t\t\t<div class=\"elementor-widget-container\">\n\t\t\t\t\t\t\t\t\t<p>En Cam\u00edSolar oferim <strong>assessorament especialitzat<\/strong> per a tramitar les diferents ajudes i subvencions: t&#8217;acompanyem durant tot el proc\u00e9s perqu\u00e8 pugues optar a totes les vies de finan\u00e7ament i aix\u00ed, rendibilitzar r\u00e0pidament la teua instal\u00b7laci\u00f3 fotovoltaica.<\/p>\t\t\t\t\t\t\t\t<\/div>\n\t\t\t\t<\/div>\n\t\t\t\t\t<\/div>\n\t\t<\/div>\n\t\t\t\t<div class=\"elementor-column elementor-col-50 elementor-inner-column elementor-element elementor-element-ab207d4\" data-id=\"ab207d4\" data-element_type=\"column\" data-e-type=\"column\">\n\t\t\t<div class=\"elementor-widget-wrap elementor-element-populated\">\n\t\t\t\t\t\t<div class=\"elementor-element elementor-element-0d43ec3 elementor-align-right elementor-tablet-align-center elementor-widget elementor-widget-button\" data-id=\"0d43ec3\" data-element_type=\"widget\" data-e-type=\"widget\" data-widget_type=\"button.default\">\n\t\t\t\t<div class=\"elementor-widget-container\">\n\t\t\t\t\t\t\t\t\t<div class=\"elementor-button-wrapper\">\n\t\t\t\t\t<a class=\"elementor-button elementor-button-link elementor-size-sm\" href=\"https:\/\/camisolar.com\/va\/contacte\/\" title=\"Solicitar informaci\u00f3n\">\n\t\t\t\t\t\t<span class=\"elementor-button-content-wrapper\">\n\t\t\t\t\t\t\t\t\t<span class=\"elementor-button-text\">Sol\u00b7licita informaci\u00f3<\/span>\n\t\t\t\t\t<\/span>\n\t\t\t\t\t<\/a>\n\t\t\t\t<\/div>\n\t\t\t\t\t\t\t\t<\/div>\n\t\t\t\t<\/div>\n\t\t\t\t\t<\/div>\n\t\t<\/div>\n\t\t\t\t\t<\/div>\n\t\t<\/section>\n\t\t\t\t\t<\/div>\n\t\t<\/div>\n\t\t\t\t\t<\/div>\n\t\t<\/section>\n\t\t\t\t<\/div>\n\t\t","protected":false},"excerpt":{"rendered":"<p>Subvenciones Plaques Solars Val\u00e8ncia Ajudes i subvencions per a instal\u00b7lacions fotovoltaiques a la Comunitat Valenciana. Descobreix tots els ajuts i subvencions disponibles per realitzar la teva instal\u00b7laci\u00f3 de plaques solars. Actualment la Comunitat Valenciana ofereix diverses ajudes i subvencions per a finan\u00e7ar part del cost de la teua instal\u00b7laci\u00f3 solar d&#8217;autoconsum fotovoltaica. Per aix\u00f2, \u00e9s [&hellip;]<\/p>\n","protected":false},"author":2,"featured_media":0,"parent":0,"menu_order":0,"comment_status":"closed","ping_status":"closed","template":"","meta":{"_crdt_document":"","site-sidebar-layout":"no-sidebar","site-content-layout":"page-builder","ast-site-content-layout":"full-width-container","site-content-style":"unboxed","site-sidebar-style":"unboxed","ast-global-header-display":"","ast-banner-title-visibility":"","ast-main-header-display":"","ast-hfb-above-header-display":"","ast-hfb-below-header-display":"","ast-hfb-mobile-header-display":"","site-post-title":"disabled","ast-breadcrumbs-content":"","ast-featured-img":"disabled","footer-sml-layout":"","theme-transparent-header-meta":"","adv-header-id-meta":"","stick-header-meta":"","header-above-stick-meta":"","header-main-stick-meta":"","header-below-stick-meta":"","astra-migrate-meta-layouts":"set","ast-page-background-enabled":"default","ast-page-background-meta":{"desktop":{"background-color":"","background-image":"","background-repeat":"repeat","background-position":"center center","background-size":"auto","background-attachment":"scroll","background-type":"","background-media":"","overlay-type":"","overlay-color":"","overlay-opacity":"","overlay-gradient":""},"tablet":{"background-color":"","background-image":"","background-repeat":"repeat","background-position":"center center","background-size":"auto","background-attachment":"scroll","background-type":"","background-media":"","overlay-type":"","overlay-color":"","overlay-opacity":"","overlay-gradient":""},"mobile":{"background-color":"","background-image":"","background-repeat":"repeat","background-position":"center center","background-size":"auto","background-attachment":"scroll","background-type":"","background-media":"","overlay-type":"","overlay-color":"","overlay-opacity":"","overlay-gradient":""}},"ast-content-background-meta":{"desktop":{"background-color":"var(--ast-global-color-5)","background-image":"","background-repeat":"repeat","background-position":"center center","background-size":"auto","background-attachment":"scroll","background-type":"","background-media":"","overlay-type":"","overlay-color":"","overlay-opacity":"","overlay-gradient":""},"tablet":{"background-color":"var(--ast-global-color-5)","background-image":"","background-repeat":"repeat","background-position":"center center","background-size":"auto","background-attachment":"scroll","background-type":"","background-media":"","overlay-type":"","overlay-color":"","overlay-opacity":"","overlay-gradient":""},"mobile":{"background-color":"var(--ast-global-color-5)","background-image":"","background-repeat":"repeat","background-position":"center center","background-size":"auto","background-attachment":"scroll","background-type":"","background-media":"","overlay-type":"","overlay-color":"","overlay-opacity":"","overlay-gradient":""}},"_joinchat":[],"footnotes":""},"class_list":["post-4981","page","type-page","status-publish","hentry"],"yoast_head":"<!-- This site is optimized with the Yoast SEO plugin v26.9 - https:\/\/yoast.com\/product\/yoast-seo-wordpress\/ -->\n<title>Subvencions per a instal\u00b7laci\u00f3 de plaques solars - Cam\u00edSolar<\/title>\n<meta name=\"description\" content=\"Subvencions Plaques Solars Val\u00e8ncia: \u26a1 Aprofita les Ajudes Disponibles per a Instal\u00b7lar Panells Solars en tota la Comunitat Valenciana. T&#039;Ajudem! \u260e 611649083\" \/>\n<meta name=\"robots\" content=\"index, follow, max-snippet:-1, max-image-preview:large, max-video-preview:-1\" \/>\n<link rel=\"canonical\" href=\"https:\/\/camisolar.com\/va\/ajudes-i-subvencions\/\" \/>\n<meta property=\"og:locale\" content=\"en_US\" \/>\n<meta property=\"og:type\" content=\"article\" \/>\n<meta property=\"og:title\" content=\"Subvencions per a instal\u00b7laci\u00f3 de plaques solars - Cam\u00edSolar\" \/>\n<meta property=\"og:description\" content=\"Subvencions Plaques Solars Val\u00e8ncia: \u26a1 Aprofita les Ajudes Disponibles per a Instal\u00b7lar Panells Solars en tota la Comunitat Valenciana. T&#039;Ajudem! \u260e 611649083\" \/>\n<meta property=\"og:url\" content=\"https:\/\/camisolar.com\/va\/ajudes-i-subvencions\/\" \/>\n<meta property=\"og:site_name\" content=\"Cam\u00edSolar\" \/>\n<meta property=\"article:publisher\" content=\"https:\/\/www.facebook.com\/camisolarfotovoltaica\/\" \/>\n<meta property=\"article:modified_time\" content=\"2026-02-16T16:57:43+00:00\" \/>\n<meta property=\"og:image\" content=\"https:\/\/camisolar.com\/wp-content\/uploads\/2022\/12\/Ayudas-y-Subvenciones-svg.webp\" \/>\n<meta name=\"twitter:card\" content=\"summary_large_image\" \/>\n<meta name=\"twitter:label1\" content=\"Est. reading time\" \/>\n\t<meta name=\"twitter:data1\" content=\"4 minutes\" \/>\n<script type=\"application\/ld+json\" class=\"yoast-schema-graph\">{\"@context\":\"https:\/\/schema.org\",\"@graph\":[{\"@type\":\"WebPage\",\"@id\":\"https:\/\/camisolar.com\/va\/ajudes-i-subvencions\/\",\"url\":\"https:\/\/camisolar.com\/va\/ajudes-i-subvencions\/\",\"name\":\"Subvencions per a instal\u00b7laci\u00f3 de plaques solars - Cam\u00edSolar\",\"isPartOf\":{\"@id\":\"https:\/\/camisolar.com\/va\/#website\"},\"primaryImageOfPage\":{\"@id\":\"https:\/\/camisolar.com\/va\/ajudes-i-subvencions\/#primaryimage\"},\"image\":{\"@id\":\"https:\/\/camisolar.com\/va\/ajudes-i-subvencions\/#primaryimage\"},\"thumbnailUrl\":\"https:\/\/camisolar.com\/wp-content\/uploads\/2022\/12\/Ayudas-y-Subvenciones-svg.webp\",\"datePublished\":\"2022-12-22T09:21:45+00:00\",\"dateModified\":\"2026-02-16T16:57:43+00:00\",\"description\":\"Subvencions Plaques Solars Val\u00e8ncia: \u26a1 Aprofita les Ajudes Disponibles per a Instal\u00b7lar Panells Solars en tota la Comunitat Valenciana. T'Ajudem! \u260e 611649083\",\"breadcrumb\":{\"@id\":\"https:\/\/camisolar.com\/va\/ajudes-i-subvencions\/#breadcrumb\"},\"inLanguage\":\"ca-es\",\"potentialAction\":[{\"@type\":\"ReadAction\",\"target\":[\"https:\/\/camisolar.com\/va\/ajudes-i-subvencions\/\"]}]},{\"@type\":\"ImageObject\",\"inLanguage\":\"ca-es\",\"@id\":\"https:\/\/camisolar.com\/va\/ajudes-i-subvencions\/#primaryimage\",\"url\":\"https:\/\/camisolar.com\/wp-content\/uploads\/2022\/12\/Ayudas-y-Subvenciones-svg.webp\",\"contentUrl\":\"https:\/\/camisolar.com\/wp-content\/uploads\/2022\/12\/Ayudas-y-Subvenciones-svg.webp\"},{\"@type\":\"BreadcrumbList\",\"@id\":\"https:\/\/camisolar.com\/va\/ajudes-i-subvencions\/#breadcrumb\",\"itemListElement\":[{\"@type\":\"ListItem\",\"position\":1,\"name\":\"Inici\",\"item\":\"https:\/\/camisolar.com\/va\/\"},{\"@type\":\"ListItem\",\"position\":2,\"name\":\"Ajudes i subvencions\"}]},{\"@type\":\"WebSite\",\"@id\":\"https:\/\/camisolar.com\/va\/#website\",\"url\":\"https:\/\/camisolar.com\/va\/\",\"name\":\"Cam\u00edSolar\",\"description\":\"En Cam\u00edsolar, estamos especializados en energ\u00eda fotovoltaica y solar en Valencia. Conoce este recurso limpio e inagotable para tu hogar o empresa.\",\"publisher\":{\"@id\":\"https:\/\/camisolar.com\/va\/#organization\"},\"potentialAction\":[{\"@type\":\"SearchAction\",\"target\":{\"@type\":\"EntryPoint\",\"urlTemplate\":\"https:\/\/camisolar.com\/va\/?s={search_term_string}\"},\"query-input\":{\"@type\":\"PropertyValueSpecification\",\"valueRequired\":true,\"valueName\":\"search_term_string\"}}],\"inLanguage\":\"ca-es\"},{\"@type\":\"Organization\",\"@id\":\"https:\/\/camisolar.com\/va\/#organization\",\"name\":\"Cam\u00edSolar\",\"url\":\"https:\/\/camisolar.com\/va\/\",\"logo\":{\"@type\":\"ImageObject\",\"inLanguage\":\"ca-es\",\"@id\":\"https:\/\/camisolar.com\/va\/#\/schema\/logo\/image\/\",\"url\":\"https:\/\/camisolar.com\/wp-content\/uploads\/2021\/05\/camisolar.jpg\",\"contentUrl\":\"https:\/\/camisolar.com\/wp-content\/uploads\/2021\/05\/camisolar.jpg\",\"width\":1000,\"height\":600,\"caption\":\"Cam\u00edSolar\"},\"image\":{\"@id\":\"https:\/\/camisolar.com\/va\/#\/schema\/logo\/image\/\"},\"sameAs\":[\"https:\/\/www.facebook.com\/camisolarfotovoltaica\/\",\"https:\/\/www.instagram.com\/camisolar.fotovoltaica\/\"]}]}<\/script>\n<!-- \/ Yoast SEO plugin. -->","yoast_head_json":{"title":"Subvencions per a instal\u00b7laci\u00f3 de plaques solars - Cam\u00edSolar","description":"Subvencions Plaques Solars Val\u00e8ncia: \u26a1 Aprofita les Ajudes Disponibles per a Instal\u00b7lar Panells Solars en tota la Comunitat Valenciana. T'Ajudem! \u260e 611649083","robots":{"index":"index","follow":"follow","max-snippet":"max-snippet:-1","max-image-preview":"max-image-preview:large","max-video-preview":"max-video-preview:-1"},"canonical":"https:\/\/camisolar.com\/va\/ajudes-i-subvencions\/","og_locale":"en_US","og_type":"article","og_title":"Subvencions per a instal\u00b7laci\u00f3 de plaques solars - Cam\u00edSolar","og_description":"Subvencions Plaques Solars Val\u00e8ncia: \u26a1 Aprofita les Ajudes Disponibles per a Instal\u00b7lar Panells Solars en tota la Comunitat Valenciana. T'Ajudem! \u260e 611649083","og_url":"https:\/\/camisolar.com\/va\/ajudes-i-subvencions\/","og_site_name":"Cam\u00edSolar","article_publisher":"https:\/\/www.facebook.com\/camisolarfotovoltaica\/","article_modified_time":"2026-02-16T16:57:43+00:00","og_image":[{"url":"https:\/\/camisolar.com\/wp-content\/uploads\/2022\/12\/Ayudas-y-Subvenciones-svg.webp","type":"","width":"","height":""}],"twitter_card":"summary_large_image","twitter_misc":{"Est. reading time":"4 minutes"},"schema":{"@context":"https:\/\/schema.org","@graph":[{"@type":"WebPage","@id":"https:\/\/camisolar.com\/va\/ajudes-i-subvencions\/","url":"https:\/\/camisolar.com\/va\/ajudes-i-subvencions\/","name":"Subvencions per a instal\u00b7laci\u00f3 de plaques solars - Cam\u00edSolar","isPartOf":{"@id":"https:\/\/camisolar.com\/va\/#website"},"primaryImageOfPage":{"@id":"https:\/\/camisolar.com\/va\/ajudes-i-subvencions\/#primaryimage"},"image":{"@id":"https:\/\/camisolar.com\/va\/ajudes-i-subvencions\/#primaryimage"},"thumbnailUrl":"https:\/\/camisolar.com\/wp-content\/uploads\/2022\/12\/Ayudas-y-Subvenciones-svg.webp","datePublished":"2022-12-22T09:21:45+00:00","dateModified":"2026-02-16T16:57:43+00:00","description":"Subvencions Plaques Solars Val\u00e8ncia: \u26a1 Aprofita les Ajudes Disponibles per a Instal\u00b7lar Panells Solars en tota la Comunitat Valenciana. T'Ajudem! \u260e 611649083","breadcrumb":{"@id":"https:\/\/camisolar.com\/va\/ajudes-i-subvencions\/#breadcrumb"},"inLanguage":"ca-es","potentialAction":[{"@type":"ReadAction","target":["https:\/\/camisolar.com\/va\/ajudes-i-subvencions\/"]}]},{"@type":"ImageObject","inLanguage":"ca-es","@id":"https:\/\/camisolar.com\/va\/ajudes-i-subvencions\/#primaryimage","url":"https:\/\/camisolar.com\/wp-content\/uploads\/2022\/12\/Ayudas-y-Subvenciones-svg.webp","contentUrl":"https:\/\/camisolar.com\/wp-content\/uploads\/2022\/12\/Ayudas-y-Subvenciones-svg.webp"},{"@type":"BreadcrumbList","@id":"https:\/\/camisolar.com\/va\/ajudes-i-subvencions\/#breadcrumb","itemListElement":[{"@type":"ListItem","position":1,"name":"Inici","item":"https:\/\/camisolar.com\/va\/"},{"@type":"ListItem","position":2,"name":"Ajudes i subvencions"}]},{"@type":"WebSite","@id":"https:\/\/camisolar.com\/va\/#website","url":"https:\/\/camisolar.com\/va\/","name":"Cam\u00edSolar","description":"En Cam\u00edsolar, estamos especializados en energ\u00eda fotovoltaica y solar en Valencia. Conoce este recurso limpio e inagotable para tu hogar o empresa.","publisher":{"@id":"https:\/\/camisolar.com\/va\/#organization"},"potentialAction":[{"@type":"SearchAction","target":{"@type":"EntryPoint","urlTemplate":"https:\/\/camisolar.com\/va\/?s={search_term_string}"},"query-input":{"@type":"PropertyValueSpecification","valueRequired":true,"valueName":"search_term_string"}}],"inLanguage":"ca-es"},{"@type":"Organization","@id":"https:\/\/camisolar.com\/va\/#organization","name":"Cam\u00edSolar","url":"https:\/\/camisolar.com\/va\/","logo":{"@type":"ImageObject","inLanguage":"ca-es","@id":"https:\/\/camisolar.com\/va\/#\/schema\/logo\/image\/","url":"https:\/\/camisolar.com\/wp-content\/uploads\/2021\/05\/camisolar.jpg","contentUrl":"https:\/\/camisolar.com\/wp-content\/uploads\/2021\/05\/camisolar.jpg","width":1000,"height":600,"caption":"Cam\u00edSolar"},"image":{"@id":"https:\/\/camisolar.com\/va\/#\/schema\/logo\/image\/"},"sameAs":["https:\/\/www.facebook.com\/camisolarfotovoltaica\/","https:\/\/www.instagram.com\/camisolar.fotovoltaica\/"]}]}},"_links":{"self":[{"href":"https:\/\/camisolar.com\/va\/wp-json\/wp\/v2\/pages\/4981","targetHints":{"allow":["GET"]}}],"collection":[{"href":"https:\/\/camisolar.com\/va\/wp-json\/wp\/v2\/pages"}],"about":[{"href":"https:\/\/camisolar.com\/va\/wp-json\/wp\/v2\/types\/page"}],"author":[{"embeddable":true,"href":"https:\/\/camisolar.com\/va\/wp-json\/wp\/v2\/users\/2"}],"replies":[{"embeddable":true,"href":"https:\/\/camisolar.com\/va\/wp-json\/wp\/v2\/comments?post=4981"}],"version-history":[{"count":1,"href":"https:\/\/camisolar.com\/va\/wp-json\/wp\/v2\/pages\/4981\/revisions"}],"predecessor-version":[{"id":6178,"href":"https:\/\/camisolar.com\/va\/wp-json\/wp\/v2\/pages\/4981\/revisions\/6178"}],"wp:attachment":[{"href":"https:\/\/camisolar.com\/va\/wp-json\/wp\/v2\/media?parent=4981"}],"curies":[{"name":"wp","href":"https:\/\/api.w.org\/{rel}","templated":true}]}}