{"id":5260,"date":"2022-12-13T15:40:01","date_gmt":"2022-12-13T15:40:01","guid":{"rendered":"https:\/\/camisolar.com\/legalizacion-de-placas-solares\/"},"modified":"2026-02-16T17:02:06","modified_gmt":"2026-02-16T17:02:06","slug":"legalitzacio-de-plaques-solars","status":"publish","type":"page","link":"https:\/\/camisolar.com\/va\/legalitzacio-de-plaques-solars\/","title":{"rendered":"Legalitzaci\u00f3"},"content":{"rendered":"\t\t<div data-elementor-type=\"wp-post\" data-elementor-id=\"5260\" class=\"elementor elementor-5260 elementor-4824\" data-elementor-post-type=\"page\">\n\t\t\t\t\t\t<section class=\"elementor-section elementor-top-section elementor-element elementor-element-2296c7ec elementor-section-stretched elementor-section-height-min-height elementor-section-boxed elementor-section-height-default elementor-section-items-middle elementor-invisible\" data-id=\"2296c7ec\" data-element_type=\"section\" data-e-type=\"section\" data-settings=\"{&quot;background_background&quot;:&quot;classic&quot;,&quot;stretch_section&quot;:&quot;section-stretched&quot;,&quot;animation&quot;:&quot;fadeIn&quot;}\">\n\t\t\t\t\t\t\t<div class=\"elementor-background-overlay\"><\/div>\n\t\t\t\t\t\t\t<div class=\"elementor-container elementor-column-gap-no\">\n\t\t\t\t\t<div class=\"elementor-column elementor-col-100 elementor-top-column elementor-element elementor-element-3b479c2e\" data-id=\"3b479c2e\" data-element_type=\"column\" data-e-type=\"column\">\n\t\t\t<div class=\"elementor-widget-wrap elementor-element-populated\">\n\t\t\t\t\t\t<div class=\"elementor-element elementor-element-938fb15 elementor-widget elementor-widget-template\" data-id=\"938fb15\" data-element_type=\"widget\" data-e-type=\"widget\" data-widget_type=\"template.default\">\n\t\t\t\t<div class=\"elementor-widget-container\">\n\t\t\t\t\t\t\t<div class=\"elementor-template\">\n\t\t\t\t\t<div data-elementor-type=\"section\" data-elementor-id=\"3893\" class=\"elementor elementor-3893\" data-elementor-post-type=\"elementor_library\">\n\t\t\t\t\t<section class=\"elementor-section elementor-top-section elementor-element elementor-element-ff59f05 elementor-section-full_width elementor-section-height-default elementor-section-height-default\" data-id=\"ff59f05\" data-element_type=\"section\" data-e-type=\"section\">\n\t\t\t\t\t\t<div class=\"elementor-container elementor-column-gap-default\">\n\t\t\t\t\t<div class=\"elementor-column elementor-col-100 elementor-top-column elementor-element elementor-element-75a3084\" data-id=\"75a3084\" data-element_type=\"column\" data-e-type=\"column\">\n\t\t\t<div class=\"elementor-widget-wrap elementor-element-populated\">\n\t\t\t\t\t\t<div class=\"elementor-element elementor-element-cbcd7d6 elementor-align-center elementor-widget elementor-widget-breadcrumbs\" data-id=\"cbcd7d6\" data-element_type=\"widget\" data-e-type=\"widget\" data-widget_type=\"breadcrumbs.default\">\n\t\t\t\t<div class=\"elementor-widget-container\">\n\t\t\t\t\t<p id=\"breadcrumbs\"><span><span><a href=\"https:\/\/camisolar.com\/va\/\">Inici<\/a><\/span><\/span><\/p>\t\t\t\t<\/div>\n\t\t\t\t<\/div>\n\t\t\t\t\t<\/div>\n\t\t<\/div>\n\t\t\t\t\t<\/div>\n\t\t<\/section>\n\t\t\t\t<\/div>\n\t\t\t\t<\/div>\n\t\t\t\t\t\t<\/div>\n\t\t\t\t<\/div>\n\t\t\t\t<div class=\"elementor-element elementor-element-61501058 elementor-widget elementor-widget-heading\" data-id=\"61501058\" data-element_type=\"widget\" data-e-type=\"widget\" data-widget_type=\"heading.default\">\n\t\t\t\t<div class=\"elementor-widget-container\">\n\t\t\t\t\t<h1 class=\"elementor-heading-title elementor-size-default\">Legalitzar Instal\u00b7laci\u00f3 Fotovoltaica Val\u00e8ncia<\/h1>\t\t\t\t<\/div>\n\t\t\t\t<\/div>\n\t\t\t\t<div class=\"elementor-element elementor-element-7a19ae6d elementor-widget elementor-widget-text-editor\" data-id=\"7a19ae6d\" data-element_type=\"widget\" data-e-type=\"widget\" data-widget_type=\"text-editor.default\">\n\t\t\t\t<div class=\"elementor-widget-container\">\n\t\t\t\t\t\t\t\t\t<p>Te ayudamos en el proceso de legalizaci\u00f3n de tus placas solares.<\/p><p>T&#8217;ajudem en el proc\u00e9s de legalitzaci\u00f3 de les teues plaques solars.<\/p>\t\t\t\t\t\t\t\t<\/div>\n\t\t\t\t<\/div>\n\t\t\t\t\t<\/div>\n\t\t<\/div>\n\t\t\t\t\t<\/div>\n\t\t<\/section>\n\t\t\t\t<section class=\"elementor-section elementor-top-section elementor-element elementor-element-7c2a2b52 elementor-section-stretched elementor-section-boxed elementor-section-height-default elementor-section-height-default\" data-id=\"7c2a2b52\" data-element_type=\"section\" data-e-type=\"section\" data-settings=\"{&quot;stretch_section&quot;:&quot;section-stretched&quot;,&quot;background_background&quot;:&quot;classic&quot;}\">\n\t\t\t\t\t\t\t<div class=\"elementor-background-overlay\"><\/div>\n\t\t\t\t\t\t\t<div class=\"elementor-container elementor-column-gap-no\">\n\t\t\t\t\t<div class=\"elementor-column elementor-col-100 elementor-top-column elementor-element elementor-element-4478656c\" data-id=\"4478656c\" data-element_type=\"column\" data-e-type=\"column\">\n\t\t\t<div class=\"elementor-widget-wrap elementor-element-populated\">\n\t\t\t\t\t\t<div class=\"elementor-element elementor-element-03516d3 elementor-widget elementor-widget-text-editor\" data-id=\"03516d3\" data-element_type=\"widget\" data-e-type=\"widget\" data-widget_type=\"text-editor.default\">\n\t\t\t\t<div class=\"elementor-widget-container\">\n\t\t\t\t\t\t\t\t\t<p>Tot i que ja t&#8217;hages decidit a passar-te a l&#8217;autoconsum solar fotovoltaic, has de saber que el proc\u00e9s no conclou quan acaba l&#8217;obra. Legalitzar una instal\u00b7laci\u00f3 solar comporta alguns protocols i tr\u00e0mits administratius que poden no resultar senzills per a l&#8217;usuari.<\/p><p>Per aix\u00f2, en Cam\u00edSolar tractarem d&#8217;explicar-te quins s\u00f3n els passos a seguir per a instal\u00b7lar panells solars a la teua casa o negoci: Com legalitzar la meua instal\u00b7laci\u00f3 fotovoltaica? \u00c9s obligatori fer-ho? Qui ha de dur a terme la legalitzaci\u00f3?\u2028Continua llegint, aclarirem tots els teus dubtes!<\/p>\t\t\t\t\t\t\t\t<\/div>\n\t\t\t\t<\/div>\n\t\t\t\t<section class=\"elementor-section elementor-inner-section elementor-element elementor-element-a143a64 elementor-section-boxed elementor-section-height-default elementor-section-height-default\" data-id=\"a143a64\" data-element_type=\"section\" data-e-type=\"section\">\n\t\t\t\t\t\t<div class=\"elementor-container elementor-column-gap-no\">\n\t\t\t\t\t<div class=\"elementor-column elementor-col-100 elementor-inner-column elementor-element elementor-element-181f8f45\" data-id=\"181f8f45\" data-element_type=\"column\" data-e-type=\"column\">\n\t\t\t<div class=\"elementor-widget-wrap elementor-element-populated\">\n\t\t\t\t\t\t<div class=\"elementor-element elementor-element-38bc7d6f elementor-widget elementor-widget-heading\" data-id=\"38bc7d6f\" data-element_type=\"widget\" data-e-type=\"widget\" data-widget_type=\"heading.default\">\n\t\t\t\t<div class=\"elementor-widget-container\">\n\t\t\t\t\t<h2 class=\"elementor-heading-title elementor-size-default\">\u00c9s viable la nostra instal\u00b7laci\u00f3 fotovoltaica?\n<\/h2>\t\t\t\t<\/div>\n\t\t\t\t<\/div>\n\t\t\t\t\t<\/div>\n\t\t<\/div>\n\t\t\t\t\t<\/div>\n\t\t<\/section>\n\t\t\t\t<section class=\"elementor-section elementor-inner-section elementor-element elementor-element-7da5fa78 elementor-section-boxed elementor-section-height-default elementor-section-height-default\" data-id=\"7da5fa78\" data-element_type=\"section\" data-e-type=\"section\">\n\t\t\t\t\t\t<div class=\"elementor-container elementor-column-gap-default\">\n\t\t\t\t\t<div class=\"elementor-column elementor-col-50 elementor-inner-column elementor-element elementor-element-5799f1d3\" data-id=\"5799f1d3\" data-element_type=\"column\" data-e-type=\"column\">\n\t\t\t<div class=\"elementor-widget-wrap elementor-element-populated\">\n\t\t\t\t\t\t<div class=\"elementor-element elementor-element-3b4a9ba elementor-widget elementor-widget-spacer\" data-id=\"3b4a9ba\" data-element_type=\"widget\" data-e-type=\"widget\" data-widget_type=\"spacer.default\">\n\t\t\t\t<div class=\"elementor-widget-container\">\n\t\t\t\t\t\t\t<div class=\"elementor-spacer\">\n\t\t\t<div class=\"elementor-spacer-inner\"><\/div>\n\t\t<\/div>\n\t\t\t\t\t\t<\/div>\n\t\t\t\t<\/div>\n\t\t\t\t\t<\/div>\n\t\t<\/div>\n\t\t\t\t<div class=\"elementor-column elementor-col-50 elementor-inner-column elementor-element elementor-element-21534873\" data-id=\"21534873\" data-element_type=\"column\" data-e-type=\"column\">\n\t\t\t<div class=\"elementor-widget-wrap elementor-element-populated\">\n\t\t\t\t\t\t<div class=\"elementor-element elementor-element-547320b6 elementor-widget elementor-widget-text-editor\" data-id=\"547320b6\" data-element_type=\"widget\" data-e-type=\"widget\" data-widget_type=\"text-editor.default\">\n\t\t\t\t<div class=\"elementor-widget-container\">\n\t\t\t\t\t\t\t\t\t<p>Abans de comen\u00e7ar, convindria realitzar una an\u00e0lisi legal de la viabilitat de la instal\u00b7laci\u00f3 solar fotovoltaica, \u00e9s a dir, haur\u00edem de verificar si ens permetran dur a terme la instal\u00b7laci\u00f3 de panells solars. Per a aix\u00f2, seria convenient valorar les seg\u00fcents q\u00fcestions:<\/p><p><strong>-Disponibilitat de terreny urbanitzable<\/strong>: en cas que el terreny triat per a la instal\u00b7laci\u00f3 no siga urbanitzable i es tracte de s\u00f2l r\u00fastic, haurem de consultar amb l&#8217;administraci\u00f3 local si aquest terreny disposa de la qualificaci\u00f3 per a \u00fas industrial, o si cal tenir en compte qualsevol altra consideraci\u00f3 addicional.<\/p><p><strong>-Avaluar el tipus de zona<\/strong>: \u00e9s possible que la zona triada es tracte d&#8217;un espai mediambientalment protegit. En aquest cas, hem de con\u00e8ixer les implicacions i limitacions podria tenir sobre la nostra instal\u00b7laci\u00f3 solar.<\/p><p><strong>-Possibles restriccions locals<\/strong>: ser\u00e0 necessari consultar amb el departament urban\u00edstic de l&#8217;administraci\u00f3 local.<\/p><p><strong>-Disponibilitat de punt de connexi\u00f3<\/strong>: aix\u00f2 dependr\u00e0 de si ens trobem en s\u00f2l r\u00fastic o en s\u00f2l urbanitzable, i de la pot\u00e8ncia de la qual anem a realitzar la instal\u00b7laci\u00f3. Generalment se subdivideix en menys de 15kW o m\u00e9s de 15 kW. Si no es disposa de punt de connexi\u00f3, haurem de sol\u00b7licitar-ho.<\/p>\t\t\t\t\t\t\t\t<\/div>\n\t\t\t\t<\/div>\n\t\t\t\t\t<\/div>\n\t\t<\/div>\n\t\t\t\t\t<\/div>\n\t\t<\/section>\n\t\t\t\t<section class=\"elementor-section elementor-inner-section elementor-element elementor-element-0c1929a elementor-section-boxed elementor-section-height-default elementor-section-height-default\" data-id=\"0c1929a\" data-element_type=\"section\" data-e-type=\"section\">\n\t\t\t\t\t\t<div class=\"elementor-container elementor-column-gap-no\">\n\t\t\t\t\t<div class=\"elementor-column elementor-col-100 elementor-inner-column elementor-element elementor-element-b2f7bf4\" data-id=\"b2f7bf4\" data-element_type=\"column\" data-e-type=\"column\">\n\t\t\t<div class=\"elementor-widget-wrap elementor-element-populated\">\n\t\t\t\t\t\t<div class=\"elementor-element elementor-element-80f40f6 elementor-widget elementor-widget-heading\" data-id=\"80f40f6\" data-element_type=\"widget\" data-e-type=\"widget\" data-widget_type=\"heading.default\">\n\t\t\t\t<div class=\"elementor-widget-container\">\n\t\t\t\t\t<h2 class=\"elementor-heading-title elementor-size-default\">Viabilitat tecnicoecon\u00f2mica\n<\/h2>\t\t\t\t<\/div>\n\t\t\t\t<\/div>\n\t\t\t\t\t<\/div>\n\t\t<\/div>\n\t\t\t\t\t<\/div>\n\t\t<\/section>\n\t\t\t\t<div class=\"elementor-element elementor-element-c25003e elementor-widget elementor-widget-text-editor\" data-id=\"c25003e\" data-element_type=\"widget\" data-e-type=\"widget\" data-widget_type=\"text-editor.default\">\n\t\t\t\t<div class=\"elementor-widget-container\">\n\t\t\t\t\t\t\t\t\t<p>Una vegada realitzat l&#8217;an\u00e0lisi pr\u00e8via, i en cas que vulguem continuar endavant amb la instal\u00b7laci\u00f3 solar fotovoltaica, perqu\u00e8 considerem que \u00e9s viable, necessitarem una AN\u00c0LISI TECNICOECON\u00d2MICA de la instal\u00b7laci\u00f3 per a verificar que \u00e9s factible t\u00e8cnicament i econ\u00f2micament. En definitiva, aquesta an\u00e0lisi ens permetr\u00e0 comprovar si li traurem una rendibilitat tant energ\u00e8tica com econ\u00f2mica a la instal\u00b7laci\u00f3.<\/p><p>\u2028Avui dia, pr\u00e0cticament totes les instal\u00b7lacions fotovoltaiques s\u00f3n rendibles.<\/p>\t\t\t\t\t\t\t\t<\/div>\n\t\t\t\t<\/div>\n\t\t\t\t\t<\/div>\n\t\t<\/div>\n\t\t\t\t\t<\/div>\n\t\t<\/section>\n\t\t\t\t<section class=\"elementor-section elementor-top-section elementor-element elementor-element-321138fc elementor-section-stretched elementor-section-boxed elementor-section-height-default elementor-section-height-default\" data-id=\"321138fc\" data-element_type=\"section\" data-e-type=\"section\" data-settings=\"{&quot;stretch_section&quot;:&quot;section-stretched&quot;,&quot;background_background&quot;:&quot;classic&quot;}\">\n\t\t\t\t\t\t<div class=\"elementor-container elementor-column-gap-no\">\n\t\t\t\t\t<div class=\"elementor-column elementor-col-100 elementor-top-column elementor-element elementor-element-6307ba6f\" data-id=\"6307ba6f\" data-element_type=\"column\" data-e-type=\"column\">\n\t\t\t<div class=\"elementor-widget-wrap elementor-element-populated\">\n\t\t\t\t\t\t<section class=\"elementor-section elementor-inner-section elementor-element elementor-element-53703a79 elementor-section-boxed elementor-section-height-default elementor-section-height-default\" data-id=\"53703a79\" data-element_type=\"section\" data-e-type=\"section\">\n\t\t\t\t\t\t<div class=\"elementor-container elementor-column-gap-no\">\n\t\t\t\t\t<div class=\"elementor-column elementor-col-100 elementor-inner-column elementor-element elementor-element-6c82d370\" data-id=\"6c82d370\" data-element_type=\"column\" data-e-type=\"column\">\n\t\t\t<div class=\"elementor-widget-wrap elementor-element-populated\">\n\t\t\t\t\t\t<div class=\"elementor-element elementor-element-7cd3c571 elementor-widget elementor-widget-heading\" data-id=\"7cd3c571\" data-element_type=\"widget\" data-e-type=\"widget\" data-widget_type=\"heading.default\">\n\t\t\t\t<div class=\"elementor-widget-container\">\n\t\t\t\t\t<h2 class=\"elementor-heading-title elementor-size-default\">Tr\u00e0mits administratius a seguir<\/h2>\t\t\t\t<\/div>\n\t\t\t\t<\/div>\n\t\t\t\t\t<\/div>\n\t\t<\/div>\n\t\t\t\t\t<\/div>\n\t\t<\/section>\n\t\t\t\t<div class=\"elementor-element elementor-element-9d38f90 elementor-widget elementor-widget-text-editor\" data-id=\"9d38f90\" data-element_type=\"widget\" data-e-type=\"widget\" data-widget_type=\"text-editor.default\">\n\t\t\t\t<div class=\"elementor-widget-container\">\n\t\t\t\t\t\t\t\t\t<p>La variaci\u00f3 de tr\u00e0mits administratius dep\u00e8n de molts factors, per\u00f2 el principal \u00e9s si ens trobem davant una instal\u00b7laci\u00f3 amb excedents o una sense excedents. Una vegada determinat aix\u00f2, podrem comen\u00e7ar amb els tr\u00e0mits a nivell estatal, auton\u00f2mic o local.<\/p>\t\t\t\t\t\t\t\t<\/div>\n\t\t\t\t<\/div>\n\t\t\t\t<section class=\"elementor-section elementor-inner-section elementor-element elementor-element-6af7d45 elementor-section-boxed elementor-section-height-default elementor-section-height-default\" data-id=\"6af7d45\" data-element_type=\"section\" data-e-type=\"section\">\n\t\t\t\t\t\t<div class=\"elementor-container elementor-column-gap-default\">\n\t\t\t\t\t<div class=\"elementor-column elementor-col-50 elementor-inner-column elementor-element elementor-element-0d1cfa9\" data-id=\"0d1cfa9\" data-element_type=\"column\" data-e-type=\"column\" data-settings=\"{&quot;background_background&quot;:&quot;classic&quot;}\">\n\t\t\t<div class=\"elementor-widget-wrap elementor-element-populated\">\n\t\t\t\t\t\t<div class=\"elementor-element elementor-element-47b5784 elementor-widget elementor-widget-icon-box\" data-id=\"47b5784\" data-element_type=\"widget\" data-e-type=\"widget\" data-widget_type=\"icon-box.default\">\n\t\t\t\t<div class=\"elementor-widget-container\">\n\t\t\t\t\t\t\t<div class=\"elementor-icon-box-wrapper\">\n\n\t\t\t\n\t\t\t\t\t\t<div class=\"elementor-icon-box-content\">\n\n\t\t\t\t\t\t\t\t\t<h3 class=\"elementor-icon-box-title\">\n\t\t\t\t\t\t<span  >\n\t\t\t\t\t\t\t1.- Mem\u00f2ria de projecte o mem\u00f2ria t\u00e8cnica\t\t\t\t\t\t<\/span>\n\t\t\t\t\t<\/h3>\n\t\t\t\t\n\t\t\t\t\t\t\t\t\t<p class=\"elementor-icon-box-description\">\n\t\t\t\t\t\tEn el cas d'instal\u00b7lacions connectades a baixa tensi\u00f3, o de menys de 10kW, \u00fanicament ser\u00e0 necessari realitzar una mem\u00f2ria t\u00e8cnica d'acord amb el reglament de baixa tensi\u00f3. En instal\u00b7lacions de m\u00e9s de 10kW necessitarem realitzar un projecte t\u00e8cnic signat per un t\u00e8cnic competent. En instal\u00b7lacions d'autoconsum connectades a alta tensi\u00f3 tamb\u00e9 necessitarem projecte t\u00e8cnic signat per t\u00e8cnic competent relatiu al reglament d'alta tensi\u00f3.\t\t\t\t\t<\/p>\n\t\t\t\t\n\t\t\t<\/div>\n\t\t\t\n\t\t<\/div>\n\t\t\t\t\t\t<\/div>\n\t\t\t\t<\/div>\n\t\t\t\t\t<\/div>\n\t\t<\/div>\n\t\t\t\t<div class=\"elementor-column elementor-col-50 elementor-inner-column elementor-element elementor-element-e85b5d4\" data-id=\"e85b5d4\" data-element_type=\"column\" data-e-type=\"column\" data-settings=\"{&quot;background_background&quot;:&quot;classic&quot;}\">\n\t\t\t<div class=\"elementor-widget-wrap elementor-element-populated\">\n\t\t\t\t\t\t<div class=\"elementor-element elementor-element-c59234d elementor-widget elementor-widget-icon-box\" data-id=\"c59234d\" data-element_type=\"widget\" data-e-type=\"widget\" data-widget_type=\"icon-box.default\">\n\t\t\t\t<div class=\"elementor-widget-container\">\n\t\t\t\t\t\t\t<div class=\"elementor-icon-box-wrapper\">\n\n\t\t\t\n\t\t\t\t\t\t<div class=\"elementor-icon-box-content\">\n\n\t\t\t\t\t\t\t\t\t<h3 class=\"elementor-icon-box-title\">\n\t\t\t\t\t\t<span  >\n\t\t\t\t\t\t\t2.- Perm\u00eds d'acc\u00e9s i connexi\u00f3 i sol\u00b7licitud d'avals i garanties\t\t\t\t\t\t<\/span>\n\t\t\t\t\t<\/h3>\n\t\t\t\t\n\t\t\t\t\t\t\t\t\t<p class=\"elementor-icon-box-description\">\n\t\t\t\t\t\tLes instal\u00b7lacions sense excedents estan exemptes de sol\u00b7licitar aquesta documentaci\u00f3. En les instal\u00b7lacions amb excedents, dependr\u00e0 de si es tracta d'instal\u00b7lacions de m\u00e9s o menys de 15kW.\t\t\t\t\t<\/p>\n\t\t\t\t\n\t\t\t<\/div>\n\t\t\t\n\t\t<\/div>\n\t\t\t\t\t\t<\/div>\n\t\t\t\t<\/div>\n\t\t\t\t\t<\/div>\n\t\t<\/div>\n\t\t\t\t\t<\/div>\n\t\t<\/section>\n\t\t\t\t<section class=\"elementor-section elementor-inner-section elementor-element elementor-element-d3c888c elementor-section-boxed elementor-section-height-default elementor-section-height-default\" data-id=\"d3c888c\" data-element_type=\"section\" data-e-type=\"section\">\n\t\t\t\t\t\t<div class=\"elementor-container elementor-column-gap-default\">\n\t\t\t\t\t<div class=\"elementor-column elementor-col-50 elementor-inner-column elementor-element elementor-element-32fbf8a\" data-id=\"32fbf8a\" data-element_type=\"column\" data-e-type=\"column\" data-settings=\"{&quot;background_background&quot;:&quot;classic&quot;}\">\n\t\t\t<div class=\"elementor-widget-wrap elementor-element-populated\">\n\t\t\t\t\t\t<div class=\"elementor-element elementor-element-d94e736 elementor-widget elementor-widget-icon-box\" data-id=\"d94e736\" data-element_type=\"widget\" data-e-type=\"widget\" data-widget_type=\"icon-box.default\">\n\t\t\t\t<div class=\"elementor-widget-container\">\n\t\t\t\t\t\t\t<div class=\"elementor-icon-box-wrapper\">\n\n\t\t\t\n\t\t\t\t\t\t<div class=\"elementor-icon-box-content\">\n\n\t\t\t\t\t\t\t\t\t<h3 class=\"elementor-icon-box-title\">\n\t\t\t\t\t\t<span  >\n\t\t\t\t\t\t\t3.- Autoritzaci\u00f3 mediambiental\t\t\t\t\t\t<\/span>\n\t\t\t\t\t<\/h3>\n\t\t\t\t\n\t\t\t\t\t\t\t\t\t<p class=\"elementor-icon-box-description\">\n\t\t\t\t\t\tSi es tracta d'una instal\u00b7laci\u00f3 d'autoconsum de m\u00e9s de 100kW amb excedents, haurem de presentar un projecte mediambiental a l'autoritat competent. La resta d'instal\u00b7lacions estarien exemptes.\t\t\t\t\t<\/p>\n\t\t\t\t\n\t\t\t<\/div>\n\t\t\t\n\t\t<\/div>\n\t\t\t\t\t\t<\/div>\n\t\t\t\t<\/div>\n\t\t\t\t\t<\/div>\n\t\t<\/div>\n\t\t\t\t<div class=\"elementor-column elementor-col-50 elementor-inner-column elementor-element elementor-element-85c879e\" data-id=\"85c879e\" data-element_type=\"column\" data-e-type=\"column\" data-settings=\"{&quot;background_background&quot;:&quot;classic&quot;}\">\n\t\t\t<div class=\"elementor-widget-wrap elementor-element-populated\">\n\t\t\t\t\t\t<div class=\"elementor-element elementor-element-f50696c elementor-widget elementor-widget-icon-box\" data-id=\"f50696c\" data-element_type=\"widget\" data-e-type=\"widget\" data-widget_type=\"icon-box.default\">\n\t\t\t\t<div class=\"elementor-widget-container\">\n\t\t\t\t\t\t\t<div class=\"elementor-icon-box-wrapper\">\n\n\t\t\t\n\t\t\t\t\t\t<div class=\"elementor-icon-box-content\">\n\n\t\t\t\t\t\t\t\t\t<h3 class=\"elementor-icon-box-title\">\n\t\t\t\t\t\t<span  >\n\t\t\t\t\t\t\t4.- Autoritzaci\u00f3 administrativa pr\u00e8via i de construcci\u00f3\t\t\t\t\t\t<\/span>\n\t\t\t\t\t<\/h3>\n\t\t\t\t\n\t\t\t\t\t\t\t\t\t<p class=\"elementor-icon-box-description\">\n\t\t\t\t\t\tLes instal\u00b7lacions connectades a baixa tensi\u00f3 o menys de 100kW queden exemptes. La resta haur\u00e0 de tramitar-la en la CCAA corresponent.\t\t\t\t\t<\/p>\n\t\t\t\t\n\t\t\t<\/div>\n\t\t\t\n\t\t<\/div>\n\t\t\t\t\t\t<\/div>\n\t\t\t\t<\/div>\n\t\t\t\t\t<\/div>\n\t\t<\/div>\n\t\t\t\t\t<\/div>\n\t\t<\/section>\n\t\t\t\t<section class=\"elementor-section elementor-inner-section elementor-element elementor-element-a69eaa3 elementor-section-boxed elementor-section-height-default elementor-section-height-default\" data-id=\"a69eaa3\" data-element_type=\"section\" data-e-type=\"section\">\n\t\t\t\t\t\t<div class=\"elementor-container elementor-column-gap-default\">\n\t\t\t\t\t<div class=\"elementor-column elementor-col-50 elementor-inner-column elementor-element elementor-element-3433825\" data-id=\"3433825\" data-element_type=\"column\" data-e-type=\"column\" data-settings=\"{&quot;background_background&quot;:&quot;classic&quot;}\">\n\t\t\t<div class=\"elementor-widget-wrap elementor-element-populated\">\n\t\t\t\t\t\t<div class=\"elementor-element elementor-element-a974892 elementor-widget elementor-widget-icon-box\" data-id=\"a974892\" data-element_type=\"widget\" data-e-type=\"widget\" data-widget_type=\"icon-box.default\">\n\t\t\t\t<div class=\"elementor-widget-container\">\n\t\t\t\t\t\t\t<div class=\"elementor-icon-box-wrapper\">\n\n\t\t\t\n\t\t\t\t\t\t<div class=\"elementor-icon-box-content\">\n\n\t\t\t\t\t\t\t\t\t<h3 class=\"elementor-icon-box-title\">\n\t\t\t\t\t\t<span  >\n\t\t\t\t\t\t\t5.- Llic\u00e8ncia d'obra i impost de construccions i obres\t\t\t\t\t\t<\/span>\n\t\t\t\t\t<\/h3>\n\t\t\t\t\n\t\t\t\t\t\t\t\t\t<p class=\"elementor-icon-box-description\">\n\t\t\t\t\t\tTr\u00e0mit de car\u00e0cter local que dependr\u00e0 exclusivament del municipi en el qual estiguem. Pot ser que \u00fanicament ens requerisquen una declaraci\u00f3 responsable, o pot ser que ens requerisquen una llic\u00e8ncia d'obra.\t\t\t\t\t<\/p>\n\t\t\t\t\n\t\t\t<\/div>\n\t\t\t\n\t\t<\/div>\n\t\t\t\t\t\t<\/div>\n\t\t\t\t<\/div>\n\t\t\t\t\t<\/div>\n\t\t<\/div>\n\t\t\t\t<div class=\"elementor-column elementor-col-50 elementor-inner-column elementor-element elementor-element-a1ae332\" data-id=\"a1ae332\" data-element_type=\"column\" data-e-type=\"column\" data-settings=\"{&quot;background_background&quot;:&quot;classic&quot;}\">\n\t\t\t<div class=\"elementor-widget-wrap elementor-element-populated\">\n\t\t\t\t\t\t<div class=\"elementor-element elementor-element-9281c18 elementor-widget elementor-widget-icon-box\" data-id=\"9281c18\" data-element_type=\"widget\" data-e-type=\"widget\" data-widget_type=\"icon-box.default\">\n\t\t\t\t<div class=\"elementor-widget-container\">\n\t\t\t\t\t\t\t<div class=\"elementor-icon-box-wrapper\">\n\n\t\t\t\n\t\t\t\t\t\t<div class=\"elementor-icon-box-content\">\n\n\t\t\t\t\t\t\t\t\t<h3 class=\"elementor-icon-box-title\">\n\t\t\t\t\t\t<span  >\n\t\t\t\t\t\t\t6.- Certificat de final d'obres\t\t\t\t\t\t<\/span>\n\t\t\t\t\t<\/h3>\n\t\t\t\t\n\t\t\t\t\t\t\t\t\t<p class=\"elementor-icon-box-description\">\n\t\t\t\t\t\tTr\u00e0mit important, dep\u00e8n tamb\u00e9 de si \u00e9s una instal\u00b7laci\u00f3 de menys de 10kW o de m\u00e9s. En cas que siga de menys, ser\u00e0 suficient amb presentar el certificat el\u00e8ctric de la instal\u00b7laci\u00f3 a l'\u00f2rgan competent auton\u00f2mic. Si \u00e9s de m\u00e9s, ser\u00e0 necessari presentar el certificat de final d'obra.\t\t\t\t\t<\/p>\n\t\t\t\t\n\t\t\t<\/div>\n\t\t\t\n\t\t<\/div>\n\t\t\t\t\t\t<\/div>\n\t\t\t\t<\/div>\n\t\t\t\t\t<\/div>\n\t\t<\/div>\n\t\t\t\t\t<\/div>\n\t\t<\/section>\n\t\t\t\t<section class=\"elementor-section elementor-inner-section elementor-element elementor-element-ae9cbc6 elementor-section-boxed elementor-section-height-default elementor-section-height-default\" data-id=\"ae9cbc6\" data-element_type=\"section\" data-e-type=\"section\">\n\t\t\t\t\t\t<div class=\"elementor-container elementor-column-gap-default\">\n\t\t\t\t\t<div class=\"elementor-column elementor-col-50 elementor-inner-column elementor-element elementor-element-594b8b1\" data-id=\"594b8b1\" data-element_type=\"column\" data-e-type=\"column\" data-settings=\"{&quot;background_background&quot;:&quot;classic&quot;}\">\n\t\t\t<div class=\"elementor-widget-wrap elementor-element-populated\">\n\t\t\t\t\t\t<div class=\"elementor-element elementor-element-d73abb3 elementor-widget elementor-widget-icon-box\" data-id=\"d73abb3\" data-element_type=\"widget\" data-e-type=\"widget\" data-widget_type=\"icon-box.default\">\n\t\t\t\t<div class=\"elementor-widget-container\">\n\t\t\t\t\t\t\t<div class=\"elementor-icon-box-wrapper\">\n\n\t\t\t\n\t\t\t\t\t\t<div class=\"elementor-icon-box-content\">\n\n\t\t\t\t\t\t\t\t\t<h3 class=\"elementor-icon-box-title\">\n\t\t\t\t\t\t<span  >\n\t\t\t\t\t\t\t7.- Contracte d'acc\u00e9s i de subministrament amb la distribu\u00efdora de la CC.AA.\t\t\t\t\t\t<\/span>\n\t\t\t\t\t<\/h3>\n\t\t\t\t\n\t\t\t\t\t\t\t\t\t<p class=\"elementor-icon-box-description\">\n\t\t\t\t\t\tDep\u00e8n d'on ens trobem i de la distribu\u00efdora que treballe (Iberdrola, ENDESA...). Normalment, aquest contracte no sol ser necessari per a instal\u00b7lacions menudes, per\u00f2 \u00e9s un tr\u00e0mit important en les instal\u00b7lacions de m\u00e9s de 100kW amb excedents.\t\t\t\t\t<\/p>\n\t\t\t\t\n\t\t\t<\/div>\n\t\t\t\n\t\t<\/div>\n\t\t\t\t\t\t<\/div>\n\t\t\t\t<\/div>\n\t\t\t\t\t<\/div>\n\t\t<\/div>\n\t\t\t\t<div class=\"elementor-column elementor-col-50 elementor-inner-column elementor-element elementor-element-0f83d37\" data-id=\"0f83d37\" data-element_type=\"column\" data-e-type=\"column\" data-settings=\"{&quot;background_background&quot;:&quot;classic&quot;}\">\n\t\t\t<div class=\"elementor-widget-wrap elementor-element-populated\">\n\t\t\t\t\t\t<div class=\"elementor-element elementor-element-d4a93db elementor-widget elementor-widget-icon-box\" data-id=\"d4a93db\" data-element_type=\"widget\" data-e-type=\"widget\" data-widget_type=\"icon-box.default\">\n\t\t\t\t<div class=\"elementor-widget-container\">\n\t\t\t\t\t\t\t<div class=\"elementor-icon-box-wrapper\">\n\n\t\t\t\n\t\t\t\t\t\t<div class=\"elementor-icon-box-content\">\n\n\t\t\t\t\t\t\t\t\t<h3 class=\"elementor-icon-box-title\">\n\t\t\t\t\t\t<span  >\n\t\t\t\t\t\t\t8.- Llic\u00e8ncia d'activitat i acords de repartiment i compensaci\u00f3\t\t\t\t\t\t<\/span>\n\t\t\t\t\t<\/h3>\n\t\t\t\t\n\t\t\t\t\n\t\t\t<\/div>\n\t\t\t\n\t\t<\/div>\n\t\t\t\t\t\t<\/div>\n\t\t\t\t<\/div>\n\t\t\t\t\t<\/div>\n\t\t<\/div>\n\t\t\t\t\t<\/div>\n\t\t<\/section>\n\t\t\t\t<section class=\"elementor-section elementor-inner-section elementor-element elementor-element-cd6aa86 elementor-section-boxed elementor-section-height-default elementor-section-height-default\" data-id=\"cd6aa86\" data-element_type=\"section\" data-e-type=\"section\">\n\t\t\t\t\t\t<div class=\"elementor-container elementor-column-gap-default\">\n\t\t\t\t\t<div class=\"elementor-column elementor-col-50 elementor-inner-column elementor-element elementor-element-caaef44\" data-id=\"caaef44\" data-element_type=\"column\" data-e-type=\"column\" data-settings=\"{&quot;background_background&quot;:&quot;classic&quot;}\">\n\t\t\t<div class=\"elementor-widget-wrap elementor-element-populated\">\n\t\t\t\t\t\t<div class=\"elementor-element elementor-element-f2fe3db elementor-widget elementor-widget-icon-box\" data-id=\"f2fe3db\" data-element_type=\"widget\" data-e-type=\"widget\" data-widget_type=\"icon-box.default\">\n\t\t\t\t<div class=\"elementor-widget-container\">\n\t\t\t\t\t\t\t<div class=\"elementor-icon-box-wrapper\">\n\n\t\t\t\n\t\t\t\t\t\t<div class=\"elementor-icon-box-content\">\n\n\t\t\t\t\t\t\t\t\t<h3 class=\"elementor-icon-box-title\">\n\t\t\t\t\t\t<span  >\n\t\t\t\t\t\t\t9.- Inscripci\u00f3 en el registre auton\u00f2mic d'autoconsum\t\t\t\t\t\t<\/span>\n\t\t\t\t\t<\/h3>\n\t\t\t\t\n\t\t\t\t\t\t\t\t\t<p class=\"elementor-icon-box-description\">\n\t\t\t\t\t\tDe nou, les instal\u00b7lacions de menys de 100kW, estarien exemptes\t\t\t\t\t<\/p>\n\t\t\t\t\n\t\t\t<\/div>\n\t\t\t\n\t\t<\/div>\n\t\t\t\t\t\t<\/div>\n\t\t\t\t<\/div>\n\t\t\t\t\t<\/div>\n\t\t<\/div>\n\t\t\t\t<div class=\"elementor-column elementor-col-50 elementor-inner-column elementor-element elementor-element-4e48032\" data-id=\"4e48032\" data-element_type=\"column\" data-e-type=\"column\" data-settings=\"{&quot;background_background&quot;:&quot;classic&quot;}\">\n\t\t\t<div class=\"elementor-widget-wrap elementor-element-populated\">\n\t\t\t\t\t\t<div class=\"elementor-element elementor-element-f1a0a42 elementor-widget elementor-widget-icon-box\" data-id=\"f1a0a42\" data-element_type=\"widget\" data-e-type=\"widget\" data-widget_type=\"icon-box.default\">\n\t\t\t\t<div class=\"elementor-widget-container\">\n\t\t\t\t\t\t\t<div class=\"elementor-icon-box-wrapper\">\n\n\t\t\t\n\t\t\t\t\t\t<div class=\"elementor-icon-box-content\">\n\n\t\t\t\t\t\t\t\t\t<h3 class=\"elementor-icon-box-title\">\n\t\t\t\t\t\t<span  >\n\t\t\t\t\t\t\t10.- Inscripci\u00f3 en el registre administratiu d'instal\u00b7lacions productores d'energia el\u00e8ctrica (RAIPEE)\t\t\t\t\t\t<\/span>\n\t\t\t\t\t<\/h3>\n\t\t\t\t\n\t\t\t\t\n\t\t\t<\/div>\n\t\t\t\n\t\t<\/div>\n\t\t\t\t\t\t<\/div>\n\t\t\t\t<\/div>\n\t\t\t\t\t<\/div>\n\t\t<\/div>\n\t\t\t\t\t<\/div>\n\t\t<\/section>\n\t\t\t\t<div class=\"elementor-element elementor-element-517c62e elementor-widget elementor-widget-text-editor\" data-id=\"517c62e\" data-element_type=\"widget\" data-e-type=\"widget\" data-widget_type=\"text-editor.default\">\n\t\t\t\t<div class=\"elementor-widget-container\">\n\t\t\t\t\t\t\t\t\t<p>En cas de dubtes, aqu\u00ed us adjuntem la Guia professional de tramitaci\u00f3 de l&#8217;autoconsum de l&#8217;Institut per a la Diversificaci\u00f3 i Estalvi de l&#8217;Energia (IDAE) actualitzada aquest mateix mes de gener (2023).<\/p><p style=\"text-align: center;\"><a href=\"https:\/\/www.idae.es\/publicaciones\/guia-profesional-de-tramitacion-del-autoconsumo\" target=\"_blank\" rel=\"noopener\"><span style=\"text-decoration: underline;\"><strong>Gu\u00eda professional de tramitaci\u00f3 de l&#8217;autoconsum del IDAE<\/strong><\/span><\/a><\/p>\t\t\t\t\t\t\t\t<\/div>\n\t\t\t\t<\/div>\n\t\t\t\t\t<\/div>\n\t\t<\/div>\n\t\t\t\t\t<\/div>\n\t\t<\/section>\n\t\t\t\t<section class=\"elementor-section elementor-top-section elementor-element elementor-element-62f7018 elementor-section-boxed elementor-section-height-default elementor-section-height-default\" data-id=\"62f7018\" data-element_type=\"section\" data-e-type=\"section\">\n\t\t\t\t\t\t<div class=\"elementor-container elementor-column-gap-default\">\n\t\t\t\t\t<div class=\"elementor-column elementor-col-100 elementor-top-column elementor-element elementor-element-9f7e913\" data-id=\"9f7e913\" data-element_type=\"column\" data-e-type=\"column\">\n\t\t\t<div class=\"elementor-widget-wrap elementor-element-populated\">\n\t\t\t\t\t\t<div class=\"elementor-element elementor-element-452e477 elementor-widget elementor-widget-heading\" data-id=\"452e477\" data-element_type=\"widget\" data-e-type=\"widget\" data-widget_type=\"heading.default\">\n\t\t\t\t<div class=\"elementor-widget-container\">\n\t\t\t\t\t<span class=\"elementor-heading-title elementor-size-default\">Resolem els teus dubtes<\/span>\t\t\t\t<\/div>\n\t\t\t\t<\/div>\n\t\t\t\t<div class=\"elementor-element elementor-element-efe01c6 elementor-widget elementor-widget-text-editor\" data-id=\"efe01c6\" data-element_type=\"widget\" data-e-type=\"widget\" data-widget_type=\"text-editor.default\">\n\t\t\t\t<div class=\"elementor-widget-container\">\n\t\t\t\t\t\t\t\t\t<p>Aquestes s\u00f3n algunes de les preguntes m\u00e9s freq\u00fcents, per\u00f2 si tens m\u00e9s dubtes estarem encantats d\u2019atendre\u2019t.<\/p>\t\t\t\t\t\t\t\t<\/div>\n\t\t\t\t<\/div>\n\t\t\t\t\t<\/div>\n\t\t<\/div>\n\t\t\t\t\t<\/div>\n\t\t<\/section>\n\t\t\t\t<section class=\"elementor-section elementor-top-section elementor-element elementor-element-65d52d3 elementor-section-boxed elementor-section-height-default elementor-section-height-default\" data-id=\"65d52d3\" data-element_type=\"section\" data-e-type=\"section\">\n\t\t\t\t\t\t<div class=\"elementor-container elementor-column-gap-default\">\n\t\t\t\t\t<div class=\"elementor-column elementor-col-100 elementor-top-column elementor-element elementor-element-04bb9f4\" data-id=\"04bb9f4\" data-element_type=\"column\" data-e-type=\"column\">\n\t\t\t<div class=\"elementor-widget-wrap elementor-element-populated\">\n\t\t\t\t\t\t<div class=\"elementor-element elementor-element-b29afb7 elementor-widget elementor-widget-heading\" data-id=\"b29afb7\" data-element_type=\"widget\" data-e-type=\"widget\" data-widget_type=\"heading.default\">\n\t\t\t\t<div class=\"elementor-widget-container\">\n\t\t\t\t\t<h2 class=\"elementor-heading-title elementor-size-default\">\u00c9s obligatori legalitzar la meva instal\u00b7laci\u00f3 fotovoltaica?<\/h2>\t\t\t\t<\/div>\n\t\t\t\t<\/div>\n\t\t\t\t<div class=\"elementor-element elementor-element-765c914 elementor-widget elementor-widget-text-editor\" data-id=\"765c914\" data-element_type=\"widget\" data-e-type=\"widget\" data-widget_type=\"text-editor.default\">\n\t\t\t\t<div class=\"elementor-widget-container\">\n\t\t\t\t\t\t\t\t\t<p>Per descomptat, legalitzar qualsevol instal\u00b7laci\u00f3 fotovoltaica \u00e9s un aspecte fonamental, ja que ens referim al compliment de la llei. Executar una instal\u00b7laci\u00f3 sense llic\u00e8ncia d&#8217;obra seria motiu de sanci\u00f3, tant per al promotor com per a l&#8217;empresa instal\u00b7ladora.<\/p>\t\t\t\t\t\t\t\t<\/div>\n\t\t\t\t<\/div>\n\t\t\t\t<div class=\"elementor-element elementor-element-245c75f elementor-widget elementor-widget-heading\" data-id=\"245c75f\" data-element_type=\"widget\" data-e-type=\"widget\" data-widget_type=\"heading.default\">\n\t\t\t\t<div class=\"elementor-widget-container\">\n\t\t\t\t\t<h2 class=\"elementor-heading-title elementor-size-default\">Qui pot legalitzar una instal\u00b7laci\u00f3 fotovoltaica?<\/h2>\t\t\t\t<\/div>\n\t\t\t\t<\/div>\n\t\t\t\t<div class=\"elementor-element elementor-element-ed23874 elementor-widget elementor-widget-text-editor\" data-id=\"ed23874\" data-element_type=\"widget\" data-e-type=\"widget\" data-widget_type=\"text-editor.default\">\n\t\t\t\t<div class=\"elementor-widget-container\">\n\t\t\t\t\t\t\t\t\t<p>La quantitat de tr\u00e0mits administratius que comporta la legalitzaci\u00f3 d&#8217;una instal\u00b7laci\u00f3 fotovoltaica, aix\u00ed com la seua diversitat segons l&#8217;\u00e0mbit (estatal, auton\u00f2mica o local) poden dificultar el proc\u00e9s per a un usuari est\u00e0ndard. Tamb\u00e9, el fet que el proc\u00e9s, per nou i innovador, es troba en constant canvi.<\/p><p>En Cam\u00edSolar disposem d&#8217;un departament de legalitzaci\u00f3 que t&#8217;ajudar\u00e0 amb tot el proc\u00e9s de tramitaci\u00f3: elaborarem la documentaci\u00f3 t\u00e8cnica i necess\u00e0ria per a presentar-la en la localitat, ajuntament, comunitat aut\u00f2noma o organisme estatal pertinent.<\/p>\t\t\t\t\t\t\t\t<\/div>\n\t\t\t\t<\/div>\n\t\t\t\t\t<\/div>\n\t\t<\/div>\n\t\t\t\t\t<\/div>\n\t\t<\/section>\n\t\t\t\t<\/div>\n\t\t","protected":false},"excerpt":{"rendered":"<p>Legalitzar Instal\u00b7laci\u00f3 Fotovoltaica Val\u00e8ncia Te ayudamos en el proceso de legalizaci\u00f3n de tus placas solares. T&#8217;ajudem en el proc\u00e9s de legalitzaci\u00f3 de les teues plaques solars. Tot i que ja t&#8217;hages decidit a passar-te a l&#8217;autoconsum solar fotovoltaic, has de saber que el proc\u00e9s no conclou quan acaba l&#8217;obra. Legalitzar una instal\u00b7laci\u00f3 solar comporta alguns [&hellip;]<\/p>\n","protected":false},"author":2,"featured_media":0,"parent":0,"menu_order":0,"comment_status":"closed","ping_status":"closed","template":"","meta":{"_crdt_document":"","site-sidebar-layout":"no-sidebar","site-content-layout":"page-builder","ast-site-content-layout":"full-width-container","site-content-style":"unboxed","site-sidebar-style":"unboxed","ast-global-header-display":"","ast-banner-title-visibility":"","ast-main-header-display":"","ast-hfb-above-header-display":"","ast-hfb-below-header-display":"","ast-hfb-mobile-header-display":"","site-post-title":"disabled","ast-breadcrumbs-content":"","ast-featured-img":"disabled","footer-sml-layout":"","theme-transparent-header-meta":"enabled","adv-header-id-meta":"","stick-header-meta":"","header-above-stick-meta":"","header-main-stick-meta":"","header-below-stick-meta":"","astra-migrate-meta-layouts":"set","ast-page-background-enabled":"default","ast-page-background-meta":{"desktop":{"background-color":"","background-image":"","background-repeat":"repeat","background-position":"center center","background-size":"auto","background-attachment":"scroll","background-type":"","background-media":"","overlay-type":"","overlay-color":"","overlay-opacity":"","overlay-gradient":""},"tablet":{"background-color":"","background-image":"","background-repeat":"repeat","background-position":"center center","background-size":"auto","background-attachment":"scroll","background-type":"","background-media":"","overlay-type":"","overlay-color":"","overlay-opacity":"","overlay-gradient":""},"mobile":{"background-color":"","background-image":"","background-repeat":"repeat","background-position":"center center","background-size":"auto","background-attachment":"scroll","background-type":"","background-media":"","overlay-type":"","overlay-color":"","overlay-opacity":"","overlay-gradient":""}},"ast-content-background-meta":{"desktop":{"background-color":"var(--ast-global-color-5)","background-image":"","background-repeat":"repeat","background-position":"center center","background-size":"auto","background-attachment":"scroll","background-type":"","background-media":"","overlay-type":"","overlay-color":"","overlay-opacity":"","overlay-gradient":""},"tablet":{"background-color":"var(--ast-global-color-5)","background-image":"","background-repeat":"repeat","background-position":"center center","background-size":"auto","background-attachment":"scroll","background-type":"","background-media":"","overlay-type":"","overlay-color":"","overlay-opacity":"","overlay-gradient":""},"mobile":{"background-color":"var(--ast-global-color-5)","background-image":"","background-repeat":"repeat","background-position":"center center","background-size":"auto","background-attachment":"scroll","background-type":"","background-media":"","overlay-type":"","overlay-color":"","overlay-opacity":"","overlay-gradient":""}},"_joinchat":[],"footnotes":""},"class_list":["post-5260","page","type-page","status-publish","hentry"],"yoast_head":"<!-- This site is optimized with the Yoast SEO plugin v26.9 - https:\/\/yoast.com\/product\/yoast-seo-wordpress\/ -->\n<title>Legalitzar instal\u00b7laci\u00f3 fotovoltaica Val\u00e8ncia | Cam\u00edSolar<\/title>\n<meta name=\"description\" content=\"Legalitza la teua Instal\u00b7laci\u00f3 Fotovoltaica a Val\u00e8ncia: \u26a1 Obt\u00edn els Requisits i Tr\u00e0mits necessaris per a gaudir de l&#039;Energia Solar de manera Legal i Sostenible.\" \/>\n<meta name=\"robots\" content=\"index, follow, max-snippet:-1, max-image-preview:large, max-video-preview:-1\" \/>\n<link rel=\"canonical\" href=\"https:\/\/camisolar.com\/va\/legalitzacio-de-plaques-solars\/\" \/>\n<meta property=\"og:locale\" content=\"en_US\" \/>\n<meta property=\"og:type\" content=\"article\" \/>\n<meta property=\"og:title\" content=\"Autoconsumo energ\u00e9tico- placas solares- Cam\u00edsolar\" \/>\n<meta property=\"og:description\" content=\"Legalitza la teua Instal\u00b7laci\u00f3 Fotovoltaica a Val\u00e8ncia: \u26a1 Obt\u00edn els Requisits i Tr\u00e0mits necessaris per a gaudir de l&#039;Energia Solar de manera Legal i Sostenible.\" \/>\n<meta property=\"og:url\" content=\"https:\/\/camisolar.com\/va\/legalitzacio-de-plaques-solars\/\" \/>\n<meta property=\"og:site_name\" content=\"Cam\u00edSolar\" \/>\n<meta property=\"article:publisher\" content=\"https:\/\/www.facebook.com\/camisolarfotovoltaica\/\" \/>\n<meta property=\"article:modified_time\" content=\"2026-02-16T17:02:06+00:00\" \/>\n<meta property=\"og:image\" content=\"https:\/\/camisolar.com\/wp-content\/uploads\/2021\/05\/camisolar.jpg\" \/>\n\t<meta property=\"og:image:width\" content=\"1000\" \/>\n\t<meta property=\"og:image:height\" content=\"600\" \/>\n\t<meta property=\"og:image:type\" content=\"image\/jpeg\" \/>\n<meta name=\"twitter:card\" content=\"summary_large_image\" \/>\n<meta name=\"twitter:title\" content=\"Autoconsumo energ\u00e9tico- placas solares- Cam\u00edsolar\" \/>\n<meta name=\"twitter:image\" content=\"https:\/\/camisolar.com\/wp-content\/uploads\/2021\/05\/camisolar.jpg\" \/>\n<meta name=\"twitter:label1\" content=\"Est. reading time\" \/>\n\t<meta name=\"twitter:data1\" content=\"5 minutes\" \/>\n<script type=\"application\/ld+json\" class=\"yoast-schema-graph\">{\"@context\":\"https:\/\/schema.org\",\"@graph\":[{\"@type\":\"WebPage\",\"@id\":\"https:\/\/camisolar.com\/va\/legalitzacio-de-plaques-solars\/\",\"url\":\"https:\/\/camisolar.com\/va\/legalitzacio-de-plaques-solars\/\",\"name\":\"Legalitzar instal\u00b7laci\u00f3 fotovoltaica Val\u00e8ncia | Cam\u00edSolar\",\"isPartOf\":{\"@id\":\"https:\/\/camisolar.com\/va\/#website\"},\"datePublished\":\"2022-12-13T15:40:01+00:00\",\"dateModified\":\"2026-02-16T17:02:06+00:00\",\"description\":\"Legalitza la teua Instal\u00b7laci\u00f3 Fotovoltaica a Val\u00e8ncia: \u26a1 Obt\u00edn els Requisits i Tr\u00e0mits necessaris per a gaudir de l'Energia Solar de manera Legal i Sostenible.\",\"breadcrumb\":{\"@id\":\"https:\/\/camisolar.com\/va\/legalitzacio-de-plaques-solars\/#breadcrumb\"},\"inLanguage\":\"ca-es\",\"potentialAction\":[{\"@type\":\"ReadAction\",\"target\":[\"https:\/\/camisolar.com\/va\/legalitzacio-de-plaques-solars\/\"]}]},{\"@type\":\"BreadcrumbList\",\"@id\":\"https:\/\/camisolar.com\/va\/legalitzacio-de-plaques-solars\/#breadcrumb\",\"itemListElement\":[{\"@type\":\"ListItem\",\"position\":1,\"name\":\"Inici\",\"item\":\"https:\/\/camisolar.com\/va\/\"},{\"@type\":\"ListItem\",\"position\":2,\"name\":\"Legalitzaci\u00f3\"}]},{\"@type\":\"WebSite\",\"@id\":\"https:\/\/camisolar.com\/va\/#website\",\"url\":\"https:\/\/camisolar.com\/va\/\",\"name\":\"Cam\u00edSolar\",\"description\":\"En Cam\u00edsolar, estamos especializados en energ\u00eda fotovoltaica y solar en Valencia. Conoce este recurso limpio e inagotable para tu hogar o empresa.\",\"publisher\":{\"@id\":\"https:\/\/camisolar.com\/va\/#organization\"},\"potentialAction\":[{\"@type\":\"SearchAction\",\"target\":{\"@type\":\"EntryPoint\",\"urlTemplate\":\"https:\/\/camisolar.com\/va\/?s={search_term_string}\"},\"query-input\":{\"@type\":\"PropertyValueSpecification\",\"valueRequired\":true,\"valueName\":\"search_term_string\"}}],\"inLanguage\":\"ca-es\"},{\"@type\":\"Organization\",\"@id\":\"https:\/\/camisolar.com\/va\/#organization\",\"name\":\"Cam\u00edSolar\",\"url\":\"https:\/\/camisolar.com\/va\/\",\"logo\":{\"@type\":\"ImageObject\",\"inLanguage\":\"ca-es\",\"@id\":\"https:\/\/camisolar.com\/va\/#\/schema\/logo\/image\/\",\"url\":\"https:\/\/camisolar.com\/wp-content\/uploads\/2021\/05\/camisolar.jpg\",\"contentUrl\":\"https:\/\/camisolar.com\/wp-content\/uploads\/2021\/05\/camisolar.jpg\",\"width\":1000,\"height\":600,\"caption\":\"Cam\u00edSolar\"},\"image\":{\"@id\":\"https:\/\/camisolar.com\/va\/#\/schema\/logo\/image\/\"},\"sameAs\":[\"https:\/\/www.facebook.com\/camisolarfotovoltaica\/\",\"https:\/\/www.instagram.com\/camisolar.fotovoltaica\/\"]}]}<\/script>\n<!-- \/ Yoast SEO plugin. -->","yoast_head_json":{"title":"Legalitzar instal\u00b7laci\u00f3 fotovoltaica Val\u00e8ncia | Cam\u00edSolar","description":"Legalitza la teua Instal\u00b7laci\u00f3 Fotovoltaica a Val\u00e8ncia: \u26a1 Obt\u00edn els Requisits i Tr\u00e0mits necessaris per a gaudir de l'Energia Solar de manera Legal i Sostenible.","robots":{"index":"index","follow":"follow","max-snippet":"max-snippet:-1","max-image-preview":"max-image-preview:large","max-video-preview":"max-video-preview:-1"},"canonical":"https:\/\/camisolar.com\/va\/legalitzacio-de-plaques-solars\/","og_locale":"en_US","og_type":"article","og_title":"Autoconsumo energ\u00e9tico- placas solares- Cam\u00edsolar","og_description":"Legalitza la teua Instal\u00b7laci\u00f3 Fotovoltaica a Val\u00e8ncia: \u26a1 Obt\u00edn els Requisits i Tr\u00e0mits necessaris per a gaudir de l'Energia Solar de manera Legal i Sostenible.","og_url":"https:\/\/camisolar.com\/va\/legalitzacio-de-plaques-solars\/","og_site_name":"Cam\u00edSolar","article_publisher":"https:\/\/www.facebook.com\/camisolarfotovoltaica\/","article_modified_time":"2026-02-16T17:02:06+00:00","og_image":[{"width":1000,"height":600,"url":"https:\/\/camisolar.com\/wp-content\/uploads\/2021\/05\/camisolar.jpg","type":"image\/jpeg"}],"twitter_card":"summary_large_image","twitter_title":"Autoconsumo energ\u00e9tico- placas solares- Cam\u00edsolar","twitter_image":"https:\/\/camisolar.com\/wp-content\/uploads\/2021\/05\/camisolar.jpg","twitter_misc":{"Est. reading time":"5 minutes"},"schema":{"@context":"https:\/\/schema.org","@graph":[{"@type":"WebPage","@id":"https:\/\/camisolar.com\/va\/legalitzacio-de-plaques-solars\/","url":"https:\/\/camisolar.com\/va\/legalitzacio-de-plaques-solars\/","name":"Legalitzar instal\u00b7laci\u00f3 fotovoltaica Val\u00e8ncia | Cam\u00edSolar","isPartOf":{"@id":"https:\/\/camisolar.com\/va\/#website"},"datePublished":"2022-12-13T15:40:01+00:00","dateModified":"2026-02-16T17:02:06+00:00","description":"Legalitza la teua Instal\u00b7laci\u00f3 Fotovoltaica a Val\u00e8ncia: \u26a1 Obt\u00edn els Requisits i Tr\u00e0mits necessaris per a gaudir de l'Energia Solar de manera Legal i Sostenible.","breadcrumb":{"@id":"https:\/\/camisolar.com\/va\/legalitzacio-de-plaques-solars\/#breadcrumb"},"inLanguage":"ca-es","potentialAction":[{"@type":"ReadAction","target":["https:\/\/camisolar.com\/va\/legalitzacio-de-plaques-solars\/"]}]},{"@type":"BreadcrumbList","@id":"https:\/\/camisolar.com\/va\/legalitzacio-de-plaques-solars\/#breadcrumb","itemListElement":[{"@type":"ListItem","position":1,"name":"Inici","item":"https:\/\/camisolar.com\/va\/"},{"@type":"ListItem","position":2,"name":"Legalitzaci\u00f3"}]},{"@type":"WebSite","@id":"https:\/\/camisolar.com\/va\/#website","url":"https:\/\/camisolar.com\/va\/","name":"Cam\u00edSolar","description":"En Cam\u00edsolar, estamos especializados en energ\u00eda fotovoltaica y solar en Valencia. Conoce este recurso limpio e inagotable para tu hogar o empresa.","publisher":{"@id":"https:\/\/camisolar.com\/va\/#organization"},"potentialAction":[{"@type":"SearchAction","target":{"@type":"EntryPoint","urlTemplate":"https:\/\/camisolar.com\/va\/?s={search_term_string}"},"query-input":{"@type":"PropertyValueSpecification","valueRequired":true,"valueName":"search_term_string"}}],"inLanguage":"ca-es"},{"@type":"Organization","@id":"https:\/\/camisolar.com\/va\/#organization","name":"Cam\u00edSolar","url":"https:\/\/camisolar.com\/va\/","logo":{"@type":"ImageObject","inLanguage":"ca-es","@id":"https:\/\/camisolar.com\/va\/#\/schema\/logo\/image\/","url":"https:\/\/camisolar.com\/wp-content\/uploads\/2021\/05\/camisolar.jpg","contentUrl":"https:\/\/camisolar.com\/wp-content\/uploads\/2021\/05\/camisolar.jpg","width":1000,"height":600,"caption":"Cam\u00edSolar"},"image":{"@id":"https:\/\/camisolar.com\/va\/#\/schema\/logo\/image\/"},"sameAs":["https:\/\/www.facebook.com\/camisolarfotovoltaica\/","https:\/\/www.instagram.com\/camisolar.fotovoltaica\/"]}]}},"_links":{"self":[{"href":"https:\/\/camisolar.com\/va\/wp-json\/wp\/v2\/pages\/5260","targetHints":{"allow":["GET"]}}],"collection":[{"href":"https:\/\/camisolar.com\/va\/wp-json\/wp\/v2\/pages"}],"about":[{"href":"https:\/\/camisolar.com\/va\/wp-json\/wp\/v2\/types\/page"}],"author":[{"embeddable":true,"href":"https:\/\/camisolar.com\/va\/wp-json\/wp\/v2\/users\/2"}],"replies":[{"embeddable":true,"href":"https:\/\/camisolar.com\/va\/wp-json\/wp\/v2\/comments?post=5260"}],"version-history":[{"count":1,"href":"https:\/\/camisolar.com\/va\/wp-json\/wp\/v2\/pages\/5260\/revisions"}],"predecessor-version":[{"id":6214,"href":"https:\/\/camisolar.com\/va\/wp-json\/wp\/v2\/pages\/5260\/revisions\/6214"}],"wp:attachment":[{"href":"https:\/\/camisolar.com\/va\/wp-json\/wp\/v2\/media?parent=5260"}],"curies":[{"name":"wp","href":"https:\/\/api.w.org\/{rel}","templated":true}]}}