{"id":6215,"date":"2023-12-22T18:12:25","date_gmt":"2023-12-22T18:12:25","guid":{"rendered":"https:\/\/camisolar.com\/instal%c2%b7lacio-de-plaques-solars-per-a-comunitats-de-veins\/"},"modified":"2026-02-16T17:00:41","modified_gmt":"2026-02-16T17:00:41","slug":"plaques-solars-comunitad-veins","status":"publish","type":"page","link":"https:\/\/camisolar.com\/va\/plaques-solars-comunitad-veins\/","title":{"rendered":"Instal\u00b7laci\u00f3 de plaques solars per a comunitats de ve\u00efns"},"content":{"rendered":"\t\t<div data-elementor-type=\"wp-post\" data-elementor-id=\"6215\" class=\"elementor elementor-6215 elementor-6157\" data-elementor-post-type=\"page\">\n\t\t\t\t\t\t<section class=\"elementor-section elementor-top-section elementor-element elementor-element-4ae63c00 elementor-section-stretched elementor-section-height-min-height elementor-section-boxed elementor-section-height-default elementor-section-items-middle elementor-invisible\" data-id=\"4ae63c00\" data-element_type=\"section\" data-e-type=\"section\" data-settings=\"{&quot;background_background&quot;:&quot;classic&quot;,&quot;stretch_section&quot;:&quot;section-stretched&quot;,&quot;animation&quot;:&quot;fadeIn&quot;}\">\n\t\t\t\t\t\t\t<div class=\"elementor-background-overlay\"><\/div>\n\t\t\t\t\t\t\t<div class=\"elementor-container elementor-column-gap-no\">\n\t\t\t\t\t<div class=\"elementor-column elementor-col-100 elementor-top-column elementor-element elementor-element-2df56f35\" data-id=\"2df56f35\" data-element_type=\"column\" data-e-type=\"column\">\n\t\t\t<div class=\"elementor-widget-wrap elementor-element-populated\">\n\t\t\t\t\t\t<div class=\"elementor-element elementor-element-1a0987e elementor-widget elementor-widget-template\" data-id=\"1a0987e\" data-element_type=\"widget\" data-e-type=\"widget\" data-widget_type=\"template.default\">\n\t\t\t\t<div class=\"elementor-widget-container\">\n\t\t\t\t\t\t\t<div class=\"elementor-template\">\n\t\t\t\t\t<div data-elementor-type=\"section\" data-elementor-id=\"3893\" class=\"elementor elementor-3893\" data-elementor-post-type=\"elementor_library\">\n\t\t\t\t\t<section class=\"elementor-section elementor-top-section elementor-element elementor-element-ff59f05 elementor-section-full_width elementor-section-height-default elementor-section-height-default\" data-id=\"ff59f05\" data-element_type=\"section\" data-e-type=\"section\">\n\t\t\t\t\t\t<div class=\"elementor-container elementor-column-gap-default\">\n\t\t\t\t\t<div class=\"elementor-column elementor-col-100 elementor-top-column elementor-element elementor-element-75a3084\" data-id=\"75a3084\" data-element_type=\"column\" data-e-type=\"column\">\n\t\t\t<div class=\"elementor-widget-wrap elementor-element-populated\">\n\t\t\t\t\t\t<div class=\"elementor-element elementor-element-cbcd7d6 elementor-align-center elementor-widget elementor-widget-breadcrumbs\" data-id=\"cbcd7d6\" data-element_type=\"widget\" data-e-type=\"widget\" data-widget_type=\"breadcrumbs.default\">\n\t\t\t\t<div class=\"elementor-widget-container\">\n\t\t\t\t\t<p id=\"breadcrumbs\"><span><span><a href=\"https:\/\/camisolar.com\/va\/\">Inici<\/a><\/span><\/span><\/p>\t\t\t\t<\/div>\n\t\t\t\t<\/div>\n\t\t\t\t\t<\/div>\n\t\t<\/div>\n\t\t\t\t\t<\/div>\n\t\t<\/section>\n\t\t\t\t<\/div>\n\t\t\t\t<\/div>\n\t\t\t\t\t\t<\/div>\n\t\t\t\t<\/div>\n\t\t\t\t<div class=\"elementor-element elementor-element-2afa6b23 elementor-widget elementor-widget-heading\" data-id=\"2afa6b23\" data-element_type=\"widget\" data-e-type=\"widget\" data-widget_type=\"heading.default\">\n\t\t\t\t<div class=\"elementor-widget-container\">\n\t\t\t\t\t<h1 class=\"elementor-heading-title elementor-size-default\">Instal\u00b7laci\u00f3 de plaques solars per a comunitats de ve\u00efns<\/h1>\t\t\t\t<\/div>\n\t\t\t\t<\/div>\n\t\t\t\t<div class=\"elementor-element elementor-element-7a01cb37 elementor-widget elementor-widget-heading\" data-id=\"7a01cb37\" data-element_type=\"widget\" data-e-type=\"widget\" data-widget_type=\"heading.default\">\n\t\t\t\t<div class=\"elementor-widget-container\">\n\t\t\t\t\t<h2 class=\"elementor-heading-title elementor-size-default\">impulsant la sostenibilitat energ\u00e8tica<\/h2>\t\t\t\t<\/div>\n\t\t\t\t<\/div>\n\t\t\t\t\t<\/div>\n\t\t<\/div>\n\t\t\t\t\t<\/div>\n\t\t<\/section>\n\t\t\t\t<section class=\"elementor-section elementor-top-section elementor-element elementor-element-ec1133d elementor-section-boxed elementor-section-height-default elementor-section-height-default\" data-id=\"ec1133d\" data-element_type=\"section\" data-e-type=\"section\">\n\t\t\t\t\t\t<div class=\"elementor-container elementor-column-gap-default\">\n\t\t\t\t\t<div class=\"elementor-column elementor-col-100 elementor-top-column elementor-element elementor-element-8d0285f\" data-id=\"8d0285f\" data-element_type=\"column\" data-e-type=\"column\">\n\t\t\t<div class=\"elementor-widget-wrap elementor-element-populated\">\n\t\t\t\t\t\t<div class=\"elementor-element elementor-element-a997cbf elementor-widget elementor-widget-text-editor\" data-id=\"a997cbf\" data-element_type=\"widget\" data-e-type=\"widget\" data-widget_type=\"text-editor.default\">\n\t\t\t\t<div class=\"elementor-widget-container\">\n\t\t\t\t\t\t\t\t\t<p>Encara que solem associar la imatge d&#8217;una teulada repleta de panells solars a un habitatge unifamiliar, l&#8217;energia solar pot arribar a qualsevol tipus de coberta, tamb\u00e9 a la d&#8217;un edifici o bloc de cases.<\/p>\n<p>En el seg\u00fcent espai, repassarem quins s\u00f3n els principals <b>avantatges<\/b> de la instal\u00b7laci\u00f3 de plaques solars per a comunitats de ve\u00efns: <b>estalvi, compensaci\u00f3 d&#8217;excedents, f\u00e0cil acc\u00e9s a l&#8217;autoconsum fotovoltaic, tramitacions accessibles, acc\u00e9s a subvencions, deduccions, bonificacions fiscals<\/b>i molt m\u00e9s! Continua llegint, si vols saber m\u00e9s! Continua llegint, si vols saber m\u00e9s!<\/p>\n\t\t\t\t\t\t\t\t<\/div>\n\t\t\t\t<\/div>\n\t\t\t\t<div class=\"elementor-element elementor-element-3592720 elementor-widget elementor-widget-heading\" data-id=\"3592720\" data-element_type=\"widget\" data-e-type=\"widget\" data-widget_type=\"heading.default\">\n\t\t\t\t<div class=\"elementor-widget-container\">\n\t\t\t\t\t<h2 class=\"elementor-heading-title elementor-size-default\">Per qu\u00e8 triar l'energia solar per a la teva comunitat de ve\u00efns?\n<\/h2>\t\t\t\t<\/div>\n\t\t\t\t<\/div>\n\t\t\t\t<div class=\"elementor-element elementor-element-6de4b859 elementor-widget elementor-widget-text-editor\" data-id=\"6de4b859\" data-element_type=\"widget\" data-e-type=\"widget\" data-widget_type=\"text-editor.default\">\n\t\t\t\t<div class=\"elementor-widget-container\">\n\t\t\t\t\t\t\t\t\t<p>Cada vegada m\u00e9s comunitats de ve\u00efns es plantegen la mateixa pregunta: ens conv\u00e9 instal\u00b7lar plaques solars en la teulada de l&#8217;edifici? A continuaci\u00f3, t&#8217;oferim algunes de les principals raons per les quals passar-se a l&#8217;autoconsum col\u00b7lectiu \u00e9s una <b>magn\u00edfica opci\u00f3<\/b>:<\/p>\n\t\t\t\t\t\t\t\t<\/div>\n\t\t\t\t<\/div>\n\t\t\t\t<section class=\"elementor-section elementor-inner-section elementor-element elementor-element-f2945a1 elementor-section-boxed elementor-section-height-default elementor-section-height-default\" data-id=\"f2945a1\" data-element_type=\"section\" data-e-type=\"section\">\n\t\t\t\t\t\t<div class=\"elementor-container elementor-column-gap-default\">\n\t\t\t\t\t<div class=\"elementor-column elementor-col-50 elementor-inner-column elementor-element elementor-element-4dc67ae8\" data-id=\"4dc67ae8\" data-element_type=\"column\" data-e-type=\"column\">\n\t\t\t<div class=\"elementor-widget-wrap elementor-element-populated\">\n\t\t\t\t\t\t<div class=\"elementor-element elementor-element-23b42015 elementor-widget elementor-widget-heading\" data-id=\"23b42015\" data-element_type=\"widget\" data-e-type=\"widget\" data-widget_type=\"heading.default\">\n\t\t\t\t<div class=\"elementor-widget-container\">\n\t\t\t\t\t<div class=\"elementor-heading-title elementor-size-default\">01.<\/div>\t\t\t\t<\/div>\n\t\t\t\t<\/div>\n\t\t\t\t<div class=\"elementor-element elementor-element-439c68a4 elementor-widget elementor-widget-heading\" data-id=\"439c68a4\" data-element_type=\"widget\" data-e-type=\"widget\" data-widget_type=\"heading.default\">\n\t\t\t\t<div class=\"elementor-widget-container\">\n\t\t\t\t\t<h3 class=\"elementor-heading-title elementor-size-default\">Estalvi energ\u00e8tic i reducci\u00f3 de costos<\/h3>\t\t\t\t<\/div>\n\t\t\t\t<\/div>\n\t\t\t\t<div class=\"elementor-element elementor-element-b25bec7 elementor-widget elementor-widget-text-editor\" data-id=\"b25bec7\" data-element_type=\"widget\" data-e-type=\"widget\" data-widget_type=\"text-editor.default\">\n\t\t\t\t<div class=\"elementor-widget-container\">\n\t\t\t\t\t\t\t\t\t<p>El principal avantatge de la instal\u00b7laci\u00f3 de panells solars en una comunitat de ve\u00efns \u00e9s l&#8217;estalvi energ\u00e8tic i la reducci\u00f3 del cost en la teua factura de la llum. L&#8217;energia generada a trav\u00e9s de la instal\u00b7laci\u00f3 d&#8217;autoconsum col\u00b7lectiu es converteix en energia que es deixa de comprar a la xarxa. L&#8217;estalvi en instal\u00b7lar plaques solars en una comunitat de ve\u00efns pot arribar a aconseguir el 50%, depenent sempre del tipus d&#8217;instal\u00b7laci\u00f3.<\/p>\n\t\t\t\t\t\t\t\t<\/div>\n\t\t\t\t<\/div>\n\t\t\t\t\t<\/div>\n\t\t<\/div>\n\t\t\t\t<div class=\"elementor-column elementor-col-50 elementor-inner-column elementor-element elementor-element-31b03de\" data-id=\"31b03de\" data-element_type=\"column\" data-e-type=\"column\">\n\t\t\t<div class=\"elementor-widget-wrap elementor-element-populated\">\n\t\t\t\t\t\t<div class=\"elementor-element elementor-element-26439476 elementor-widget elementor-widget-heading\" data-id=\"26439476\" data-element_type=\"widget\" data-e-type=\"widget\" data-widget_type=\"heading.default\">\n\t\t\t\t<div class=\"elementor-widget-container\">\n\t\t\t\t\t<div class=\"elementor-heading-title elementor-size-default\">02.<\/div>\t\t\t\t<\/div>\n\t\t\t\t<\/div>\n\t\t\t\t<div class=\"elementor-element elementor-element-4d4b4f5e elementor-widget elementor-widget-heading\" data-id=\"4d4b4f5e\" data-element_type=\"widget\" data-e-type=\"widget\" data-widget_type=\"heading.default\">\n\t\t\t\t<div class=\"elementor-widget-container\">\n\t\t\t\t\t<h3 class=\"elementor-heading-title elementor-size-default\">Contribuci\u00f3 a la sostenibilitat ambiental:<\/h3>\t\t\t\t<\/div>\n\t\t\t\t<\/div>\n\t\t\t\t<div class=\"elementor-element elementor-element-6d3db69e elementor-widget elementor-widget-text-editor\" data-id=\"6d3db69e\" data-element_type=\"widget\" data-e-type=\"widget\" data-widget_type=\"text-editor.default\">\n\t\t\t\t<div class=\"elementor-widget-container\">\n\t\t\t\t\t\t\t\t\t<p>El pas a l&#8217;energia solar en una comunitat de ve\u00efns contribueix significativament a la lluita contra el canvi clim\u00e0tic. L&#8217;explicaci\u00f3 \u00e9s senzilla: si redu\u00efm l&#8217;energia provinent de combustibles f\u00f2ssils, s&#8217;emet una menor quantitat de CO\u2082 a l&#8217;atmosfera, per la qual cosa es redueix la contribuci\u00f3 a l\u2019efecte hivernacle. Nom\u00e9s comptem amb un \u00fanic m\u00f3n: les energies renovables s\u00f3n, sens dubte, una de les millors opcions per a reduir el nostre impacte sobre ell.<\/p>\n\t\t\t\t\t\t\t\t<\/div>\n\t\t\t\t<\/div>\n\t\t\t\t\t<\/div>\n\t\t<\/div>\n\t\t\t\t\t<\/div>\n\t\t<\/section>\n\t\t\t\t<section class=\"elementor-section elementor-inner-section elementor-element elementor-element-6c177ab elementor-section-boxed elementor-section-height-default elementor-section-height-default\" data-id=\"6c177ab\" data-element_type=\"section\" data-e-type=\"section\">\n\t\t\t\t\t\t<div class=\"elementor-container elementor-column-gap-default\">\n\t\t\t\t\t<div class=\"elementor-column elementor-col-50 elementor-inner-column elementor-element elementor-element-88883b2\" data-id=\"88883b2\" data-element_type=\"column\" data-e-type=\"column\">\n\t\t\t<div class=\"elementor-widget-wrap elementor-element-populated\">\n\t\t\t\t\t\t<div class=\"elementor-element elementor-element-e44402c elementor-widget elementor-widget-heading\" data-id=\"e44402c\" data-element_type=\"widget\" data-e-type=\"widget\" data-widget_type=\"heading.default\">\n\t\t\t\t<div class=\"elementor-widget-container\">\n\t\t\t\t\t<div class=\"elementor-heading-title elementor-size-default\">03.<\/div>\t\t\t\t<\/div>\n\t\t\t\t<\/div>\n\t\t\t\t<div class=\"elementor-element elementor-element-910e7df elementor-widget elementor-widget-heading\" data-id=\"910e7df\" data-element_type=\"widget\" data-e-type=\"widget\" data-widget_type=\"heading.default\">\n\t\t\t\t<div class=\"elementor-widget-container\">\n\t\t\t\t\t<h3 class=\"elementor-heading-title elementor-size-default\">Independ\u00e8ncia energ\u00e8tica<\/h3>\t\t\t\t<\/div>\n\t\t\t\t<\/div>\n\t\t\t\t<div class=\"elementor-element elementor-element-8a4271f elementor-widget elementor-widget-text-editor\" data-id=\"8a4271f\" data-element_type=\"widget\" data-e-type=\"widget\" data-widget_type=\"text-editor.default\">\n\t\t\t\t<div class=\"elementor-widget-container\">\n\t\t\t\t\t\t\t\t\t<p>Les comunitats de ve\u00efns que compten amb instal\u00b7lacions fotovoltaiques depenen menys del subministrament proporcionat per part de les grans empreses el\u00e8ctriques, ja que la seua instal\u00b7laci\u00f3 fotovoltaica els permetr\u00e0 generar electricitat pr\u00f2pia. Al seu torn, les comunitats de ve\u00efns comptaran amb un major control econ\u00f2mic, ja que podran gestionar de forma m\u00e9s eficient i organitzada la generaci\u00f3 i consum de la seua electricitat des del mateix dia en qu\u00e8 la instal\u00b7laci\u00f3 estiga en marxa.<br \/>al\u201d.<\/p>\n\t\t\t\t\t\t\t\t<\/div>\n\t\t\t\t<\/div>\n\t\t\t\t\t<\/div>\n\t\t<\/div>\n\t\t\t\t<div class=\"elementor-column elementor-col-50 elementor-inner-column elementor-element elementor-element-22a8a4b8\" data-id=\"22a8a4b8\" data-element_type=\"column\" data-e-type=\"column\">\n\t\t\t<div class=\"elementor-widget-wrap elementor-element-populated\">\n\t\t\t\t\t\t<div class=\"elementor-element elementor-element-71d76a41 elementor-widget elementor-widget-heading\" data-id=\"71d76a41\" data-element_type=\"widget\" data-e-type=\"widget\" data-widget_type=\"heading.default\">\n\t\t\t\t<div class=\"elementor-widget-container\">\n\t\t\t\t\t<div class=\"elementor-heading-title elementor-size-default\">04.<\/div>\t\t\t\t<\/div>\n\t\t\t\t<\/div>\n\t\t\t\t<div class=\"elementor-element elementor-element-2198d8b7 elementor-widget elementor-widget-heading\" data-id=\"2198d8b7\" data-element_type=\"widget\" data-e-type=\"widget\" data-widget_type=\"heading.default\">\n\t\t\t\t<div class=\"elementor-widget-container\">\n\t\t\t\t\t<h3 class=\"elementor-heading-title elementor-size-default\">Incentius i subvencions<\/h3>\t\t\t\t<\/div>\n\t\t\t\t<\/div>\n\t\t\t\t<div class=\"elementor-element elementor-element-4c00d462 elementor-widget elementor-widget-text-editor\" data-id=\"4c00d462\" data-element_type=\"widget\" data-e-type=\"widget\" data-widget_type=\"text-editor.default\">\n\t\t\t\t<div class=\"elementor-widget-container\">\n\t\t\t\t\t\t\t\t\t<p>Actualment, existeixen diverses l\u00ednies d&#8217;ajudes al finan\u00e7ament per a la instal\u00b7laci\u00f3 de plaques solars en comunitats de ve\u00efns, com per exemple, les subvencions de fons europeus per a autoconsum. A m\u00e9s, una instal\u00b7laci\u00f3 d&#8217;autoconsum col\u00b7lectiu tamb\u00e9 gaudir\u00e0 d&#8217;uns certs beneficis fiscals, com les bonificacions en l&#8217;IBI (establertes segons municipis) i les deduccions en l&#8217;IRPF. Si vols ampliar la informaci\u00f3 sobre aquest tema, visita la nostra p\u00e0gina <a href=\"https:\/\/camisolar.com\/va\/ajudes-i-subvencions\/\"><strong>Ajudes i subvencions per a la instal\u00b7laci\u00f3 de plaques solars a la Comunitat Valenciana<\/strong><\/a><\/p>\n\t\t\t\t\t\t\t\t<\/div>\n\t\t\t\t<\/div>\n\t\t\t\t\t<\/div>\n\t\t<\/div>\n\t\t\t\t\t<\/div>\n\t\t<\/section>\n\t\t\t\t\t<\/div>\n\t\t<\/div>\n\t\t\t\t\t<\/div>\n\t\t<\/section>\n\t\t\t\t<section class=\"elementor-section elementor-inner-section elementor-element elementor-element-269aefbe elementor-section-boxed elementor-section-height-default elementor-section-height-default\" data-id=\"269aefbe\" data-element_type=\"section\" data-e-type=\"section\" data-settings=\"{&quot;background_background&quot;:&quot;classic&quot;}\">\n\t\t\t\t\t\t<div class=\"elementor-container elementor-column-gap-no\">\n\t\t\t\t\t<div class=\"elementor-column elementor-col-100 elementor-inner-column elementor-element elementor-element-664df602\" data-id=\"664df602\" data-element_type=\"column\" data-e-type=\"column\">\n\t\t\t<div class=\"elementor-widget-wrap elementor-element-populated\">\n\t\t\t\t\t\t<div class=\"elementor-element elementor-element-22eaf0cb elementor-widget elementor-widget-heading\" data-id=\"22eaf0cb\" data-element_type=\"widget\" data-e-type=\"widget\" data-widget_type=\"heading.default\">\n\t\t\t\t<div class=\"elementor-widget-container\">\n\t\t\t\t\t<h2 class=\"elementor-heading-title elementor-size-default\">Com funciona el sistema de plaques solars per a comunitats de ve\u00efns?<\/h2>\t\t\t\t<\/div>\n\t\t\t\t<\/div>\n\t\t\t\t<div class=\"elementor-element elementor-element-e4114e1 elementor-widget elementor-widget-text-editor\" data-id=\"e4114e1\" data-element_type=\"widget\" data-e-type=\"widget\" data-widget_type=\"text-editor.default\">\n\t\t\t\t<div class=\"elementor-widget-container\">\n\t\t\t\t\t\t\t\t\t<p>Instal\u00b7lar plaques solars fotovoltaiques en un bloc de cases per a una comunitat de ve\u00efns cada vegada \u00e9s m\u00e9s habitual, i \u00e9s que cada vegada m\u00e9s comunitats fan el pas cap a l&#8217;autoconsum per a beneficiar-se dels seus m\u00faltiples avantatges. En aquesta entrada et resumim els passos gen\u00e8rics a donar per a instal\u00b7lar panells solars en el teu edifici.<\/p>\n<p>Si est\u00e0s pensant a realitzar una instal\u00b7laci\u00f3 de plaques solars en la teua comunitat, i et sorgeixen alguns dubtes, no dubtes a contactar amb l&#8217;equip de Cam\u00edSolar, estarem encantats d&#8217;atendre&#8217;t i assessorar-te:<\/p>\n\t\t\t\t\t\t\t\t<\/div>\n\t\t\t\t<\/div>\n\t\t\t\t\t<\/div>\n\t\t<\/div>\n\t\t\t\t\t<\/div>\n\t\t<\/section>\n\t\t\t\t<section class=\"elementor-section elementor-top-section elementor-element elementor-element-5c6ea85 elementor-section-stretched elementor-section-boxed elementor-section-height-default elementor-section-height-default\" data-id=\"5c6ea85\" data-element_type=\"section\" data-e-type=\"section\" data-settings=\"{&quot;stretch_section&quot;:&quot;section-stretched&quot;,&quot;background_background&quot;:&quot;classic&quot;}\">\n\t\t\t\t\t\t<div class=\"elementor-container elementor-column-gap-no\">\n\t\t\t\t\t<div class=\"elementor-column elementor-col-100 elementor-top-column elementor-element elementor-element-720b661\" data-id=\"720b661\" data-element_type=\"column\" data-e-type=\"column\">\n\t\t\t<div class=\"elementor-widget-wrap elementor-element-populated\">\n\t\t\t\t\t\t<section class=\"elementor-section elementor-inner-section elementor-element elementor-element-d9898be elementor-section-boxed elementor-section-height-default elementor-section-height-default\" data-id=\"d9898be\" data-element_type=\"section\" data-e-type=\"section\">\n\t\t\t\t\t\t<div class=\"elementor-container elementor-column-gap-default\">\n\t\t\t\t\t<div class=\"elementor-column elementor-col-100 elementor-inner-column elementor-element elementor-element-599587e\" data-id=\"599587e\" data-element_type=\"column\" data-e-type=\"column\" data-settings=\"{&quot;background_background&quot;:&quot;classic&quot;}\">\n\t\t\t<div class=\"elementor-widget-wrap elementor-element-populated\">\n\t\t\t\t\t\t<div class=\"elementor-element elementor-element-37d5556 elementor-widget-divider--view-line elementor-widget elementor-widget-divider\" data-id=\"37d5556\" data-element_type=\"widget\" data-e-type=\"widget\" data-widget_type=\"divider.default\">\n\t\t\t\t<div class=\"elementor-widget-container\">\n\t\t\t\t\t\t\t<div class=\"elementor-divider\">\n\t\t\t<span class=\"elementor-divider-separator\">\n\t\t\t\t\t\t<\/span>\n\t\t<\/div>\n\t\t\t\t\t\t<\/div>\n\t\t\t\t<\/div>\n\t\t\t\t<div class=\"elementor-element elementor-element-62b5801 elementor-widget elementor-widget-heading\" data-id=\"62b5801\" data-element_type=\"widget\" data-e-type=\"widget\" data-widget_type=\"heading.default\">\n\t\t\t\t<div class=\"elementor-widget-container\">\n\t\t\t\t\t<h4 class=\"elementor-heading-title elementor-size-default\">Creaci\u00f3 del grup ve\u00efnal promotor, reunions informatives\n<\/h4>\t\t\t\t<\/div>\n\t\t\t\t<\/div>\n\t\t\t\t<div class=\"elementor-element elementor-element-0f1ec4b elementor-widget elementor-widget-text-editor\" data-id=\"0f1ec4b\" data-element_type=\"widget\" data-e-type=\"widget\" data-widget_type=\"text-editor.default\">\n\t\t\t\t<div class=\"elementor-widget-container\">\n\t\t\t\t\t\t\t\t\t<p>Abans d&#8217;iniciar el proc\u00e9s d&#8217;instal\u00b7laci\u00f3 dels panells solars en el bloc de cases, haur\u00e0s de seguir alguns passos previs a la instal\u00b7laci\u00f3. Per a comen\u00e7ar, seria molt recomanable la <strong>creaci\u00f3 d&#8217;un grup ve\u00efnal promotor<\/strong> amb l&#8217;objectiu de distribuir tasques i de conformar el projecte de manera conjunta des de l&#8217;inici.<\/p>\n<p>\u00c9s interessant que s\u00e0pigues que no \u00e9s necessari comptar amb la participaci\u00f3 de tot el ve\u00efnat, per\u00f2 s\u00ed que es necessita aconseguir unes certes majories perqu\u00e8 el projecte siga aprovat.<\/p>\n<p>A continuaci\u00f3, s&#8217;haur\u00e0 de convocar una <strong>reuni\u00f3 informativa sobre el projecte<\/strong>, que resultar\u00e0 clau per a resoldre tots els dubtes que puguen sorgir en la comunitat de ve\u00efns. A m\u00e9s, tamb\u00e9 servir\u00e0 per a fer-nos una idea de quantes persones estan interessades i mostren predisposici\u00f3 a participar i involucrar-se en el projecte. En Cam\u00edSolar oferim l&#8217;oportunitat de comptar amb un dels nostres t\u00e8cnics especialistes en la mat\u00e8ria en aquesta reuni\u00f3, per a resoldre qualsevol incertesa sobre el tema mitjan\u00e7ant dades i informaci\u00f3 especialitzada.<\/p>\n\t\t\t\t\t\t\t\t<\/div>\n\t\t\t\t<\/div>\n\t\t\t\t\t<\/div>\n\t\t<\/div>\n\t\t\t\t\t<\/div>\n\t\t<\/section>\n\t\t\t\t<section class=\"elementor-section elementor-inner-section elementor-element elementor-element-7ba3aef elementor-section-boxed elementor-section-height-default elementor-section-height-default\" data-id=\"7ba3aef\" data-element_type=\"section\" data-e-type=\"section\">\n\t\t\t\t\t\t<div class=\"elementor-container elementor-column-gap-default\">\n\t\t\t\t\t<div class=\"elementor-column elementor-col-100 elementor-inner-column elementor-element elementor-element-c908a6d\" data-id=\"c908a6d\" data-element_type=\"column\" data-e-type=\"column\" data-settings=\"{&quot;background_background&quot;:&quot;classic&quot;}\">\n\t\t\t<div class=\"elementor-widget-wrap elementor-element-populated\">\n\t\t\t\t\t\t<div class=\"elementor-element elementor-element-7ae3399 elementor-widget-divider--view-line elementor-widget elementor-widget-divider\" data-id=\"7ae3399\" data-element_type=\"widget\" data-e-type=\"widget\" data-widget_type=\"divider.default\">\n\t\t\t\t<div class=\"elementor-widget-container\">\n\t\t\t\t\t\t\t<div class=\"elementor-divider\">\n\t\t\t<span class=\"elementor-divider-separator\">\n\t\t\t\t\t\t<\/span>\n\t\t<\/div>\n\t\t\t\t\t\t<\/div>\n\t\t\t\t<\/div>\n\t\t\t\t<div class=\"elementor-element elementor-element-df6370d elementor-widget elementor-widget-heading\" data-id=\"df6370d\" data-element_type=\"widget\" data-e-type=\"widget\" data-widget_type=\"heading.default\">\n\t\t\t\t<div class=\"elementor-widget-container\">\n\t\t\t\t\t<h4 class=\"elementor-heading-title elementor-size-default\">Condicions i pressupost per a la instal\u00b7laci\u00f3<\/h4>\t\t\t\t<\/div>\n\t\t\t\t<\/div>\n\t\t\t\t<div class=\"elementor-element elementor-element-ee36849 elementor-widget elementor-widget-text-editor\" data-id=\"ee36849\" data-element_type=\"widget\" data-e-type=\"widget\" data-widget_type=\"text-editor.default\">\n\t\t\t\t<div class=\"elementor-widget-container\">\n\t\t\t\t\t\t\t\t\t<p>Una vegada delimitat quin ser\u00e0 el grup d&#8217;integrants i participants del projecte, s&#8217;hauran d&#8217;establir detalls i informaci\u00f3 m\u00e9s concreta sobre la instal\u00b7laci\u00f3 a realitzar. En Cam\u00edSolar podem ajudar durant el proc\u00e9s.<\/p>\n<p><b>Informe energ\u00e8tic<\/b><\/p>\n<p>Aquest pas ser\u00e0 clau per a dimensionar correctament la instal\u00b7laci\u00f3 fotovoltaica, que es realitzar\u00e0 sobre la base de les necessitats energ\u00e8tiques dels habitatges de la comunitat de ve\u00efns. L&#8217;informe indicar\u00e0 l&#8217;espai disponible per a la instal\u00b7laci\u00f3 i, per tant, la capacitat de producci\u00f3 de cada terrat. A m\u00e9s, ha de recollir tamb\u00e9 una estimaci\u00f3 de l&#8217;impacte econ\u00f2mic i energ\u00e8tic de la instal\u00b7laci\u00f3 per als habitatges i els espais comuns.<\/p>\n<p><b>Esb\u00f3s<\/b><\/p>\n<p>Es tracta d&#8217;un document m\u00e9s concret, basat en la instal\u00b7laci\u00f3 de plaques solars adequadament dimensionada a l&#8217;espai. Recollir\u00e0 les caracter\u00edstiques de la instal\u00b7laci\u00f3, nombre de components, ubicaci\u00f3 i espai, informaci\u00f3 molt \u00fatil perqu\u00e8 el ve\u00efnat compte amb totes les dades necess\u00e0ries.<\/p>\n<p><b>Pressupost<\/b><\/p>\n<p>Inclour\u00e0 totes les fases del projecte: des de l&#8217;assessorament previ fins a la instal\u00b7laci\u00f3, posada en marxa, legalitzaci\u00f3, servei post-venda i termes de garantia.<\/p>\n<p>Et recomanem sol\u00b7licitar la informaci\u00f3 i pressupost a empreses especialitzades i amb una experi\u00e8ncia consolidada. En Cam\u00edSolar t&#8217;oferim un estudi previ i gratu\u00eft de la instal\u00b7laci\u00f3, a m\u00e9s d&#8217;un pressupost sense comprom\u00eds.<\/p>\n\t\t\t\t\t\t\t\t<\/div>\n\t\t\t\t<\/div>\n\t\t\t\t\t<\/div>\n\t\t<\/div>\n\t\t\t\t\t<\/div>\n\t\t<\/section>\n\t\t\t\t<section class=\"elementor-section elementor-inner-section elementor-element elementor-element-1bfce67 elementor-section-boxed elementor-section-height-default elementor-section-height-default\" data-id=\"1bfce67\" data-element_type=\"section\" data-e-type=\"section\">\n\t\t\t\t\t\t<div class=\"elementor-container elementor-column-gap-default\">\n\t\t\t\t\t<div class=\"elementor-column elementor-col-100 elementor-inner-column elementor-element elementor-element-452eaa0\" data-id=\"452eaa0\" data-element_type=\"column\" data-e-type=\"column\" data-settings=\"{&quot;background_background&quot;:&quot;classic&quot;}\">\n\t\t\t<div class=\"elementor-widget-wrap elementor-element-populated\">\n\t\t\t\t\t\t<div class=\"elementor-element elementor-element-c0ed753 elementor-widget-divider--view-line elementor-widget elementor-widget-divider\" data-id=\"c0ed753\" data-element_type=\"widget\" data-e-type=\"widget\" data-widget_type=\"divider.default\">\n\t\t\t\t<div class=\"elementor-widget-container\">\n\t\t\t\t\t\t\t<div class=\"elementor-divider\">\n\t\t\t<span class=\"elementor-divider-separator\">\n\t\t\t\t\t\t<\/span>\n\t\t<\/div>\n\t\t\t\t\t\t<\/div>\n\t\t\t\t<\/div>\n\t\t\t\t<div class=\"elementor-element elementor-element-b73fe06 elementor-widget elementor-widget-heading\" data-id=\"b73fe06\" data-element_type=\"widget\" data-e-type=\"widget\" data-widget_type=\"heading.default\">\n\t\t\t\t<div class=\"elementor-widget-container\">\n\t\t\t\t\t<h4 class=\"elementor-heading-title elementor-size-default\">Acords entre ve\u00efns<\/h4>\t\t\t\t<\/div>\n\t\t\t\t<\/div>\n\t\t\t\t<div class=\"elementor-element elementor-element-70b73af elementor-widget elementor-widget-text-editor\" data-id=\"70b73af\" data-element_type=\"widget\" data-e-type=\"widget\" data-widget_type=\"text-editor.default\">\n\t\t\t\t<div class=\"elementor-widget-container\">\n\t\t\t\t\t\t\t\t\t<p>Hem de tindre en compte que existeixen moltes modalitats i f\u00f3rmules per a realitzar una instal\u00b7laci\u00f3 col\u00b7lectiva en un edifici. Tres s\u00f3n les principals q\u00fcestions a acordar:<span style=\"font-style: inherit; font-weight: inherit;\"> <\/span><\/p>\n<p><b style=\"font-style: inherit;\">Espai comunitari destinat per a la instal\u00b7laci\u00f3: <\/b><\/p>\n<ul>\n<li aria-level=\"1\"><b>Autoconsum per a usos comuns:<\/b><\/li>\n<\/ul>\n<p>\u00c9s aquell en el qual la instal\u00b7laci\u00f3 fotovoltaica s&#8217;utilitza per a cobrir els usos i consums comuns del propi edifici (el comptador de les escales, l&#8217;ascensor o altres zones comunes). En aquest cas, tan sols \u00e9s necessari <b>l&#8217;aprovaci\u00f3 del 50% dels presents en la reuni\u00f3 + 1<\/b>, \u00e9s a dir, una <b>majoria simple <\/b> dels presents en la reuni\u00f3.<\/p>\n<ul>\n<li aria-level=\"1\"><b>Autoconsum nom\u00e9s per a alguns ve\u00efns:<\/b><\/li>\n<\/ul>\n<p>Aquell en el qual l&#8217;\u00fas de la teulada \u00e9s privatiu per a solament algun dels ve\u00efns. Per exemple, si en un edifici de 10 habitatges hi ha 5 ve\u00efns que volen fer la instal\u00b7laci\u00f3 fotovoltaica, i 5 que no. Els 5 primers poden fer la instal\u00b7laci\u00f3 fotovoltaica sense problema, per\u00f2 per a aix\u00f2<b>necessiten reunir 1\/3 dels vots dels membres de la comunitat<\/b>, estiguen o no estiguen en la reuni\u00f3. <\/p>\n<ul>\n<li aria-level=\"1\"><b>Lloguer de la coberta per a autoconsum a un tercer:<\/b><\/li>\n<\/ul>\n<p>\u00c9s aquell en el qual la comunitat lloga la coberta a una tercera persona. Pot ser a una empresa externa, que ens pagar\u00e0 un lloguer, un ve\u00ed que vulga llogar-li la coberta a la comunitat o qualsevol altra casu\u00edstica. En aquest cas, <b>necessitar\u00edem 3\/5 parts dels integrants de la comunitat. <\/b><\/p>\n<ul>\n<li aria-level=\"1\"><b>Participaci\u00f3 econ\u00f2mica de les persones involucrades<\/b><\/li>\n<\/ul>\n<p>Arribats a aquest punt, ens preguntem: <i>Com es paga la instal\u00b7laci\u00f3? <\/i> <\/p>\n<p>Dependr\u00e0 de la casu\u00edstica en la qual estiguem treballant: si la instal\u00b7laci\u00f3 \u00e9s <b>per a \u00fas privatiu d&#8217;uns<\/b>ve\u00efns i no de tota la comunitat, entre aquests ve\u00efns decidiran com la pagaran i, sobretot, com repartiran els excedents ja que, probablement, una cosa tindr\u00e0 a veure amb l&#8217;altra. En el cas que el beneficiari de la producci\u00f3 siga la <b>comunitat de ve\u00efns<\/b>, \u00e9s a dir, per als consums comuns, all\u00f2 normal seria costejar la instal\u00b7laci\u00f3 a trav\u00e9s d&#8217;una \u201cderrama\u201d de l&#8217;edifici, on tots els ve\u00efns aportaran. En el cas que siga una instal\u00b7laci\u00f3 individual, ho pagar\u00e0 aquest ve\u00ed. En el cas que siga una <b>instal\u00b7laci\u00f3 individual<\/b>, ho pagar\u00e0 aquest ve\u00ed.<\/p>\n<ul>\n<li aria-level=\"1\"><b>Repartiment de l&#8217;energia que generen les plaques solars<\/b><\/li>\n<\/ul>\n<p>Primer de tot, hem d&#8217;aclarir que sempre ha d&#8217;haver-hi un <b>comptador de generaci\u00f3<\/b>, \u00e9s a dir, l&#8217;energia generada s&#8217;ha de manar a la xarxa el\u00e8ctrica. Posteriorment, el repartiment es far\u00e0 a trav\u00e9s de la xarxa cap als comptadors que participen en la instal\u00b7laci\u00f3. <\/p>\n<p>Per a repartir l&#8217;energia, \u00e9s necessari establir alguns <b>criteris orientatius<\/b>. Por ejemplo, podr\u00edamos establecer el reparto en funci\u00f3n de <b>l&#8217;aportaci\u00f3 econ\u00f2mica realitzada<\/b>: l&#8217;energia que reba cada ve\u00ed ser\u00e0 proporcional als diners que ha proporcionat. Existeixen tamb\u00e9 <b>criteris de tipus m\u00e9s social<\/b>, en qu\u00e8 es podrien establir <b>mesures solid\u00e0ries en el repartiment d&#8217;energia.<\/b>.<\/p>\n\t\t\t\t\t\t\t\t<\/div>\n\t\t\t\t<\/div>\n\t\t\t\t\t<\/div>\n\t\t<\/div>\n\t\t\t\t\t<\/div>\n\t\t<\/section>\n\t\t\t\t\t<\/div>\n\t\t<\/div>\n\t\t\t\t\t<\/div>\n\t\t<\/section>\n\t\t\t\t<section class=\"elementor-section elementor-top-section elementor-element elementor-element-aa6b531 elementor-section-boxed elementor-section-height-default elementor-section-height-default\" data-id=\"aa6b531\" data-element_type=\"section\" data-e-type=\"section\">\n\t\t\t\t\t\t<div class=\"elementor-container elementor-column-gap-default\">\n\t\t\t\t\t<div class=\"elementor-column elementor-col-100 elementor-top-column elementor-element elementor-element-c3814b0\" data-id=\"c3814b0\" data-element_type=\"column\" data-e-type=\"column\">\n\t\t\t<div class=\"elementor-widget-wrap elementor-element-populated\">\n\t\t\t\t\t\t<div class=\"elementor-element elementor-element-c417f35 elementor-widget elementor-widget-heading\" data-id=\"c417f35\" data-element_type=\"widget\" data-e-type=\"widget\" data-widget_type=\"heading.default\">\n\t\t\t\t<div class=\"elementor-widget-container\">\n\t\t\t\t\t<h3 class=\"elementor-heading-title elementor-size-default\">El nostre proc\u00e9s d'instal\u00b7laci\u00f3 de plaques solars per a comunitats de ve\u00efns<\/h3>\t\t\t\t<\/div>\n\t\t\t\t<\/div>\n\t\t\t\t\t<\/div>\n\t\t<\/div>\n\t\t\t\t\t<\/div>\n\t\t<\/section>\n\t\t\t\t<section class=\"elementor-section elementor-top-section elementor-element elementor-element-5e37c72 elementor-section-boxed elementor-section-height-default elementor-section-height-default\" data-id=\"5e37c72\" data-element_type=\"section\" data-e-type=\"section\">\n\t\t\t\t\t\t<div class=\"elementor-container elementor-column-gap-default\">\n\t\t\t\t\t<div class=\"elementor-column elementor-col-100 elementor-top-column elementor-element elementor-element-cf528fe\" data-id=\"cf528fe\" data-element_type=\"column\" data-e-type=\"column\">\n\t\t\t<div class=\"elementor-widget-wrap elementor-element-populated\">\n\t\t\t\t\t\t<section class=\"elementor-section elementor-inner-section elementor-element elementor-element-8d45976 elementor-section-boxed elementor-section-height-default elementor-section-height-default\" data-id=\"8d45976\" data-element_type=\"section\" data-e-type=\"section\">\n\t\t\t\t\t\t<div class=\"elementor-container elementor-column-gap-default\">\n\t\t\t\t\t<div class=\"elementor-column elementor-col-50 elementor-inner-column elementor-element elementor-element-081487c\" data-id=\"081487c\" data-element_type=\"column\" data-e-type=\"column\">\n\t\t\t<div class=\"elementor-widget-wrap elementor-element-populated\">\n\t\t\t\t\t\t<div class=\"elementor-element elementor-element-c93e369 elementor-widget elementor-widget-image\" data-id=\"c93e369\" data-element_type=\"widget\" data-e-type=\"widget\" data-widget_type=\"image.default\">\n\t\t\t\t<div class=\"elementor-widget-container\">\n\t\t\t\t\t\t\t\t\t\t\t\t\t\t\t<img fetchpriority=\"high\" decoding=\"async\" width=\"800\" height=\"450\" src=\"https:\/\/camisolar.com\/wp-content\/uploads\/2021\/06\/como-funcionan-las-placas-solares.png\" class=\"attachment-full size-full wp-image-1904\" alt=\"Funcionamiento placas solares valencia\" srcset=\"https:\/\/camisolar.com\/wp-content\/uploads\/2021\/06\/como-funcionan-las-placas-solares.png 800w, https:\/\/camisolar.com\/wp-content\/uploads\/2021\/06\/como-funcionan-las-placas-solares-300x169.png 300w, https:\/\/camisolar.com\/wp-content\/uploads\/2021\/06\/como-funcionan-las-placas-solares-768x432.png 768w\" sizes=\"(max-width: 800px) 100vw, 800px\" \/>\t\t\t\t\t\t\t\t\t\t\t\t\t\t\t<\/div>\n\t\t\t\t<\/div>\n\t\t\t\t\t<\/div>\n\t\t<\/div>\n\t\t\t\t<div class=\"elementor-column elementor-col-50 elementor-inner-column elementor-element elementor-element-5308492\" data-id=\"5308492\" data-element_type=\"column\" data-e-type=\"column\">\n\t\t\t<div class=\"elementor-widget-wrap elementor-element-populated\">\n\t\t\t\t\t\t<div class=\"elementor-element elementor-element-196aeb0 elementor-widget elementor-widget-text-editor\" data-id=\"196aeb0\" data-element_type=\"widget\" data-e-type=\"widget\" data-widget_type=\"text-editor.default\">\n\t\t\t\t<div class=\"elementor-widget-container\">\n\t\t\t\t\t\t\t\t\t<p>En altres ocasions, ja hem tractat amb detall com \u00e9s el <strong><a href=\"https:\/\/camisolar.com\/va\/camisolar-2\/\">proc\u00e9s per a instal\u00b7lar plaques solars en la teulada pas a pas<\/a><\/strong>. T\u00e8cnicament, la instal\u00b7laci\u00f3 de plaques solars en un bloc de cases no \u00e9s molt diferent de la de la resta d&#8217;instal\u00b7lacions en habitatges unipersonals. Et recordem, breument, en qu\u00e8 consisteix el nostre proc\u00e9s d&#8217;instal\u00b7laci\u00f3, que duem a terme majorit\u00e0riament en l&#8217;espai geogr\u00e0fic de la Comunitat Valenciana, especialment en les localitats de <strong>Val\u00e8ncia, Massamagrell, Benic\u00e0ssim, D\u00e9nia, Gandia, Cullera i voltants<\/strong>:<\/p>\n\t\t\t\t\t\t\t\t<\/div>\n\t\t\t\t<\/div>\n\t\t\t\t\t<\/div>\n\t\t<\/div>\n\t\t\t\t\t<\/div>\n\t\t<\/section>\n\t\t\t\t\t<\/div>\n\t\t<\/div>\n\t\t\t\t\t<\/div>\n\t\t<\/section>\n\t\t\t\t<section class=\"elementor-section elementor-top-section elementor-element elementor-element-fb02015 elementor-section-boxed elementor-section-height-default elementor-section-height-default\" data-id=\"fb02015\" data-element_type=\"section\" data-e-type=\"section\">\n\t\t\t\t\t\t<div class=\"elementor-container elementor-column-gap-default\">\n\t\t\t\t\t<div class=\"elementor-column elementor-col-33 elementor-top-column elementor-element elementor-element-6cf4876\" data-id=\"6cf4876\" data-element_type=\"column\" data-e-type=\"column\">\n\t\t\t<div class=\"elementor-widget-wrap elementor-element-populated\">\n\t\t\t\t\t\t<div class=\"elementor-element elementor-element-9c85f37 elementor-widget elementor-widget-image\" data-id=\"9c85f37\" data-element_type=\"widget\" data-e-type=\"widget\" data-widget_type=\"image.default\">\n\t\t\t\t<div class=\"elementor-widget-container\">\n\t\t\t\t\t\t\t\t\t\t\t\t\t\t\t<img decoding=\"async\" width=\"150\" height=\"150\" src=\"https:\/\/camisolar.com\/wp-content\/uploads\/2021\/04\/legalizacion.png\" class=\"attachment-thumbnail size-thumbnail wp-image-2074\" alt=\"legalizacion energia solar\" srcset=\"https:\/\/camisolar.com\/wp-content\/uploads\/2021\/04\/legalizacion.png 150w, https:\/\/camisolar.com\/wp-content\/uploads\/2021\/04\/elementor\/thumbs\/legalizacion-p5wyk8gm4gv5s7xkyao0k48eoyt558tadu7nclglbc.png 100w\" sizes=\"(max-width: 150px) 100vw, 150px\" \/>\t\t\t\t\t\t\t\t\t\t\t\t\t\t\t<\/div>\n\t\t\t\t<\/div>\n\t\t\t\t<div class=\"elementor-element elementor-element-18fa216 elementor-widget elementor-widget-icon-box\" data-id=\"18fa216\" data-element_type=\"widget\" data-e-type=\"widget\" data-widget_type=\"icon-box.default\">\n\t\t\t\t<div class=\"elementor-widget-container\">\n\t\t\t\t\t\t\t<div class=\"elementor-icon-box-wrapper\">\n\n\t\t\t\n\t\t\t\t\t\t<div class=\"elementor-icon-box-content\">\n\n\t\t\t\t\t\t\t\t\t<h3 class=\"elementor-icon-box-title\">\n\t\t\t\t\t\t<span  >\n\t\t\t\t\t\t\tAvaluaci\u00f3 inicial\t\t\t\t\t\t<\/span>\n\t\t\t\t\t<\/h3>\n\t\t\t\t\n\t\t\t\t\t\t\t\t\t<p class=\"elementor-icon-box-description\">\n\t\t\t\t\t\tEl departament d'enginyeria de Cam\u00edSolar s'encarregar\u00e0 de desenvolupar un estudi complet del projecte, on es recolliran les condicions t\u00e8cniques i econ\u00f2miques per a la instal\u00b7laci\u00f3.\t\t\t\t\t<\/p>\n\t\t\t\t\n\t\t\t<\/div>\n\t\t\t\n\t\t<\/div>\n\t\t\t\t\t\t<\/div>\n\t\t\t\t<\/div>\n\t\t\t\t\t<\/div>\n\t\t<\/div>\n\t\t\t\t<div class=\"elementor-column elementor-col-33 elementor-top-column elementor-element elementor-element-45f298a\" data-id=\"45f298a\" data-element_type=\"column\" data-e-type=\"column\">\n\t\t\t<div class=\"elementor-widget-wrap elementor-element-populated\">\n\t\t\t\t\t\t<div class=\"elementor-element elementor-element-55e0285 elementor-widget elementor-widget-image\" data-id=\"55e0285\" data-element_type=\"widget\" data-e-type=\"widget\" data-widget_type=\"image.default\">\n\t\t\t\t<div class=\"elementor-widget-container\">\n\t\t\t\t\t\t\t\t\t\t\t\t\t\t\t<img decoding=\"async\" width=\"150\" height=\"150\" src=\"https:\/\/camisolar.com\/wp-content\/uploads\/2021\/04\/estudio-rendimiento.png\" class=\"attachment-thumbnail size-thumbnail wp-image-2029\" alt=\"estudio rendimiento energia fotovoltaica\" \/>\t\t\t\t\t\t\t\t\t\t\t\t\t\t\t<\/div>\n\t\t\t\t<\/div>\n\t\t\t\t<div class=\"elementor-element elementor-element-2591870 elementor-widget elementor-widget-icon-box\" data-id=\"2591870\" data-element_type=\"widget\" data-e-type=\"widget\" data-widget_type=\"icon-box.default\">\n\t\t\t\t<div class=\"elementor-widget-container\">\n\t\t\t\t\t\t\t<div class=\"elementor-icon-box-wrapper\">\n\n\t\t\t\n\t\t\t\t\t\t<div class=\"elementor-icon-box-content\">\n\n\t\t\t\t\t\t\t\t\t<h3 class=\"elementor-icon-box-title\">\n\t\t\t\t\t\t<span  >\n\t\t\t\t\t\t\tDisseny personalitzat\t\t\t\t\t\t<\/span>\n\t\t\t\t\t<\/h3>\n\t\t\t\t\n\t\t\t\t\t\t\t\t\t<p class=\"elementor-icon-box-description\">\n\t\t\t\t\t\tInclour\u00e0 una proposta de nombre de m\u00f2duls a instal\u00b7lar, la pot\u00e8ncia necess\u00e0ria i el tipus d'inversor i optimitzadors que milloraran el seu funcionament. A m\u00e9s, aquest document especificar\u00e0 la ubicaci\u00f3 o orientaci\u00f3 exacta que tindran els panells.\n\t\t\t\t\t<\/p>\n\t\t\t\t\n\t\t\t<\/div>\n\t\t\t\n\t\t<\/div>\n\t\t\t\t\t\t<\/div>\n\t\t\t\t<\/div>\n\t\t\t\t\t<\/div>\n\t\t<\/div>\n\t\t\t\t<div class=\"elementor-column elementor-col-33 elementor-top-column elementor-element elementor-element-cef28e1\" data-id=\"cef28e1\" data-element_type=\"column\" data-e-type=\"column\">\n\t\t\t<div class=\"elementor-widget-wrap elementor-element-populated\">\n\t\t\t\t\t\t<div class=\"elementor-element elementor-element-f25658d elementor-widget elementor-widget-image\" data-id=\"f25658d\" data-element_type=\"widget\" data-e-type=\"widget\" data-widget_type=\"image.default\">\n\t\t\t\t<div class=\"elementor-widget-container\">\n\t\t\t\t\t\t\t\t\t\t\t\t\t\t\t<img decoding=\"async\" width=\"150\" height=\"150\" src=\"https:\/\/camisolar.com\/wp-content\/uploads\/2021\/04\/legalizacion.png\" class=\"attachment-thumbnail size-thumbnail wp-image-2074\" alt=\"legalizacion energia solar\" srcset=\"https:\/\/camisolar.com\/wp-content\/uploads\/2021\/04\/legalizacion.png 150w, https:\/\/camisolar.com\/wp-content\/uploads\/2021\/04\/elementor\/thumbs\/legalizacion-p5wyk8gm4gv5s7xkyao0k48eoyt558tadu7nclglbc.png 100w\" sizes=\"(max-width: 150px) 100vw, 150px\" \/>\t\t\t\t\t\t\t\t\t\t\t\t\t\t\t<\/div>\n\t\t\t\t<\/div>\n\t\t\t\t<div class=\"elementor-element elementor-element-bf88dcb elementor-widget elementor-widget-icon-box\" data-id=\"bf88dcb\" data-element_type=\"widget\" data-e-type=\"widget\" data-widget_type=\"icon-box.default\">\n\t\t\t\t<div class=\"elementor-widget-container\">\n\t\t\t\t\t\t\t<div class=\"elementor-icon-box-wrapper\">\n\n\t\t\t\n\t\t\t\t\t\t<div class=\"elementor-icon-box-content\">\n\n\t\t\t\t\t\t\t\t\t<h3 class=\"elementor-icon-box-title\">\n\t\t\t\t\t\t<span  >\n\t\t\t\t\t\t\tLegalitzaci\u00f3\t\t\t\t\t\t<\/span>\n\t\t\t\t\t<\/h3>\n\t\t\t\t\n\t\t\t\t\t\t\t\t\t<p class=\"elementor-icon-box-description\">\n\t\t\t\t\t\tUna vegada finalitzada la instal\u00b7laci\u00f3, el nostre equip gestionar\u00e0 i tramitar\u00e0 la seua legalitzaci\u00f3 aportant tota la documentaci\u00f3 necess\u00e0ria als organismes auton\u00f2mics competents en cada cas.\t\t\t\t\t<\/p>\n\t\t\t\t\n\t\t\t<\/div>\n\t\t\t\n\t\t<\/div>\n\t\t\t\t\t\t<\/div>\n\t\t\t\t<\/div>\n\t\t\t\t\t<\/div>\n\t\t<\/div>\n\t\t\t\t\t<\/div>\n\t\t<\/section>\n\t\t\t\t<section class=\"elementor-section elementor-top-section elementor-element elementor-element-e94a85e elementor-section-boxed elementor-section-height-default elementor-section-height-default\" data-id=\"e94a85e\" data-element_type=\"section\" data-e-type=\"section\">\n\t\t\t\t\t\t<div class=\"elementor-container elementor-column-gap-default\">\n\t\t\t\t\t<div class=\"elementor-column elementor-col-50 elementor-top-column elementor-element elementor-element-c48c163\" data-id=\"c48c163\" data-element_type=\"column\" data-e-type=\"column\">\n\t\t\t<div class=\"elementor-widget-wrap elementor-element-populated\">\n\t\t\t\t\t\t<div class=\"elementor-element elementor-element-eb892e9 elementor-widget elementor-widget-image\" data-id=\"eb892e9\" data-element_type=\"widget\" data-e-type=\"widget\" data-widget_type=\"image.default\">\n\t\t\t\t<div class=\"elementor-widget-container\">\n\t\t\t\t\t\t\t\t\t\t\t\t\t\t\t<img loading=\"lazy\" decoding=\"async\" width=\"150\" height=\"150\" src=\"https:\/\/camisolar.com\/wp-content\/uploads\/2021\/04\/instalacion-fotovoltaica.png\" class=\"attachment-thumbnail size-thumbnail wp-image-2085\" alt=\"instalaci\u00f3n energia fotovoltaica valencia\" \/>\t\t\t\t\t\t\t\t\t\t\t\t\t\t\t<\/div>\n\t\t\t\t<\/div>\n\t\t\t\t<div class=\"elementor-element elementor-element-8e50fdf elementor-widget elementor-widget-icon-box\" data-id=\"8e50fdf\" data-element_type=\"widget\" data-e-type=\"widget\" data-widget_type=\"icon-box.default\">\n\t\t\t\t<div class=\"elementor-widget-container\">\n\t\t\t\t\t\t\t<div class=\"elementor-icon-box-wrapper\">\n\n\t\t\t\n\t\t\t\t\t\t<div class=\"elementor-icon-box-content\">\n\n\t\t\t\t\t\t\t\t\t<h3 class=\"elementor-icon-box-title\">\n\t\t\t\t\t\t<span  >\n\t\t\t\t\t\t\tMonitoratge i manteniment\t\t\t\t\t\t<\/span>\n\t\t\t\t\t<\/h3>\n\t\t\t\t\n\t\t\t\t\t\t\t\t\t<p class=\"elementor-icon-box-description\">\n\t\t\t\t\t\tCom a empresa d'instal\u00b7laci\u00f3 i manteniment plaques solars ens assegurarem que cada element de la instal\u00b7laci\u00f3 funciona, a m\u00e9s de que el client compta amb la informaci\u00f3 suficient per a comprendre la seua activitat. En Cam\u00edSolar oferim servei de monitoratge de la instal\u00b7laci\u00f3 fotovoltaica. D'aquesta manera, revisarem constantment que tot funciona b\u00e9 i en condicions normals. Amb connexi\u00f3 a internet podrem controlar la instal\u00b7laci\u00f3 de manera remota i con\u00e8ixer com est\u00e0 anant el funcionament d'aquesta. Detectem al moment qualsevol millora podent aplicar-la en tan prompte com siga possible.\t\t\t\t\t<\/p>\n\t\t\t\t\n\t\t\t<\/div>\n\t\t\t\n\t\t<\/div>\n\t\t\t\t\t\t<\/div>\n\t\t\t\t<\/div>\n\t\t\t\t\t<\/div>\n\t\t<\/div>\n\t\t\t\t<div class=\"elementor-column elementor-col-50 elementor-top-column elementor-element elementor-element-8d69c01\" data-id=\"8d69c01\" data-element_type=\"column\" data-e-type=\"column\">\n\t\t\t<div class=\"elementor-widget-wrap elementor-element-populated\">\n\t\t\t\t\t\t<div class=\"elementor-element elementor-element-ac3ca86 elementor-widget elementor-widget-image\" data-id=\"ac3ca86\" data-element_type=\"widget\" data-e-type=\"widget\" data-widget_type=\"image.default\">\n\t\t\t\t<div class=\"elementor-widget-container\">\n\t\t\t\t\t\t\t\t\t\t\t\t\t\t\t<img loading=\"lazy\" decoding=\"async\" width=\"150\" height=\"150\" src=\"https:\/\/camisolar.com\/wp-content\/uploads\/2021\/04\/monitorizacion.png\" class=\"attachment-thumbnail size-thumbnail wp-image-2054\" alt=\"monitorizaci\u00f3n de energ\u00eda fotovoltaica valencia\" \/>\t\t\t\t\t\t\t\t\t\t\t\t\t\t\t<\/div>\n\t\t\t\t<\/div>\n\t\t\t\t<div class=\"elementor-element elementor-element-7b3660a elementor-widget elementor-widget-icon-box\" data-id=\"7b3660a\" data-element_type=\"widget\" data-e-type=\"widget\" data-widget_type=\"icon-box.default\">\n\t\t\t\t<div class=\"elementor-widget-container\">\n\t\t\t\t\t\t\t<div class=\"elementor-icon-box-wrapper\">\n\n\t\t\t\n\t\t\t\t\t\t<div class=\"elementor-icon-box-content\">\n\n\t\t\t\t\t\t\t\t\t<h3 class=\"elementor-icon-box-title\">\n\t\t\t\t\t\t<span  >\n\t\t\t\t\t\t\tInstal\u00b7laci\u00f3 professional\t\t\t\t\t\t<\/span>\n\t\t\t\t\t<\/h3>\n\t\t\t\t\n\t\t\t\t\t\t\t\t\t<p class=\"elementor-icon-box-description\">\n\t\t\t\t\t\tAbans de comen\u00e7ar amb la instal\u00b7laci\u00f3, hem de sol\u00b7licitar un punt d'acc\u00e9s i connexi\u00f3 a la companyia distribu\u00efdora d'energia el\u00e8ctrica. Despr\u00e9s de la seua aprovaci\u00f3, podrem comen\u00e7ar amb la instal\u00b7laci\u00f3 i la seua posada en marxa. El primer pas per a executar la instal\u00b7laci\u00f3, ser\u00e0 el de fixar l'estructura i les plaques mitjan\u00e7ant un correcte ancoratge del material a la teulada o superf\u00edcie. Una vegada situat el material, el nostre equip procedir\u00e0 a ajustar i instal\u00b7lar el cablejat interior, el \u201cmeter\u201d i l'inversor en la instal\u00b7laci\u00f3 d'autoconsum. En Cam\u00edSolar ens posarem d'acord amb la comunitat de ve\u00efns per veure per on anir\u00e0 el cablejat, tenint en compte les possibilitats de l'edifici.\t\t\t\t\t<\/p>\n\t\t\t\t\n\t\t\t<\/div>\n\t\t\t\n\t\t<\/div>\n\t\t\t\t\t\t<\/div>\n\t\t\t\t<\/div>\n\t\t\t\t\t<\/div>\n\t\t<\/div>\n\t\t\t\t\t<\/div>\n\t\t<\/section>\n\t\t\t\t<section class=\"elementor-section elementor-top-section elementor-element elementor-element-8b59dc4 elementor-section-stretched elementor-section-boxed elementor-section-height-default elementor-section-height-default\" data-id=\"8b59dc4\" data-element_type=\"section\" data-e-type=\"section\" data-settings=\"{&quot;stretch_section&quot;:&quot;section-stretched&quot;,&quot;background_background&quot;:&quot;classic&quot;}\">\n\t\t\t\t\t\t<div class=\"elementor-container elementor-column-gap-no\">\n\t\t\t\t\t<div class=\"elementor-column elementor-col-100 elementor-top-column elementor-element elementor-element-e2dee57\" data-id=\"e2dee57\" data-element_type=\"column\" data-e-type=\"column\">\n\t\t\t<div class=\"elementor-widget-wrap elementor-element-populated\">\n\t\t\t\t\t\t<section class=\"elementor-section elementor-inner-section elementor-element elementor-element-796d100 elementor-section-boxed elementor-section-height-default elementor-section-height-default\" data-id=\"796d100\" data-element_type=\"section\" data-e-type=\"section\">\n\t\t\t\t\t\t<div class=\"elementor-container elementor-column-gap-no\">\n\t\t\t\t\t<div class=\"elementor-column elementor-col-100 elementor-inner-column elementor-element elementor-element-f299722\" data-id=\"f299722\" data-element_type=\"column\" data-e-type=\"column\">\n\t\t\t<div class=\"elementor-widget-wrap elementor-element-populated\">\n\t\t\t\t\t\t<div class=\"elementor-element elementor-element-7d44f68 elementor-widget elementor-widget-heading\" data-id=\"7d44f68\" data-element_type=\"widget\" data-e-type=\"widget\" data-widget_type=\"heading.default\">\n\t\t\t\t<div class=\"elementor-widget-container\">\n\t\t\t\t\t<h2 class=\"elementor-heading-title elementor-size-default\">Preguntes freq\u00fcents<\/h2>\t\t\t\t<\/div>\n\t\t\t\t<\/div>\n\t\t\t\t\t<\/div>\n\t\t<\/div>\n\t\t\t\t\t<\/div>\n\t\t<\/section>\n\t\t\t\t<section class=\"elementor-section elementor-inner-section elementor-element elementor-element-1fed2dc elementor-reverse-tablet elementor-reverse-mobile elementor-section-full_width elementor-section-height-default elementor-section-height-default\" data-id=\"1fed2dc\" data-element_type=\"section\" data-e-type=\"section\">\n\t\t\t\t\t\t<div class=\"elementor-container elementor-column-gap-default\">\n\t\t\t\t\t<div class=\"elementor-column elementor-col-50 elementor-inner-column elementor-element elementor-element-5ff580f\" data-id=\"5ff580f\" data-element_type=\"column\" data-e-type=\"column\" data-settings=\"{&quot;background_background&quot;:&quot;classic&quot;}\">\n\t\t\t<div class=\"elementor-widget-wrap\">\n\t\t\t\t\t\t\t<\/div>\n\t\t<\/div>\n\t\t\t\t<div class=\"elementor-column elementor-col-50 elementor-inner-column elementor-element elementor-element-3c33bc9\" data-id=\"3c33bc9\" data-element_type=\"column\" data-e-type=\"column\" data-settings=\"{&quot;background_background&quot;:&quot;classic&quot;}\">\n\t\t\t<div class=\"elementor-widget-wrap elementor-element-populated\">\n\t\t\t\t\t\t<div class=\"elementor-element elementor-element-0a50cc7 tabs elementor-widget elementor-widget-accordion\" data-id=\"0a50cc7\" data-element_type=\"widget\" data-e-type=\"widget\" data-widget_type=\"accordion.default\">\n\t\t\t\t<div class=\"elementor-widget-container\">\n\t\t\t\t\t\t\t<div class=\"elementor-accordion\">\n\t\t\t\t\t\t\t<div class=\"elementor-accordion-item\">\n\t\t\t\t\t<h2 id=\"elementor-tab-title-1081\" class=\"elementor-tab-title\" data-tab=\"1\" role=\"button\" aria-controls=\"elementor-tab-content-1081\" aria-expanded=\"false\">\n\t\t\t\t\t\t\t\t\t\t\t\t\t<span class=\"elementor-accordion-icon elementor-accordion-icon-right\" aria-hidden=\"true\">\n\t\t\t\t\t\t\t\t\t\t\t\t\t\t\t<span class=\"elementor-accordion-icon-closed\"><i class=\"far fa-caret-square-down\"><\/i><\/span>\n\t\t\t\t\t\t\t\t<span class=\"elementor-accordion-icon-opened\"><i class=\"far fa-caret-square-up\"><\/i><\/span>\n\t\t\t\t\t\t\t\t\t\t\t\t\t\t<\/span>\n\t\t\t\t\t\t\t\t\t\t\t\t<a class=\"elementor-accordion-title\" tabindex=\"0\">Quants ve\u00efns han d'estar d'acord per a posar plaques solars?<\/a>\n\t\t\t\t\t<\/h2>\n\t\t\t\t\t<div id=\"elementor-tab-content-1081\" class=\"elementor-tab-content elementor-clearfix\" data-tab=\"1\" role=\"region\" aria-labelledby=\"elementor-tab-title-1081\"><p><span style=\"font-weight: 400;\">Segons la Llei de Propietat Horitzontal, \u00e9s necessari que <\/span><b>1\/3 dels ve\u00efns estiga d&#8217;acord amb les obres de les plaques fotovoltaiques.<\/b><span style=\"font-weight: 400;\">. La resta no haur\u00e0 d&#8217;abonar aquest tipus de factura, encara que si posteriorment volen instal\u00b7lar-se el subministrador d&#8217;energia solar haurien de pagar un import proporcional d&#8217;acord amb l&#8217;actualitzaci\u00f3 i els interessos legals.<\/span><\/p>\n<p><span style=\"font-weight: 400;\">Et recomanem tornar a revisar l&#8217;apartat <\/span><b>\u201cAcords entre ve\u00efns\u201d.<\/b><\/p>\n<\/div>\n\t\t\t\t<\/div>\n\t\t\t\t\t\t\t<div class=\"elementor-accordion-item\">\n\t\t\t\t\t<h2 id=\"elementor-tab-title-1082\" class=\"elementor-tab-title\" data-tab=\"2\" role=\"button\" aria-controls=\"elementor-tab-content-1082\" aria-expanded=\"false\">\n\t\t\t\t\t\t\t\t\t\t\t\t\t<span class=\"elementor-accordion-icon elementor-accordion-icon-right\" aria-hidden=\"true\">\n\t\t\t\t\t\t\t\t\t\t\t\t\t\t\t<span class=\"elementor-accordion-icon-closed\"><i class=\"far fa-caret-square-down\"><\/i><\/span>\n\t\t\t\t\t\t\t\t<span class=\"elementor-accordion-icon-opened\"><i class=\"far fa-caret-square-up\"><\/i><\/span>\n\t\t\t\t\t\t\t\t\t\t\t\t\t\t<\/span>\n\t\t\t\t\t\t\t\t\t\t\t\t<a class=\"elementor-accordion-title\" tabindex=\"0\">Quant costa posar plaques solars en un bloc de pisos?<\/a>\n\t\t\t\t\t<\/h2>\n\t\t\t\t\t<div id=\"elementor-tab-content-1082\" class=\"elementor-tab-content elementor-clearfix\" data-tab=\"2\" role=\"region\" aria-labelledby=\"elementor-tab-title-1082\"><p><b>Cada instal\u00b7laci\u00f3 \u00e9s diferent i el cost poden variar molt<\/b><span style=\"font-weight: 400;\">la qual cosa fa oscil\u00b7lar tamb\u00e9 el termini d&#8217;amortitzaci\u00f3. Et recomanem sol\u00b7licitar un estudi de viabilitat a una empresa professional i amb experi\u00e8ncia en l&#8217;\u00e0mbit. En Cam\u00edSolar t&#8217;oferim un estudi previ i gratu\u00eft de la instal\u00b7laci\u00f3, i un pressupost sense cap comprom\u00eds.<\/span><b>.<\/b><\/p>\n<\/div>\n\t\t\t\t<\/div>\n\t\t\t\t\t\t\t<div class=\"elementor-accordion-item\">\n\t\t\t\t\t<h2 id=\"elementor-tab-title-1083\" class=\"elementor-tab-title\" data-tab=\"3\" role=\"button\" aria-controls=\"elementor-tab-content-1083\" aria-expanded=\"false\">\n\t\t\t\t\t\t\t\t\t\t\t\t\t<span class=\"elementor-accordion-icon elementor-accordion-icon-right\" aria-hidden=\"true\">\n\t\t\t\t\t\t\t\t\t\t\t\t\t\t\t<span class=\"elementor-accordion-icon-closed\"><i class=\"far fa-caret-square-down\"><\/i><\/span>\n\t\t\t\t\t\t\t\t<span class=\"elementor-accordion-icon-opened\"><i class=\"far fa-caret-square-up\"><\/i><\/span>\n\t\t\t\t\t\t\t\t\t\t\t\t\t\t<\/span>\n\t\t\t\t\t\t\t\t\t\t\t\t<a class=\"elementor-accordion-title\" tabindex=\"0\">Qu\u00e8 \u00e9s l'autoconsum col\u00b7lectiu?<\/a>\n\t\t\t\t\t<\/h2>\n\t\t\t\t\t<div id=\"elementor-tab-content-1083\" class=\"elementor-tab-content elementor-clearfix\" data-tab=\"3\" role=\"region\" aria-labelledby=\"elementor-tab-title-1083\"><p><span style=\"font-weight: 400;\">\u00c9s una <\/span><b>instal\u00b7laci\u00f3 d&#8217;energia renovable per a autoconsum que distribueix l&#8217;electricitat entre un grup de consumidors,<\/b><span style=\"font-weight: 400;\">segons un repartiment acordat pr\u00e8viament. Per exemple, en un edifici de diversos pisos, es poden posar panells fotovoltaics per a repartir l&#8217;electricitat generada entre els ve\u00efns que han finan\u00e7at la instal\u00b7laci\u00f3. <\/span><\/p>\n<\/p>\n<p><span style=\"font-weight: 400;\">Si est\u00e0s pensant a passar-te a <\/span><b>&#8216;autoconsum fotovoltaic en la teua comunitat de ve\u00efns<\/b><span style=\"font-weight: 400;\">, contacta amb nosaltres. Quan contractes la teua instal\u00b7laci\u00f3 amb Cam\u00edSolar, <\/span><b>t&#8217;acompanyem en tot el proc\u00e9s:<\/b><span style=\"font-weight: 400;\">des de l&#8217;estudi previ, el disseny i la instal\u00b7laci\u00f3, fins a la legalitzaci\u00f3 i la tramitaci\u00f3 de les subvencions. Demana&#8217;ns un pressupost sense cap comprom\u00eds. Estarem encantats d&#8217;atendre&#8217;t.<\/span><\/p>\n<\/div>\n\t\t\t\t<\/div>\n\t\t\t\t\t\t\t\t\t\t<script type=\"application\/ld+json\">{\"@context\":\"https:\\\/\\\/schema.org\",\"@type\":\"FAQPage\",\"mainEntity\":[{\"@type\":\"Question\",\"name\":\"Quants ve\\u00efns han d'estar d'acord per a posar plaques solars?\",\"acceptedAnswer\":{\"@type\":\"Answer\",\"text\":\"<p><span style=\\\"font-weight: 400;\\\">Segons la Llei de Propietat Horitzontal, \\u00e9s necessari que <\\\/span><b>1\\\/3 dels ve\\u00efns estiga d&#8217;acord amb les obres de les plaques fotovoltaiques.<\\\/b><span style=\\\"font-weight: 400;\\\">. La resta no haur\\u00e0 d&#8217;abonar aquest tipus de factura, encara que si posteriorment volen instal\\u00b7lar-se el subministrador d&#8217;energia solar haurien de pagar un import proporcional d&#8217;acord amb l&#8217;actualitzaci\\u00f3 i els interessos legals.<\\\/span><\\\/p>\\n<p><span style=\\\"font-weight: 400;\\\">Et recomanem tornar a revisar l&#8217;apartat <\\\/span><b>\\u201cAcords entre ve\\u00efns\\u201d.<\\\/b><\\\/p>\\n\"}},{\"@type\":\"Question\",\"name\":\"Quant costa posar plaques solars en un bloc de pisos?\",\"acceptedAnswer\":{\"@type\":\"Answer\",\"text\":\"<p><b>Cada instal\\u00b7laci\\u00f3 \\u00e9s diferent i el cost poden variar molt<\\\/b><span style=\\\"font-weight: 400;\\\">la qual cosa fa oscil\\u00b7lar tamb\\u00e9 el termini d&#8217;amortitzaci\\u00f3. Et recomanem sol\\u00b7licitar un estudi de viabilitat a una empresa professional i amb experi\\u00e8ncia en l&#8217;\\u00e0mbit. En Cam\\u00edSolar t&#8217;oferim un estudi previ i gratu\\u00eft de la instal\\u00b7laci\\u00f3, i un pressupost sense cap comprom\\u00eds.<\\\/span><b>.<\\\/b><\\\/p>\\n\"}},{\"@type\":\"Question\",\"name\":\"Qu\\u00e8 \\u00e9s l'autoconsum col\\u00b7lectiu?\",\"acceptedAnswer\":{\"@type\":\"Answer\",\"text\":\"<p><span style=\\\"font-weight: 400;\\\">\\u00c9s una <\\\/span><b>instal\\u00b7laci\\u00f3 d&#8217;energia renovable per a autoconsum que distribueix l&#8217;electricitat entre un grup de consumidors,<\\\/b><span style=\\\"font-weight: 400;\\\">segons un repartiment acordat pr\\u00e8viament. Per exemple, en un edifici de diversos pisos, es poden posar panells fotovoltaics per a repartir l&#8217;electricitat generada entre els ve\\u00efns que han finan\\u00e7at la instal\\u00b7laci\\u00f3. <\\\/span><\\\/p>\\n<\\\/p>\\n<p><span style=\\\"font-weight: 400;\\\">Si est\\u00e0s pensant a passar-te a <\\\/span><b>&#8216;autoconsum fotovoltaic en la teua comunitat de ve\\u00efns<\\\/b><span style=\\\"font-weight: 400;\\\">, contacta amb nosaltres. Quan contractes la teua instal\\u00b7laci\\u00f3 amb Cam\\u00edSolar, <\\\/span><b>t&#8217;acompanyem en tot el proc\\u00e9s:<\\\/b><span style=\\\"font-weight: 400;\\\">des de l&#8217;estudi previ, el disseny i la instal\\u00b7laci\\u00f3, fins a la legalitzaci\\u00f3 i la tramitaci\\u00f3 de les subvencions. Demana&#8217;ns un pressupost sense cap comprom\\u00eds. Estarem encantats d&#8217;atendre&#8217;t.<\\\/span><\\\/p>\\n\"}}]}<\/script>\n\t\t\t\t\t<\/div>\n\t\t\t\t\t\t<\/div>\n\t\t\t\t<\/div>\n\t\t\t\t\t<\/div>\n\t\t<\/div>\n\t\t\t\t\t<\/div>\n\t\t<\/section>\n\t\t\t\t\t<\/div>\n\t\t<\/div>\n\t\t\t\t\t<\/div>\n\t\t<\/section>\n\t\t\t\t<section class=\"elementor-section elementor-top-section elementor-element elementor-element-550896bc elementor-section-boxed elementor-section-height-default elementor-section-height-default\" data-id=\"550896bc\" data-element_type=\"section\" data-e-type=\"section\" data-settings=\"{&quot;background_background&quot;:&quot;classic&quot;}\">\n\t\t\t\t\t\t<div class=\"elementor-container elementor-column-gap-default\">\n\t\t\t\t\t<div class=\"elementor-column elementor-col-100 elementor-top-column elementor-element elementor-element-67978f9d\" data-id=\"67978f9d\" data-element_type=\"column\" data-e-type=\"column\" data-settings=\"{&quot;background_background&quot;:&quot;classic&quot;}\">\n\t\t\t<div class=\"elementor-widget-wrap elementor-element-populated\">\n\t\t\t\t\t\t<section class=\"elementor-section elementor-inner-section elementor-element elementor-element-4e42a2ba elementor-section-content-middle elementor-section-boxed elementor-section-height-default elementor-section-height-default\" data-id=\"4e42a2ba\" data-element_type=\"section\" data-e-type=\"section\">\n\t\t\t\t\t\t<div class=\"elementor-container elementor-column-gap-default\">\n\t\t\t\t\t<div class=\"elementor-column elementor-col-50 elementor-inner-column elementor-element elementor-element-33647b67\" data-id=\"33647b67\" data-element_type=\"column\" data-e-type=\"column\">\n\t\t\t<div class=\"elementor-widget-wrap elementor-element-populated\">\n\t\t\t\t\t\t<div class=\"elementor-element elementor-element-268bff6f elementor-widget elementor-widget-heading\" data-id=\"268bff6f\" data-element_type=\"widget\" data-e-type=\"widget\" data-widget_type=\"heading.default\">\n\t\t\t\t<div class=\"elementor-widget-container\">\n\t\t\t\t\t<h3 class=\"elementor-heading-title elementor-size-default\">Descobreix quant pots estalviar al mes<\/h3>\t\t\t\t<\/div>\n\t\t\t\t<\/div>\n\t\t\t\t<div class=\"elementor-element elementor-element-40d41890 elementor-widget elementor-widget-text-editor\" data-id=\"40d41890\" data-element_type=\"widget\" data-e-type=\"widget\" data-widget_type=\"text-editor.default\">\n\t\t\t\t<div class=\"elementor-widget-container\">\n\t\t\t\t\t\t\t\t\t<p>Els nostres t\u00e8cnics calcularan l\u2019estalvi que suposa passar-te a l\u2019energia solar fotovoltaica i el cost de la teua instal\u00b7laci\u00f3. <\/p>\n\t\t\t\t\t\t\t\t<\/div>\n\t\t\t\t<\/div>\n\t\t\t\t\t<\/div>\n\t\t<\/div>\n\t\t\t\t<div class=\"elementor-column elementor-col-50 elementor-inner-column elementor-element elementor-element-793fe6e0\" data-id=\"793fe6e0\" data-element_type=\"column\" data-e-type=\"column\">\n\t\t\t<div class=\"elementor-widget-wrap elementor-element-populated\">\n\t\t\t\t\t\t<div class=\"elementor-element elementor-element-2f9b67a3 elementor-align-right elementor-tablet-align-center elementor-widget elementor-widget-button\" data-id=\"2f9b67a3\" data-element_type=\"widget\" data-e-type=\"widget\" data-widget_type=\"button.default\">\n\t\t\t\t<div class=\"elementor-widget-container\">\n\t\t\t\t\t\t\t\t\t<div class=\"elementor-button-wrapper\">\n\t\t\t\t\t<a class=\"elementor-button elementor-button-link elementor-size-sm\" href=\"https:\/\/camisolar.com\/va\/contacte\/\" title=\"Solicitar informaci\u00f3n\">\n\t\t\t\t\t\t<span class=\"elementor-button-content-wrapper\">\n\t\t\t\t\t\t\t\t\t<span class=\"elementor-button-text\">Sol\u00b7licita informaci\u00f3<\/span>\n\t\t\t\t\t<\/span>\n\t\t\t\t\t<\/a>\n\t\t\t\t<\/div>\n\t\t\t\t\t\t\t\t<\/div>\n\t\t\t\t<\/div>\n\t\t\t\t\t<\/div>\n\t\t<\/div>\n\t\t\t\t\t<\/div>\n\t\t<\/section>\n\t\t\t\t\t<\/div>\n\t\t<\/div>\n\t\t\t\t\t<\/div>\n\t\t<\/section>\n\t\t\t\t<\/div>\n\t\t","protected":false},"excerpt":{"rendered":"<p>Instalaci\u00f3n de placas solares para comunidades de vecinos impulsando la sostenibilidad energ\u00e9tica Aunque solemos asociar la imagen de un tejado repleto de paneles solares a una vivienda unifamiliar, la energ\u00eda solar puede llegar a cualquier tipo de cubierta, tambi\u00e9n a la de un edificio o bloque de viviendas. En el siguiente espacio, repasamos cu\u00e1les son [&hellip;]<\/p>\n","protected":false},"author":2,"featured_media":0,"parent":0,"menu_order":0,"comment_status":"closed","ping_status":"closed","template":"","meta":{"_crdt_document":"","site-sidebar-layout":"no-sidebar","site-content-layout":"page-builder","ast-site-content-layout":"full-width-container","site-content-style":"unboxed","site-sidebar-style":"unboxed","ast-global-header-display":"","ast-banner-title-visibility":"","ast-main-header-display":"","ast-hfb-above-header-display":"","ast-hfb-below-header-display":"","ast-hfb-mobile-header-display":"","site-post-title":"disabled","ast-breadcrumbs-content":"","ast-featured-img":"disabled","footer-sml-layout":"","theme-transparent-header-meta":"enabled","adv-header-id-meta":"","stick-header-meta":"","header-above-stick-meta":"","header-main-stick-meta":"","header-below-stick-meta":"","astra-migrate-meta-layouts":"set","ast-page-background-enabled":"default","ast-page-background-meta":{"desktop":{"background-color":"","background-image":"","background-repeat":"repeat","background-position":"center center","background-size":"auto","background-attachment":"scroll","background-type":"","background-media":"","overlay-type":"","overlay-color":"","overlay-opacity":"","overlay-gradient":""},"tablet":{"background-color":"","background-image":"","background-repeat":"repeat","background-position":"center center","background-size":"auto","background-attachment":"scroll","background-type":"","background-media":"","overlay-type":"","overlay-color":"","overlay-opacity":"","overlay-gradient":""},"mobile":{"background-color":"","background-image":"","background-repeat":"repeat","background-position":"center center","background-size":"auto","background-attachment":"scroll","background-type":"","background-media":"","overlay-type":"","overlay-color":"","overlay-opacity":"","overlay-gradient":""}},"ast-content-background-meta":{"desktop":{"background-color":"var(--ast-global-color-5)","background-image":"","background-repeat":"repeat","background-position":"center center","background-size":"auto","background-attachment":"scroll","background-type":"","background-media":"","overlay-type":"","overlay-color":"","overlay-opacity":"","overlay-gradient":""},"tablet":{"background-color":"var(--ast-global-color-5)","background-image":"","background-repeat":"repeat","background-position":"center center","background-size":"auto","background-attachment":"scroll","background-type":"","background-media":"","overlay-type":"","overlay-color":"","overlay-opacity":"","overlay-gradient":""},"mobile":{"background-color":"var(--ast-global-color-5)","background-image":"","background-repeat":"repeat","background-position":"center center","background-size":"auto","background-attachment":"scroll","background-type":"","background-media":"","overlay-type":"","overlay-color":"","overlay-opacity":"","overlay-gradient":""}},"_joinchat":[],"footnotes":""},"class_list":["post-6215","page","type-page","status-publish","hentry"],"yoast_head":"<!-- This site is optimized with the Yoast SEO plugin v26.9 - https:\/\/yoast.com\/product\/yoast-seo-wordpress\/ -->\n<title>Plaques Solars Comunitat de Ve\u00efns a Val\u00e8ncia | Cam\u00edSolar<\/title>\n<meta name=\"description\" content=\"Cam\u00edSolar oferix Instal\u00b7laci\u00f3 de Plaques Solars per a Comunitats de Ve\u00efns a Val\u00e8ncia, Alacant i voltants. Efici\u00e8ncia i sostenibilitat. \u260e\ufe0f 611 649 083\" \/>\n<meta name=\"robots\" content=\"index, follow, max-snippet:-1, max-image-preview:large, max-video-preview:-1\" \/>\n<link rel=\"canonical\" href=\"https:\/\/camisolar.com\/va\/plaques-solars-comunitad-veins\/\" \/>\n<meta property=\"og:locale\" content=\"en_US\" \/>\n<meta property=\"og:type\" content=\"article\" \/>\n<meta property=\"og:title\" content=\"Plaques Solars Comunitat de Ve\u00efns a Val\u00e8ncia | Cam\u00edSolar\" \/>\n<meta property=\"og:description\" content=\"Cam\u00edSolar oferix Instal\u00b7laci\u00f3 de Plaques Solars per a Comunitats de Ve\u00efns a Val\u00e8ncia, Alacant i voltants. Efici\u00e8ncia i sostenibilitat. \u260e\ufe0f 611 649 083\" \/>\n<meta property=\"og:url\" content=\"https:\/\/camisolar.com\/va\/plaques-solars-comunitad-veins\/\" \/>\n<meta property=\"og:site_name\" content=\"Cam\u00edSolar\" \/>\n<meta property=\"article:publisher\" content=\"https:\/\/www.facebook.com\/camisolarfotovoltaica\/\" \/>\n<meta property=\"article:modified_time\" content=\"2026-02-16T17:00:41+00:00\" \/>\n<meta property=\"og:image\" content=\"https:\/\/camisolar.com\/wp-content\/uploads\/2021\/05\/camisolar.jpg\" \/>\n<meta name=\"twitter:card\" content=\"summary_large_image\" \/>\n<meta name=\"twitter:image\" content=\"https:\/\/camisolar.com\/wp-content\/uploads\/2021\/05\/camisolar.jpg\" \/>\n<meta name=\"twitter:label1\" content=\"Est. reading time\" \/>\n\t<meta name=\"twitter:data1\" content=\"11 minutes\" \/>\n<script type=\"application\/ld+json\" class=\"yoast-schema-graph\">{\"@context\":\"https:\/\/schema.org\",\"@graph\":[{\"@type\":\"WebPage\",\"@id\":\"https:\/\/camisolar.com\/va\/plaques-solars-comunitad-veins\/\",\"url\":\"https:\/\/camisolar.com\/va\/plaques-solars-comunitad-veins\/\",\"name\":\"Plaques Solars Comunitat de Ve\u00efns a Val\u00e8ncia | Cam\u00edSolar\",\"isPartOf\":{\"@id\":\"https:\/\/camisolar.com\/va\/#website\"},\"primaryImageOfPage\":{\"@id\":\"https:\/\/camisolar.com\/va\/plaques-solars-comunitad-veins\/#primaryimage\"},\"image\":{\"@id\":\"https:\/\/camisolar.com\/va\/plaques-solars-comunitad-veins\/#primaryimage\"},\"thumbnailUrl\":\"https:\/\/camisolar.com\/wp-content\/uploads\/2021\/06\/como-funcionan-las-placas-solares.png\",\"datePublished\":\"2023-12-22T18:12:25+00:00\",\"dateModified\":\"2026-02-16T17:00:41+00:00\",\"description\":\"Cam\u00edSolar oferix Instal\u00b7laci\u00f3 de Plaques Solars per a Comunitats de Ve\u00efns a Val\u00e8ncia, Alacant i voltants. Efici\u00e8ncia i sostenibilitat. \u260e\ufe0f 611 649 083\",\"breadcrumb\":{\"@id\":\"https:\/\/camisolar.com\/va\/plaques-solars-comunitad-veins\/#breadcrumb\"},\"inLanguage\":\"ca-es\",\"potentialAction\":[{\"@type\":\"ReadAction\",\"target\":[\"https:\/\/camisolar.com\/va\/plaques-solars-comunitad-veins\/\"]}]},{\"@type\":\"ImageObject\",\"inLanguage\":\"ca-es\",\"@id\":\"https:\/\/camisolar.com\/va\/plaques-solars-comunitad-veins\/#primaryimage\",\"url\":\"https:\/\/camisolar.com\/wp-content\/uploads\/2021\/06\/como-funcionan-las-placas-solares.png\",\"contentUrl\":\"https:\/\/camisolar.com\/wp-content\/uploads\/2021\/06\/como-funcionan-las-placas-solares.png\"},{\"@type\":\"BreadcrumbList\",\"@id\":\"https:\/\/camisolar.com\/va\/plaques-solars-comunitad-veins\/#breadcrumb\",\"itemListElement\":[{\"@type\":\"ListItem\",\"position\":1,\"name\":\"Inici\",\"item\":\"https:\/\/camisolar.com\/va\/\"},{\"@type\":\"ListItem\",\"position\":2,\"name\":\"Instal\u00b7laci\u00f3 de plaques solars per a comunitats de ve\u00efns\"}]},{\"@type\":\"WebSite\",\"@id\":\"https:\/\/camisolar.com\/va\/#website\",\"url\":\"https:\/\/camisolar.com\/va\/\",\"name\":\"Cam\u00edSolar\",\"description\":\"En Cam\u00edsolar, estamos especializados en energ\u00eda fotovoltaica y solar en Valencia. Conoce este recurso limpio e inagotable para tu hogar o empresa.\",\"publisher\":{\"@id\":\"https:\/\/camisolar.com\/va\/#organization\"},\"potentialAction\":[{\"@type\":\"SearchAction\",\"target\":{\"@type\":\"EntryPoint\",\"urlTemplate\":\"https:\/\/camisolar.com\/va\/?s={search_term_string}\"},\"query-input\":{\"@type\":\"PropertyValueSpecification\",\"valueRequired\":true,\"valueName\":\"search_term_string\"}}],\"inLanguage\":\"ca-es\"},{\"@type\":\"Organization\",\"@id\":\"https:\/\/camisolar.com\/va\/#organization\",\"name\":\"Cam\u00edSolar\",\"url\":\"https:\/\/camisolar.com\/va\/\",\"logo\":{\"@type\":\"ImageObject\",\"inLanguage\":\"ca-es\",\"@id\":\"https:\/\/camisolar.com\/va\/#\/schema\/logo\/image\/\",\"url\":\"https:\/\/camisolar.com\/wp-content\/uploads\/2021\/05\/camisolar.jpg\",\"contentUrl\":\"https:\/\/camisolar.com\/wp-content\/uploads\/2021\/05\/camisolar.jpg\",\"width\":1000,\"height\":600,\"caption\":\"Cam\u00edSolar\"},\"image\":{\"@id\":\"https:\/\/camisolar.com\/va\/#\/schema\/logo\/image\/\"},\"sameAs\":[\"https:\/\/www.facebook.com\/camisolarfotovoltaica\/\",\"https:\/\/www.instagram.com\/camisolar.fotovoltaica\/\"]}]}<\/script>\n<!-- \/ Yoast SEO plugin. -->","yoast_head_json":{"title":"Plaques Solars Comunitat de Ve\u00efns a Val\u00e8ncia | Cam\u00edSolar","description":"Cam\u00edSolar oferix Instal\u00b7laci\u00f3 de Plaques Solars per a Comunitats de Ve\u00efns a Val\u00e8ncia, Alacant i voltants. Efici\u00e8ncia i sostenibilitat. \u260e\ufe0f 611 649 083","robots":{"index":"index","follow":"follow","max-snippet":"max-snippet:-1","max-image-preview":"max-image-preview:large","max-video-preview":"max-video-preview:-1"},"canonical":"https:\/\/camisolar.com\/va\/plaques-solars-comunitad-veins\/","og_locale":"en_US","og_type":"article","og_title":"Plaques Solars Comunitat de Ve\u00efns a Val\u00e8ncia | Cam\u00edSolar","og_description":"Cam\u00edSolar oferix Instal\u00b7laci\u00f3 de Plaques Solars per a Comunitats de Ve\u00efns a Val\u00e8ncia, Alacant i voltants. Efici\u00e8ncia i sostenibilitat. \u260e\ufe0f 611 649 083","og_url":"https:\/\/camisolar.com\/va\/plaques-solars-comunitad-veins\/","og_site_name":"Cam\u00edSolar","article_publisher":"https:\/\/www.facebook.com\/camisolarfotovoltaica\/","article_modified_time":"2026-02-16T17:00:41+00:00","og_image":[{"url":"https:\/\/camisolar.com\/wp-content\/uploads\/2021\/05\/camisolar.jpg","type":"","width":"","height":""}],"twitter_card":"summary_large_image","twitter_image":"https:\/\/camisolar.com\/wp-content\/uploads\/2021\/05\/camisolar.jpg","twitter_misc":{"Est. reading time":"11 minutes"},"schema":{"@context":"https:\/\/schema.org","@graph":[{"@type":"WebPage","@id":"https:\/\/camisolar.com\/va\/plaques-solars-comunitad-veins\/","url":"https:\/\/camisolar.com\/va\/plaques-solars-comunitad-veins\/","name":"Plaques Solars Comunitat de Ve\u00efns a Val\u00e8ncia | Cam\u00edSolar","isPartOf":{"@id":"https:\/\/camisolar.com\/va\/#website"},"primaryImageOfPage":{"@id":"https:\/\/camisolar.com\/va\/plaques-solars-comunitad-veins\/#primaryimage"},"image":{"@id":"https:\/\/camisolar.com\/va\/plaques-solars-comunitad-veins\/#primaryimage"},"thumbnailUrl":"https:\/\/camisolar.com\/wp-content\/uploads\/2021\/06\/como-funcionan-las-placas-solares.png","datePublished":"2023-12-22T18:12:25+00:00","dateModified":"2026-02-16T17:00:41+00:00","description":"Cam\u00edSolar oferix Instal\u00b7laci\u00f3 de Plaques Solars per a Comunitats de Ve\u00efns a Val\u00e8ncia, Alacant i voltants. Efici\u00e8ncia i sostenibilitat. \u260e\ufe0f 611 649 083","breadcrumb":{"@id":"https:\/\/camisolar.com\/va\/plaques-solars-comunitad-veins\/#breadcrumb"},"inLanguage":"ca-es","potentialAction":[{"@type":"ReadAction","target":["https:\/\/camisolar.com\/va\/plaques-solars-comunitad-veins\/"]}]},{"@type":"ImageObject","inLanguage":"ca-es","@id":"https:\/\/camisolar.com\/va\/plaques-solars-comunitad-veins\/#primaryimage","url":"https:\/\/camisolar.com\/wp-content\/uploads\/2021\/06\/como-funcionan-las-placas-solares.png","contentUrl":"https:\/\/camisolar.com\/wp-content\/uploads\/2021\/06\/como-funcionan-las-placas-solares.png"},{"@type":"BreadcrumbList","@id":"https:\/\/camisolar.com\/va\/plaques-solars-comunitad-veins\/#breadcrumb","itemListElement":[{"@type":"ListItem","position":1,"name":"Inici","item":"https:\/\/camisolar.com\/va\/"},{"@type":"ListItem","position":2,"name":"Instal\u00b7laci\u00f3 de plaques solars per a comunitats de ve\u00efns"}]},{"@type":"WebSite","@id":"https:\/\/camisolar.com\/va\/#website","url":"https:\/\/camisolar.com\/va\/","name":"Cam\u00edSolar","description":"En Cam\u00edsolar, estamos especializados en energ\u00eda fotovoltaica y solar en Valencia. Conoce este recurso limpio e inagotable para tu hogar o empresa.","publisher":{"@id":"https:\/\/camisolar.com\/va\/#organization"},"potentialAction":[{"@type":"SearchAction","target":{"@type":"EntryPoint","urlTemplate":"https:\/\/camisolar.com\/va\/?s={search_term_string}"},"query-input":{"@type":"PropertyValueSpecification","valueRequired":true,"valueName":"search_term_string"}}],"inLanguage":"ca-es"},{"@type":"Organization","@id":"https:\/\/camisolar.com\/va\/#organization","name":"Cam\u00edSolar","url":"https:\/\/camisolar.com\/va\/","logo":{"@type":"ImageObject","inLanguage":"ca-es","@id":"https:\/\/camisolar.com\/va\/#\/schema\/logo\/image\/","url":"https:\/\/camisolar.com\/wp-content\/uploads\/2021\/05\/camisolar.jpg","contentUrl":"https:\/\/camisolar.com\/wp-content\/uploads\/2021\/05\/camisolar.jpg","width":1000,"height":600,"caption":"Cam\u00edSolar"},"image":{"@id":"https:\/\/camisolar.com\/va\/#\/schema\/logo\/image\/"},"sameAs":["https:\/\/www.facebook.com\/camisolarfotovoltaica\/","https:\/\/www.instagram.com\/camisolar.fotovoltaica\/"]}]}},"_links":{"self":[{"href":"https:\/\/camisolar.com\/va\/wp-json\/wp\/v2\/pages\/6215","targetHints":{"allow":["GET"]}}],"collection":[{"href":"https:\/\/camisolar.com\/va\/wp-json\/wp\/v2\/pages"}],"about":[{"href":"https:\/\/camisolar.com\/va\/wp-json\/wp\/v2\/types\/page"}],"author":[{"embeddable":true,"href":"https:\/\/camisolar.com\/va\/wp-json\/wp\/v2\/users\/2"}],"replies":[{"embeddable":true,"href":"https:\/\/camisolar.com\/va\/wp-json\/wp\/v2\/comments?post=6215"}],"version-history":[{"count":1,"href":"https:\/\/camisolar.com\/va\/wp-json\/wp\/v2\/pages\/6215\/revisions"}],"predecessor-version":[{"id":6901,"href":"https:\/\/camisolar.com\/va\/wp-json\/wp\/v2\/pages\/6215\/revisions\/6901"}],"wp:attachment":[{"href":"https:\/\/camisolar.com\/va\/wp-json\/wp\/v2\/media?parent=6215"}],"curies":[{"name":"wp","href":"https:\/\/api.w.org\/{rel}","templated":true}]}}