{"id":6314,"date":"2024-03-23T23:49:17","date_gmt":"2024-03-23T23:49:17","guid":{"rendered":"https:\/\/camisolar.com\/instal%c2%b7lacio-de-plaques-solars-en-naus-industrials\/"},"modified":"2026-02-16T17:00:31","modified_gmt":"2026-02-16T17:00:31","slug":"plaques-solars-naus-industrials","status":"publish","type":"page","link":"https:\/\/camisolar.com\/va\/plaques-solars-naus-industrials\/","title":{"rendered":"Instal\u00b7laci\u00f3 de Plaques Solars en Naus Industrials"},"content":{"rendered":"\t\t<div data-elementor-type=\"wp-post\" data-elementor-id=\"6314\" class=\"elementor elementor-6314 elementor-6280\" data-elementor-post-type=\"page\">\n\t\t\t\t\t\t<section class=\"elementor-section elementor-top-section elementor-element elementor-element-4253775 elementor-section-stretched elementor-section-height-min-height elementor-section-boxed elementor-section-height-default elementor-section-items-middle elementor-invisible\" data-id=\"4253775\" data-element_type=\"section\" data-e-type=\"section\" data-settings=\"{&quot;background_background&quot;:&quot;classic&quot;,&quot;stretch_section&quot;:&quot;section-stretched&quot;,&quot;animation&quot;:&quot;fadeIn&quot;}\">\n\t\t\t\t\t\t\t<div class=\"elementor-background-overlay\"><\/div>\n\t\t\t\t\t\t\t<div class=\"elementor-container elementor-column-gap-no\">\n\t\t\t\t\t<div class=\"elementor-column elementor-col-100 elementor-top-column elementor-element elementor-element-0c1dc37\" data-id=\"0c1dc37\" data-element_type=\"column\" data-e-type=\"column\">\n\t\t\t<div class=\"elementor-widget-wrap elementor-element-populated\">\n\t\t\t\t\t\t<div class=\"elementor-element elementor-element-7fd9b6d elementor-widget elementor-widget-template\" data-id=\"7fd9b6d\" data-element_type=\"widget\" data-e-type=\"widget\" data-widget_type=\"template.default\">\n\t\t\t\t<div class=\"elementor-widget-container\">\n\t\t\t\t\t\t\t<div class=\"elementor-template\">\n\t\t\t\t\t<div data-elementor-type=\"section\" data-elementor-id=\"3893\" class=\"elementor elementor-3893\" data-elementor-post-type=\"elementor_library\">\n\t\t\t\t\t<section class=\"elementor-section elementor-top-section elementor-element elementor-element-ff59f05 elementor-section-full_width elementor-section-height-default elementor-section-height-default\" data-id=\"ff59f05\" data-element_type=\"section\" data-e-type=\"section\">\n\t\t\t\t\t\t<div class=\"elementor-container elementor-column-gap-default\">\n\t\t\t\t\t<div class=\"elementor-column elementor-col-100 elementor-top-column elementor-element elementor-element-75a3084\" data-id=\"75a3084\" data-element_type=\"column\" data-e-type=\"column\">\n\t\t\t<div class=\"elementor-widget-wrap elementor-element-populated\">\n\t\t\t\t\t\t<div class=\"elementor-element elementor-element-cbcd7d6 elementor-align-center elementor-widget elementor-widget-breadcrumbs\" data-id=\"cbcd7d6\" data-element_type=\"widget\" data-e-type=\"widget\" data-widget_type=\"breadcrumbs.default\">\n\t\t\t\t<div class=\"elementor-widget-container\">\n\t\t\t\t\t<p id=\"breadcrumbs\"><span><span><a href=\"https:\/\/camisolar.com\/va\/\">Inici<\/a><\/span><\/span><\/p>\t\t\t\t<\/div>\n\t\t\t\t<\/div>\n\t\t\t\t\t<\/div>\n\t\t<\/div>\n\t\t\t\t\t<\/div>\n\t\t<\/section>\n\t\t\t\t<\/div>\n\t\t\t\t<\/div>\n\t\t\t\t\t\t<\/div>\n\t\t\t\t<\/div>\n\t\t\t\t<div class=\"elementor-element elementor-element-0047ace elementor-widget elementor-widget-heading\" data-id=\"0047ace\" data-element_type=\"widget\" data-e-type=\"widget\" data-widget_type=\"heading.default\">\n\t\t\t\t<div class=\"elementor-widget-container\">\n\t\t\t\t\t<h1 class=\"elementor-heading-title elementor-size-default\">Plaques Fotovoltaiques per a Ind\u00fastria<\/h1>\t\t\t\t<\/div>\n\t\t\t\t<\/div>\n\t\t\t\t<div class=\"elementor-element elementor-element-48f3ec0 elementor-widget elementor-widget-text-editor\" data-id=\"48f3ec0\" data-element_type=\"widget\" data-e-type=\"widget\" data-widget_type=\"text-editor.default\">\n\t\t\t\t<div class=\"elementor-widget-container\">\n\t\t\t\t\t\t\t\t\t<p>En Cam\u00edSolar ens impliquem amb tu perqu\u00e8 el creixement del teu negoci siga una realitat, la nostra empresa compta amb una dilatada experi\u00e8ncia en el sector de les <strong>plaques solars per a naus industrials.<\/strong><\/p>\n\t\t\t\t\t\t\t\t<\/div>\n\t\t\t\t<\/div>\n\t\t\t\t\t<\/div>\n\t\t<\/div>\n\t\t\t\t\t<\/div>\n\t\t<\/section>\n\t\t\t\t<section class=\"elementor-section elementor-top-section elementor-element elementor-element-4a1398b elementor-section-boxed elementor-section-height-default elementor-section-height-default\" data-id=\"4a1398b\" data-element_type=\"section\" data-e-type=\"section\">\n\t\t\t\t\t\t<div class=\"elementor-container elementor-column-gap-default\">\n\t\t\t\t\t<div class=\"elementor-column elementor-col-100 elementor-top-column elementor-element elementor-element-55e5a79\" data-id=\"55e5a79\" data-element_type=\"column\" data-e-type=\"column\">\n\t\t\t<div class=\"elementor-widget-wrap elementor-element-populated\">\n\t\t\t\t\t\t<div class=\"elementor-element elementor-element-3d79c8d elementor-widget elementor-widget-heading\" data-id=\"3d79c8d\" data-element_type=\"widget\" data-e-type=\"widget\" data-widget_type=\"heading.default\">\n\t\t\t\t<div class=\"elementor-widget-container\">\n\t\t\t\t\t<h2 class=\"elementor-heading-title elementor-size-default\">Et planteges connectar la teua nau industrial a l'energia solar fotovoltaica?<\/h2>\t\t\t\t<\/div>\n\t\t\t\t<\/div>\n\t\t\t\t\t<\/div>\n\t\t<\/div>\n\t\t\t\t\t<\/div>\n\t\t<\/section>\n\t\t\t\t<section class=\"elementor-section elementor-top-section elementor-element elementor-element-4568ac9 elementor-section-boxed elementor-section-height-default elementor-section-height-default\" data-id=\"4568ac9\" data-element_type=\"section\" data-e-type=\"section\">\n\t\t\t\t\t\t<div class=\"elementor-container elementor-column-gap-default\">\n\t\t\t\t\t<div class=\"elementor-column elementor-col-50 elementor-top-column elementor-element elementor-element-8261a78\" data-id=\"8261a78\" data-element_type=\"column\" data-e-type=\"column\">\n\t\t\t<div class=\"elementor-widget-wrap elementor-element-populated\">\n\t\t\t\t\t\t<div class=\"elementor-element elementor-element-19aca3a elementor-widget elementor-widget-image\" data-id=\"19aca3a\" data-element_type=\"widget\" data-e-type=\"widget\" data-widget_type=\"image.default\">\n\t\t\t\t<div class=\"elementor-widget-container\">\n\t\t\t\t\t\t\t\t\t\t\t\t\t\t\t<img fetchpriority=\"high\" decoding=\"async\" width=\"800\" height=\"450\" src=\"https:\/\/camisolar.com\/wp-content\/uploads\/2021\/04\/como-funcionan-las-placas-solares.png\" class=\"attachment-full size-full wp-image-1981\" alt=\"as\u00ed funcionan las placas solares\" srcset=\"https:\/\/camisolar.com\/wp-content\/uploads\/2021\/04\/como-funcionan-las-placas-solares.png 800w, https:\/\/camisolar.com\/wp-content\/uploads\/2021\/04\/como-funcionan-las-placas-solares-300x169.png 300w, https:\/\/camisolar.com\/wp-content\/uploads\/2021\/04\/como-funcionan-las-placas-solares-768x432.png 768w\" sizes=\"(max-width: 800px) 100vw, 800px\" \/>\t\t\t\t\t\t\t\t\t\t\t\t\t\t\t<\/div>\n\t\t\t\t<\/div>\n\t\t\t\t\t<\/div>\n\t\t<\/div>\n\t\t\t\t<div class=\"elementor-column elementor-col-50 elementor-top-column elementor-element elementor-element-4eae1af\" data-id=\"4eae1af\" data-element_type=\"column\" data-e-type=\"column\">\n\t\t\t<div class=\"elementor-widget-wrap elementor-element-populated\">\n\t\t\t\t\t\t<div class=\"elementor-element elementor-element-ce31141 elementor-widget elementor-widget-text-editor\" data-id=\"ce31141\" data-element_type=\"widget\" data-e-type=\"widget\" data-widget_type=\"text-editor.default\">\n\t\t\t\t<div class=\"elementor-widget-container\">\n\t\t\t\t\t\t\t\t\t<p>Els beneficis d&#8217;instal\u00b7lar plaques solars en el teu negoci s\u00f3n immediats, tant en la reducci\u00f3 de costos com en l&#8217;impacte positiu per al medi ambient.<\/p>\n<p>Per qu\u00e8 conformar-te amb costosos rebuts d&#8217;electricitat quan pots generar la teua pr\u00f2pia energia neta i renovable? Les plaques solars no sols redueixen les teues despeses energ\u00e8tiques, sin\u00f3 que tamb\u00e9 et permeten aprofitar al m\u00e0xim un recurs il\u00b7limitat: la llum del sol. <\/p>\n<p>El nostre equip d&#8217;experts en energia solar dissenyar\u00e0 i personalitzar\u00e0 la soluci\u00f3 perfecta per a la teua nau industrial. Des de la instal\u00b7laci\u00f3 fins al manteniment, t&#8217;oferim un servei complet i professional perqu\u00e8 pugues gaudir dels beneficis de l&#8217;energia solar sense preocupacions.<\/p>\n<p><strong>Contacta&#8217;ns hui mateix i descobreix com les plaques solars poden impulsar l&#8217;efici\u00e8ncia i rendibilitat de la teua nau industrial!<\/strong><\/p>\n\t\t\t\t\t\t\t\t<\/div>\n\t\t\t\t<\/div>\n\t\t\t\t\t<\/div>\n\t\t<\/div>\n\t\t\t\t\t<\/div>\n\t\t<\/section>\n\t\t\t\t<section class=\"elementor-section elementor-top-section elementor-element elementor-element-57757ea elementor-section-boxed elementor-section-height-default elementor-section-height-default\" data-id=\"57757ea\" data-element_type=\"section\" data-e-type=\"section\">\n\t\t\t\t\t\t<div class=\"elementor-container elementor-column-gap-default\">\n\t\t\t\t\t<div class=\"elementor-column elementor-col-100 elementor-top-column elementor-element elementor-element-1b018fc\" data-id=\"1b018fc\" data-element_type=\"column\" data-e-type=\"column\">\n\t\t\t<div class=\"elementor-widget-wrap elementor-element-populated\">\n\t\t\t\t\t\t<section class=\"elementor-section elementor-inner-section elementor-element elementor-element-28501a2 elementor-section-boxed elementor-section-height-default elementor-section-height-default\" data-id=\"28501a2\" data-element_type=\"section\" data-e-type=\"section\">\n\t\t\t\t\t\t<div class=\"elementor-container elementor-column-gap-default\">\n\t\t\t\t\t<div class=\"elementor-column elementor-col-100 elementor-inner-column elementor-element elementor-element-ccaafee\" data-id=\"ccaafee\" data-element_type=\"column\" data-e-type=\"column\">\n\t\t\t<div class=\"elementor-widget-wrap elementor-element-populated\">\n\t\t\t\t\t\t<div class=\"elementor-element elementor-element-aa1d262 elementor-widget elementor-widget-heading\" data-id=\"aa1d262\" data-element_type=\"widget\" data-e-type=\"widget\" data-widget_type=\"heading.default\">\n\t\t\t\t<div class=\"elementor-widget-container\">\n\t\t\t\t\t<h2 class=\"elementor-heading-title elementor-size-default\">Per qu\u00e8 instal\u00b7lar plaques solars en la meva nau industrial? Els principals beneficis.<\/h2>\t\t\t\t<\/div>\n\t\t\t\t<\/div>\n\t\t\t\t<div class=\"elementor-element elementor-element-4e46560 elementor-widget elementor-widget-text-editor\" data-id=\"4e46560\" data-element_type=\"widget\" data-e-type=\"widget\" data-widget_type=\"text-editor.default\">\n\t\t\t\t<div class=\"elementor-widget-container\">\n\t\t\t\t\t\t\t\t\t<p>Els beneficis per la instal\u00b7laci\u00f3 de panells solars en naus industrials, com coment\u00e0vem, s\u00f3n immediats: en primer lloc, obtindr\u00e0s un estalvi molt significatiu en la teua factura el\u00e8ctrica i el teu negoci es mantindr\u00e0 estable davant les variacions del preu de l&#8217;energia.<\/p>\n<p>A continuaci\u00f3, detallem alguns dels principals beneficis de la instal\u00b7laci\u00f3 de plaques solars en naus industrials, fonamentats en dades, fonts, i estad\u00edstiques oficials:<\/p>\n\t\t\t\t\t\t\t\t<\/div>\n\t\t\t\t<\/div>\n\t\t\t\t\t<\/div>\n\t\t<\/div>\n\t\t\t\t\t<\/div>\n\t\t<\/section>\n\t\t\t\t<section class=\"elementor-section elementor-inner-section elementor-element elementor-element-b7d6358 elementor-section-boxed elementor-section-height-default elementor-section-height-default\" data-id=\"b7d6358\" data-element_type=\"section\" data-e-type=\"section\">\n\t\t\t\t\t\t<div class=\"elementor-container elementor-column-gap-default\">\n\t\t\t\t\t<div class=\"elementor-column elementor-col-33 elementor-inner-column elementor-element elementor-element-07cfdf1\" data-id=\"07cfdf1\" data-element_type=\"column\" data-e-type=\"column\">\n\t\t\t<div class=\"elementor-widget-wrap elementor-element-populated\">\n\t\t\t\t\t\t<div class=\"elementor-element elementor-element-33839b0 elementor-widget elementor-widget-heading\" data-id=\"33839b0\" data-element_type=\"widget\" data-e-type=\"widget\" data-widget_type=\"heading.default\">\n\t\t\t\t<div class=\"elementor-widget-container\">\n\t\t\t\t\t<div class=\"elementor-heading-title elementor-size-default\">01.<\/div>\t\t\t\t<\/div>\n\t\t\t\t<\/div>\n\t\t\t\t<div class=\"elementor-element elementor-element-28eb2e3 elementor-widget elementor-widget-heading\" data-id=\"28eb2e3\" data-element_type=\"widget\" data-e-type=\"widget\" data-widget_type=\"heading.default\">\n\t\t\t\t<div class=\"elementor-widget-container\">\n\t\t\t\t\t<h3 class=\"elementor-heading-title elementor-size-default\">Estalvi en Despeses Energ\u00e8tiques<\/h3>\t\t\t\t<\/div>\n\t\t\t\t<\/div>\n\t\t\t\t<div class=\"elementor-element elementor-element-70c924d elementor-widget elementor-widget-text-editor\" data-id=\"70c924d\" data-element_type=\"widget\" data-e-type=\"widget\" data-widget_type=\"text-editor.default\">\n\t\t\t\t<div class=\"elementor-widget-container\">\n\t\t\t\t\t\t\t\t\t<p>Les empreses industrials a Espanya poden estalviar considerablement en les seues factures d&#8217;electricitat mitjan\u00e7ant la instal\u00b7laci\u00f3 de plaques solars.<\/p>\n<p>Segons l&#8217;Associaci\u00f3 d&#8217;Empreses d&#8217;Energies Renovables (APPA), l&#8217;estalvi mitj\u00e0 anual pot aconseguir fins al 75% en comparaci\u00f3 amb l&#8217;energia convencional.<\/p>\n\t\t\t\t\t\t\t\t<\/div>\n\t\t\t\t<\/div>\n\t\t\t\t\t<\/div>\n\t\t<\/div>\n\t\t\t\t<div class=\"elementor-column elementor-col-33 elementor-inner-column elementor-element elementor-element-2dc916e\" data-id=\"2dc916e\" data-element_type=\"column\" data-e-type=\"column\">\n\t\t\t<div class=\"elementor-widget-wrap elementor-element-populated\">\n\t\t\t\t\t\t<div class=\"elementor-element elementor-element-bab3ffc elementor-widget elementor-widget-heading\" data-id=\"bab3ffc\" data-element_type=\"widget\" data-e-type=\"widget\" data-widget_type=\"heading.default\">\n\t\t\t\t<div class=\"elementor-widget-container\">\n\t\t\t\t\t<div class=\"elementor-heading-title elementor-size-default\">02.<\/div>\t\t\t\t<\/div>\n\t\t\t\t<\/div>\n\t\t\t\t<div class=\"elementor-element elementor-element-6190a3e elementor-widget elementor-widget-heading\" data-id=\"6190a3e\" data-element_type=\"widget\" data-e-type=\"widget\" data-widget_type=\"heading.default\">\n\t\t\t\t<div class=\"elementor-widget-container\">\n\t\t\t\t\t<h3 class=\"elementor-heading-title elementor-size-default\">Reducci\u00f3 de la Depend\u00e8ncia Energ\u00e8tica<\/h3>\t\t\t\t<\/div>\n\t\t\t\t<\/div>\n\t\t\t\t<div class=\"elementor-element elementor-element-48b5ad2 elementor-widget elementor-widget-text-editor\" data-id=\"48b5ad2\" data-element_type=\"widget\" data-e-type=\"widget\" data-widget_type=\"text-editor.default\">\n\t\t\t\t<div class=\"elementor-widget-container\">\n\t\t\t\t\t\t\t\t\t<p>La instal\u00b7laci\u00f3 de plaques solars permet a les naus industrials reduir la seua depend\u00e8ncia de la xarxa el\u00e8ctrica convencional.<\/p>\n<p>Segons la Comissi\u00f3 Nacional dels Mercats i la Compet\u00e8ncia (CNMC), Espanya compta amb una de les tarifes el\u00e8ctriques m\u00e9s altes d&#8217;Europa, la qual cosa fa que la generaci\u00f3 d&#8217;energia solar siga una alternativa atractiva i rendible.<\/p>\n\t\t\t\t\t\t\t\t<\/div>\n\t\t\t\t<\/div>\n\t\t\t\t\t<\/div>\n\t\t<\/div>\n\t\t\t\t<div class=\"elementor-column elementor-col-33 elementor-inner-column elementor-element elementor-element-7e28e0a\" data-id=\"7e28e0a\" data-element_type=\"column\" data-e-type=\"column\">\n\t\t\t<div class=\"elementor-widget-wrap elementor-element-populated\">\n\t\t\t\t\t\t<div class=\"elementor-element elementor-element-66945aa elementor-widget elementor-widget-heading\" data-id=\"66945aa\" data-element_type=\"widget\" data-e-type=\"widget\" data-widget_type=\"heading.default\">\n\t\t\t\t<div class=\"elementor-widget-container\">\n\t\t\t\t\t<div class=\"elementor-heading-title elementor-size-default\">03.<\/div>\t\t\t\t<\/div>\n\t\t\t\t<\/div>\n\t\t\t\t<div class=\"elementor-element elementor-element-e69e19f elementor-widget elementor-widget-heading\" data-id=\"e69e19f\" data-element_type=\"widget\" data-e-type=\"widget\" data-widget_type=\"heading.default\">\n\t\t\t\t<div class=\"elementor-widget-container\">\n\t\t\t\t\t<h3 class=\"elementor-heading-title elementor-size-default\">Estabilitat en els Costos Energ\u00e8tics a llarg termini\n<\/h3>\t\t\t\t<\/div>\n\t\t\t\t<\/div>\n\t\t\t\t<div class=\"elementor-element elementor-element-57437ba elementor-widget elementor-widget-text-editor\" data-id=\"57437ba\" data-element_type=\"widget\" data-e-type=\"widget\" data-widget_type=\"text-editor.default\">\n\t\t\t\t<div class=\"elementor-widget-container\">\n\t\t\t\t\t\t\t\t\t<p>Les empreses poden garantir una estabilitat en els seus costos energ\u00e8tics a llarg termini en invertir en energia solar.<\/p>\n<p>Segons un informe de la Uni\u00f3 Espanyola Fotovoltaica (UNEF), l&#8217;energia solar ofereix una previsibilitat en els costos energ\u00e8tics durant tota la vida \u00fatil del sistema, que pot superar els 25 anys.<\/p>\n\t\t\t\t\t\t\t\t<\/div>\n\t\t\t\t<\/div>\n\t\t\t\t\t<\/div>\n\t\t<\/div>\n\t\t\t\t\t<\/div>\n\t\t<\/section>\n\t\t\t\t<section class=\"elementor-section elementor-inner-section elementor-element elementor-element-d15528c elementor-section-boxed elementor-section-height-default elementor-section-height-default\" data-id=\"d15528c\" data-element_type=\"section\" data-e-type=\"section\">\n\t\t\t\t\t\t<div class=\"elementor-container elementor-column-gap-default\">\n\t\t\t\t\t<div class=\"elementor-column elementor-col-33 elementor-inner-column elementor-element elementor-element-6aeacbd\" data-id=\"6aeacbd\" data-element_type=\"column\" data-e-type=\"column\">\n\t\t\t<div class=\"elementor-widget-wrap elementor-element-populated\">\n\t\t\t\t\t\t<div class=\"elementor-element elementor-element-29b9d92 elementor-widget elementor-widget-heading\" data-id=\"29b9d92\" data-element_type=\"widget\" data-e-type=\"widget\" data-widget_type=\"heading.default\">\n\t\t\t\t<div class=\"elementor-widget-container\">\n\t\t\t\t\t<div class=\"elementor-heading-title elementor-size-default\">04.<\/div>\t\t\t\t<\/div>\n\t\t\t\t<\/div>\n\t\t\t\t<div class=\"elementor-element elementor-element-8615e38 elementor-widget elementor-widget-heading\" data-id=\"8615e38\" data-element_type=\"widget\" data-e-type=\"widget\" data-widget_type=\"heading.default\">\n\t\t\t\t<div class=\"elementor-widget-container\">\n\t\t\t\t\t<h3 class=\"elementor-heading-title elementor-size-default\">Comprom\u00eds amb la Sostenibilitat i Responsabilitat Social Corporativa (RSC)<\/h3>\t\t\t\t<\/div>\n\t\t\t\t<\/div>\n\t\t\t\t<div class=\"elementor-element elementor-element-8b4d704 elementor-widget elementor-widget-text-editor\" data-id=\"8b4d704\" data-element_type=\"widget\" data-e-type=\"widget\" data-widget_type=\"text-editor.default\">\n\t\t\t\t<div class=\"elementor-widget-container\">\n\t\t\t\t\t\t\t\t\t<p>La instal\u00b7laci\u00f3 de plaques solars en naus industrials demostra un comprom\u00eds amb la sostenibilitat i la RSC, la qual cosa pot millorar la reputaci\u00f3 de l&#8217;empresa i atreure a clients i socis comercials conscients del medi ambient.<\/p>\n<p>Segons l&#8217;Observatori de la Sostenibilitat a Espanya, el 85% dels consumidors espanyols consideren important que les empreses siguen socialment responsables.<\/p>\n\t\t\t\t\t\t\t\t<\/div>\n\t\t\t\t<\/div>\n\t\t\t\t\t<\/div>\n\t\t<\/div>\n\t\t\t\t<div class=\"elementor-column elementor-col-33 elementor-inner-column elementor-element elementor-element-f7dc65f\" data-id=\"f7dc65f\" data-element_type=\"column\" data-e-type=\"column\">\n\t\t\t<div class=\"elementor-widget-wrap elementor-element-populated\">\n\t\t\t\t\t\t<div class=\"elementor-element elementor-element-262678b elementor-widget elementor-widget-heading\" data-id=\"262678b\" data-element_type=\"widget\" data-e-type=\"widget\" data-widget_type=\"heading.default\">\n\t\t\t\t<div class=\"elementor-widget-container\">\n\t\t\t\t\t<div class=\"elementor-heading-title elementor-size-default\">05.<\/div>\t\t\t\t<\/div>\n\t\t\t\t<\/div>\n\t\t\t\t<div class=\"elementor-element elementor-element-f84af45 elementor-widget elementor-widget-heading\" data-id=\"f84af45\" data-element_type=\"widget\" data-e-type=\"widget\" data-widget_type=\"heading.default\">\n\t\t\t\t<div class=\"elementor-widget-container\">\n\t\t\t\t\t<h3 class=\"elementor-heading-title elementor-size-default\">Compliment d'Objectius d'Energia Renovable<\/h3>\t\t\t\t<\/div>\n\t\t\t\t<\/div>\n\t\t\t\t<div class=\"elementor-element elementor-element-ec48146 elementor-widget elementor-widget-text-editor\" data-id=\"ec48146\" data-element_type=\"widget\" data-e-type=\"widget\" data-widget_type=\"text-editor.default\">\n\t\t\t\t<div class=\"elementor-widget-container\">\n\t\t\t\t\t\t\t\t\t<p>Espanya t\u00e9 el comprom\u00eds d&#8217;aconseguir el 74% d&#8217;energia renovable per a 2030, segons els objectius establerts per la Uni\u00f3 Europea.<\/p>\n<p>La instal\u00b7laci\u00f3 de plaques solars en naus industrials contribueix significativament a aquest objectiu i pot ajudar les empreses a complir amb les regulacions ambientals i de sostenibilitat.<\/p>\n\t\t\t\t\t\t\t\t<\/div>\n\t\t\t\t<\/div>\n\t\t\t\t\t<\/div>\n\t\t<\/div>\n\t\t\t\t<div class=\"elementor-column elementor-col-33 elementor-inner-column elementor-element elementor-element-970ac1e\" data-id=\"970ac1e\" data-element_type=\"column\" data-e-type=\"column\">\n\t\t\t<div class=\"elementor-widget-wrap elementor-element-populated\">\n\t\t\t\t\t\t<div class=\"elementor-element elementor-element-5cec65f elementor-widget elementor-widget-heading\" data-id=\"5cec65f\" data-element_type=\"widget\" data-e-type=\"widget\" data-widget_type=\"heading.default\">\n\t\t\t\t<div class=\"elementor-widget-container\">\n\t\t\t\t\t<div class=\"elementor-heading-title elementor-size-default\">06.<\/div>\t\t\t\t<\/div>\n\t\t\t\t<\/div>\n\t\t\t\t<div class=\"elementor-element elementor-element-367323f elementor-widget elementor-widget-heading\" data-id=\"367323f\" data-element_type=\"widget\" data-e-type=\"widget\" data-widget_type=\"heading.default\">\n\t\t\t\t<div class=\"elementor-widget-container\">\n\t\t\t\t\t<h3 class=\"elementor-heading-title elementor-size-default\">Augment de Valor Patrimonial<\/h3>\t\t\t\t<\/div>\n\t\t\t\t<\/div>\n\t\t\t\t<div class=\"elementor-element elementor-element-cf8fcf4 elementor-widget elementor-widget-text-editor\" data-id=\"cf8fcf4\" data-element_type=\"widget\" data-e-type=\"widget\" data-widget_type=\"text-editor.default\">\n\t\t\t\t<div class=\"elementor-widget-container\">\n\t\t\t\t\t\t\t\t\t<p>La instal\u00b7laci\u00f3 de sistemes solars pot augmentar el valor patrimonial de les naus industrials.<\/p>\n<p>Segons el Reial decret 900\/2015, els sistemes d&#8217;energia solar fotovoltaica es consideren millores en la propietat, la qual cosa pot augmentar el valor de revenda o lloguer de les instal\u00b7lacions industrials.<\/p>\n\t\t\t\t\t\t\t\t<\/div>\n\t\t\t\t<\/div>\n\t\t\t\t\t<\/div>\n\t\t<\/div>\n\t\t\t\t\t<\/div>\n\t\t<\/section>\n\t\t\t\t\t<\/div>\n\t\t<\/div>\n\t\t\t\t\t<\/div>\n\t\t<\/section>\n\t\t\t\t<section class=\"elementor-section elementor-top-section elementor-element elementor-element-7a84192 elementor-section-boxed elementor-section-height-default elementor-section-height-default\" data-id=\"7a84192\" data-element_type=\"section\" data-e-type=\"section\" data-settings=\"{&quot;background_background&quot;:&quot;classic&quot;}\">\n\t\t\t\t\t\t<div class=\"elementor-container elementor-column-gap-default\">\n\t\t\t\t\t<div class=\"elementor-column elementor-col-100 elementor-top-column elementor-element elementor-element-0f8b932\" data-id=\"0f8b932\" data-element_type=\"column\" data-e-type=\"column\">\n\t\t\t<div class=\"elementor-widget-wrap elementor-element-populated\">\n\t\t\t\t\t\t<div class=\"elementor-element elementor-element-adbd44e elementor-widget elementor-widget-heading\" data-id=\"adbd44e\" data-element_type=\"widget\" data-e-type=\"widget\" data-widget_type=\"heading.default\">\n\t\t\t\t<div class=\"elementor-widget-container\">\n\t\t\t\t\t<h2 class=\"elementor-heading-title elementor-size-default\">Cam\u00edSolar, la millor opci\u00f3<\/h2>\t\t\t\t<\/div>\n\t\t\t\t<\/div>\n\t\t\t\t<div class=\"elementor-element elementor-element-d91bef5 elementor-widget elementor-widget-text-editor\" data-id=\"d91bef5\" data-element_type=\"widget\" data-e-type=\"widget\" data-widget_type=\"text-editor.default\">\n\t\t\t\t<div class=\"elementor-widget-container\">\n\t\t\t\t\t\t\t\t\t<p>En Cam\u00edSolar, ens enorgulleix oferir una dilatada experi\u00e8ncia en la instal\u00b7laci\u00f3 d&#8217;energia solar per a naus industrials. Amb anys d&#8217;experi\u00e8ncia en el sector i un equip d&#8217;experts apassionats per la sostenibilitat i l&#8217;excel\u00b7l\u00e8ncia, ens hem convertit en una de les opcions m\u00e9s de confian\u00e7a com a empresa instal\u00b7ladora en el camp de l&#8217;energia renovable.<\/p>\n\t\t\t\t\t\t\t\t<\/div>\n\t\t\t\t<\/div>\n\t\t\t\t<section class=\"elementor-section elementor-inner-section elementor-element elementor-element-c48625d elementor-section-boxed elementor-section-height-default elementor-section-height-default\" data-id=\"c48625d\" data-element_type=\"section\" data-e-type=\"section\" data-settings=\"{&quot;background_background&quot;:&quot;classic&quot;}\">\n\t\t\t\t\t\t<div class=\"elementor-container elementor-column-gap-default\">\n\t\t\t\t\t<div class=\"elementor-column elementor-col-50 elementor-inner-column elementor-element elementor-element-38f5602\" data-id=\"38f5602\" data-element_type=\"column\" data-e-type=\"column\" data-settings=\"{&quot;background_background&quot;:&quot;classic&quot;}\">\n\t\t\t<div class=\"elementor-widget-wrap elementor-element-populated\">\n\t\t\t\t\t\t<div class=\"elementor-element elementor-element-fe443c0 elementor-widget elementor-widget-icon-box\" data-id=\"fe443c0\" data-element_type=\"widget\" data-e-type=\"widget\" data-widget_type=\"icon-box.default\">\n\t\t\t\t<div class=\"elementor-widget-container\">\n\t\t\t\t\t\t\t<div class=\"elementor-icon-box-wrapper\">\n\n\t\t\t\n\t\t\t\t\t\t<div class=\"elementor-icon-box-content\">\n\n\t\t\t\t\t\t\t\t\t<h3 class=\"elementor-icon-box-title\">\n\t\t\t\t\t\t<span  >\n\t\t\t\t\t\t\tExperi\u00e8ncia\t\t\t\t\t\t<\/span>\n\t\t\t\t\t<\/h3>\n\t\t\t\t\n\t\t\t\t\t\t\t\t\t<p class=\"elementor-icon-box-description\">\n\t\t\t\t\t\tCam\u00edSolar est\u00e0 recolzada per una \u00e0mplia traject\u00f2ria en el disseny i instal\u00b7laci\u00f3 de sistemes solars, hem completat amb \u00e8xit nombrosos projectes per a empreses de diversos sectors industrials. <b>Des de xicotetes empreses fins a grans corporacions,<\/b> ens adaptarem a les necessitats espec\u00edfiques de cada client per a oferir solucions a mesura que maximitzen l'efici\u00e8ncia i l'estalvi energ\u00e8tic.\t\t\t\t\t<\/p>\n\t\t\t\t\n\t\t\t<\/div>\n\t\t\t\n\t\t<\/div>\n\t\t\t\t\t\t<\/div>\n\t\t\t\t<\/div>\n\t\t\t\t\t<\/div>\n\t\t<\/div>\n\t\t\t\t<div class=\"elementor-column elementor-col-50 elementor-inner-column elementor-element elementor-element-6c9def5\" data-id=\"6c9def5\" data-element_type=\"column\" data-e-type=\"column\" data-settings=\"{&quot;background_background&quot;:&quot;classic&quot;}\">\n\t\t\t<div class=\"elementor-widget-wrap elementor-element-populated\">\n\t\t\t\t\t\t<div class=\"elementor-element elementor-element-646739e elementor-widget elementor-widget-icon-box\" data-id=\"646739e\" data-element_type=\"widget\" data-e-type=\"widget\" data-widget_type=\"icon-box.default\">\n\t\t\t\t<div class=\"elementor-widget-container\">\n\t\t\t\t\t\t\t<div class=\"elementor-icon-box-wrapper\">\n\n\t\t\t\n\t\t\t\t\t\t<div class=\"elementor-icon-box-content\">\n\n\t\t\t\t\t\t\t\t\t<h3 class=\"elementor-icon-box-title\">\n\t\t\t\t\t\t<span  >\n\t\t\t\t\t\t\tServei Postvenda\t\t\t\t\t\t<\/span>\n\t\t\t\t\t<\/h3>\n\t\t\t\t\n\t\t\t\t\t\t\t\t\t<p class=\"elementor-icon-box-description\">\n\t\t\t\t\t\tEl nostre comprom\u00eds amb la satisfacci\u00f3 del client no acaba amb la instal\u00b7laci\u00f3. En Cam\u00edSolar, oferim un servei postvenda de primera classe per a garantir que el teu sistema solar funcione de manera \u00f2ptima durant tota la seua vida \u00fatil. Estem disponibles per a brindar assist\u00e8ncia t\u00e8cnica, manteniment programat i qualsevol altre servei que pugues necessitar per a mantenir el teu sistema en perfectes condicions. Tamb\u00e9 <b>oferim assessorament sobre la contractaci\u00f3 de la comercialitzadora el\u00e8ctrica que millor s'adapte a les teues necessitats.<\/b>\t\t\t\t\t<\/p>\n\t\t\t\t\n\t\t\t<\/div>\n\t\t\t\n\t\t<\/div>\n\t\t\t\t\t\t<\/div>\n\t\t\t\t<\/div>\n\t\t\t\t\t<\/div>\n\t\t<\/div>\n\t\t\t\t\t<\/div>\n\t\t<\/section>\n\t\t\t\t<section class=\"elementor-section elementor-inner-section elementor-element elementor-element-ff065bb elementor-section-boxed elementor-section-height-default elementor-section-height-default\" data-id=\"ff065bb\" data-element_type=\"section\" data-e-type=\"section\" data-settings=\"{&quot;background_background&quot;:&quot;classic&quot;}\">\n\t\t\t\t\t\t<div class=\"elementor-container elementor-column-gap-default\">\n\t\t\t\t\t<div class=\"elementor-column elementor-col-50 elementor-inner-column elementor-element elementor-element-61b180f\" data-id=\"61b180f\" data-element_type=\"column\" data-e-type=\"column\" data-settings=\"{&quot;background_background&quot;:&quot;classic&quot;}\">\n\t\t\t<div class=\"elementor-widget-wrap elementor-element-populated\">\n\t\t\t\t\t\t<div class=\"elementor-element elementor-element-198bf50 elementor-widget elementor-widget-icon-box\" data-id=\"198bf50\" data-element_type=\"widget\" data-e-type=\"widget\" data-widget_type=\"icon-box.default\">\n\t\t\t\t<div class=\"elementor-widget-container\">\n\t\t\t\t\t\t\t<div class=\"elementor-icon-box-wrapper\">\n\n\t\t\t\n\t\t\t\t\t\t<div class=\"elementor-icon-box-content\">\n\n\t\t\t\t\t\t\t\t\t<h3 class=\"elementor-icon-box-title\">\n\t\t\t\t\t\t<span  >\n\t\t\t\t\t\t\tQualitat\t\t\t\t\t\t<\/span>\n\t\t\t\t\t<\/h3>\n\t\t\t\t\n\t\t\t\t\t\t\t\t\t<p class=\"elementor-icon-box-description\">\n\t\t\t\t\t\tEn Cam\u00edSolar, apostem per utilitzar <b>nom\u00e9s els materials de la m\u00e9s alta qualitat en cadascun dels nostres projectes.<\/b> Treballem en estreta col\u00b7laboraci\u00f3 amb els principals distribu\u00efdors de material fotovoltaic de l'\u00e0rea de la Comunitat Valenciana, fomentant aix\u00ed l'economia circular. El nostre comprom\u00eds amb la qualitat es reflecteix en cada detall, des de la selecci\u00f3 dels panells solars fins al resultat final de la instal\u00b7laci\u00f3.\t\t\t\t\t<\/p>\n\t\t\t\t\n\t\t\t<\/div>\n\t\t\t\n\t\t<\/div>\n\t\t\t\t\t\t<\/div>\n\t\t\t\t<\/div>\n\t\t\t\t\t<\/div>\n\t\t<\/div>\n\t\t\t\t<div class=\"elementor-column elementor-col-50 elementor-inner-column elementor-element elementor-element-7ac5240\" data-id=\"7ac5240\" data-element_type=\"column\" data-e-type=\"column\" data-settings=\"{&quot;background_background&quot;:&quot;classic&quot;}\">\n\t\t\t<div class=\"elementor-widget-wrap elementor-element-populated\">\n\t\t\t\t\t\t<div class=\"elementor-element elementor-element-4092a44 elementor-widget elementor-widget-icon-box\" data-id=\"4092a44\" data-element_type=\"widget\" data-e-type=\"widget\" data-widget_type=\"icon-box.default\">\n\t\t\t\t<div class=\"elementor-widget-container\">\n\t\t\t\t\t\t\t<div class=\"elementor-icon-box-wrapper\">\n\n\t\t\t\n\t\t\t\t\t\t<div class=\"elementor-icon-box-content\">\n\n\t\t\t\t\t\t\t\t\t<h3 class=\"elementor-icon-box-title\">\n\t\t\t\t\t\t<span  >\n\t\t\t\t\t\t\tCertificacions i Garanties\t\t\t\t\t\t<\/span>\n\t\t\t\t\t<\/h3>\n\t\t\t\t\n\t\t\t\t\t\t\t\t\t<p class=\"elementor-icon-box-description\">\n\t\t\t\t\t\tA Cam\u00edSolar <b>comptem amb certificacions que avalen la qualitat i seguretat dels nostres projectes.<\/b> Garantim la durabilitat i el funcionament \u00f2ptim de cada instal\u00b7laci\u00f3, oferint garanties l\u00edders en el sector i un seguiment rigor\u00f3s per mantenir l'excel\u00b7l\u00e8ncia del servei. La nostra certificaci\u00f3 avala que cada sistema compleix amb les normatives i est\u00e0ndards vigents, proporcionant tranquil\u00b7litat i confian\u00e7a als nostres clients.\t\t\t\t\t<\/p>\n\t\t\t\t\n\t\t\t<\/div>\n\t\t\t\n\t\t<\/div>\n\t\t\t\t\t\t<\/div>\n\t\t\t\t<\/div>\n\t\t\t\t\t<\/div>\n\t\t<\/div>\n\t\t\t\t\t<\/div>\n\t\t<\/section>\n\t\t\t\t\t<\/div>\n\t\t<\/div>\n\t\t\t\t\t<\/div>\n\t\t<\/section>\n\t\t\t\t<section class=\"elementor-section elementor-top-section elementor-element elementor-element-968b652 elementor-section-boxed elementor-section-height-default elementor-section-height-default\" data-id=\"968b652\" data-element_type=\"section\" data-e-type=\"section\">\n\t\t\t\t\t\t<div class=\"elementor-container elementor-column-gap-default\">\n\t\t\t\t\t<div class=\"elementor-column elementor-col-100 elementor-top-column elementor-element elementor-element-352e9d7\" data-id=\"352e9d7\" data-element_type=\"column\" data-e-type=\"column\">\n\t\t\t<div class=\"elementor-widget-wrap elementor-element-populated\">\n\t\t\t\t\t\t<div class=\"elementor-element elementor-element-ea29cb1 elementor-widget elementor-widget-heading\" data-id=\"ea29cb1\" data-element_type=\"widget\" data-e-type=\"widget\" data-widget_type=\"heading.default\">\n\t\t\t\t<div class=\"elementor-widget-container\">\n\t\t\t\t\t<h2 class=\"elementor-heading-title elementor-size-default\">Proc\u00e9s d'Instal\u00b7laci\u00f3 de panells solars en naus industrials<\/h2>\t\t\t\t<\/div>\n\t\t\t\t<\/div>\n\t\t\t\t<div class=\"elementor-element elementor-element-7942e35 elementor-widget elementor-widget-text-editor\" data-id=\"7942e35\" data-element_type=\"widget\" data-e-type=\"widget\" data-widget_type=\"text-editor.default\">\n\t\t\t\t<div class=\"elementor-widget-container\">\n\t\t\t\t\t\t\t\t\t<p>En Cam\u00edSolar, entenem que cada projecte \u00e9s \u00fanic, i el nostre proc\u00e9s d&#8217;instal\u00b7laci\u00f3 est\u00e0 dissenyat per a garantir transpar\u00e8ncia, professionalitat i satisfacci\u00f3 del client en cada etapa.<\/p>\n\t\t\t\t\t\t\t\t<\/div>\n\t\t\t\t<\/div>\n\t\t\t\t\t<\/div>\n\t\t<\/div>\n\t\t\t\t\t<\/div>\n\t\t<\/section>\n\t\t\t\t<section class=\"elementor-section elementor-top-section elementor-element elementor-element-4ee2ad4 elementor-section-stretched elementor-section-boxed elementor-section-height-default elementor-section-height-default\" data-id=\"4ee2ad4\" data-element_type=\"section\" data-e-type=\"section\" data-settings=\"{&quot;stretch_section&quot;:&quot;section-stretched&quot;,&quot;background_background&quot;:&quot;classic&quot;}\">\n\t\t\t\t\t\t<div class=\"elementor-container elementor-column-gap-no\">\n\t\t\t\t\t<div class=\"elementor-column elementor-col-100 elementor-top-column elementor-element elementor-element-ea5e441\" data-id=\"ea5e441\" data-element_type=\"column\" data-e-type=\"column\">\n\t\t\t<div class=\"elementor-widget-wrap elementor-element-populated\">\n\t\t\t\t\t\t<section class=\"elementor-section elementor-inner-section elementor-element elementor-element-e0b1348 elementor-section-boxed elementor-section-height-default elementor-section-height-default\" data-id=\"e0b1348\" data-element_type=\"section\" data-e-type=\"section\">\n\t\t\t\t\t\t<div class=\"elementor-container elementor-column-gap-default\">\n\t\t\t\t\t<div class=\"elementor-column elementor-col-33 elementor-inner-column elementor-element elementor-element-5c323aa\" data-id=\"5c323aa\" data-element_type=\"column\" data-e-type=\"column\" data-settings=\"{&quot;background_background&quot;:&quot;classic&quot;}\">\n\t\t\t<div class=\"elementor-widget-wrap elementor-element-populated\">\n\t\t\t\t\t\t<div class=\"elementor-element elementor-element-2e240b2 elementor-widget-divider--view-line elementor-widget elementor-widget-divider\" data-id=\"2e240b2\" data-element_type=\"widget\" data-e-type=\"widget\" data-widget_type=\"divider.default\">\n\t\t\t\t<div class=\"elementor-widget-container\">\n\t\t\t\t\t\t\t<div class=\"elementor-divider\">\n\t\t\t<span class=\"elementor-divider-separator\">\n\t\t\t\t\t\t<\/span>\n\t\t<\/div>\n\t\t\t\t\t\t<\/div>\n\t\t\t\t<\/div>\n\t\t\t\t<div class=\"elementor-element elementor-element-9a0f7fd elementor-widget elementor-widget-heading\" data-id=\"9a0f7fd\" data-element_type=\"widget\" data-e-type=\"widget\" data-widget_type=\"heading.default\">\n\t\t\t\t<div class=\"elementor-widget-container\">\n\t\t\t\t\t<h4 class=\"elementor-heading-title elementor-size-default\">Avaluaci\u00f3 Inicial<\/h4>\t\t\t\t<\/div>\n\t\t\t\t<\/div>\n\t\t\t\t<div class=\"elementor-element elementor-element-e000dca elementor-widget elementor-widget-text-editor\" data-id=\"e000dca\" data-element_type=\"widget\" data-e-type=\"widget\" data-widget_type=\"text-editor.default\">\n\t\t\t\t<div class=\"elementor-widget-container\">\n\t\t\t\t\t\t\t\t\t<p>Comen\u00e7arem amb una avaluaci\u00f3 exhaustiva de la teua nau industrial per a comprendre les teues necessitats energ\u00e8tiques i avaluar el potencial solar del lloc. Els nostres experts realitzaran una an\u00e0lisi detallada de la ubicaci\u00f3, l&#8217;orientaci\u00f3, la superf\u00edcie disponible i altres factors rellevants per a dissenyar la soluci\u00f3 \u00f2ptima per a la teua empresa.<\/p>\n\t\t\t\t\t\t\t\t<\/div>\n\t\t\t\t<\/div>\n\t\t\t\t\t<\/div>\n\t\t<\/div>\n\t\t\t\t<div class=\"elementor-column elementor-col-33 elementor-inner-column elementor-element elementor-element-fd26510\" data-id=\"fd26510\" data-element_type=\"column\" data-e-type=\"column\" data-settings=\"{&quot;background_background&quot;:&quot;classic&quot;}\">\n\t\t\t<div class=\"elementor-widget-wrap elementor-element-populated\">\n\t\t\t\t\t\t<div class=\"elementor-element elementor-element-5aabb68 elementor-widget-divider--view-line elementor-widget elementor-widget-divider\" data-id=\"5aabb68\" data-element_type=\"widget\" data-e-type=\"widget\" data-widget_type=\"divider.default\">\n\t\t\t\t<div class=\"elementor-widget-container\">\n\t\t\t\t\t\t\t<div class=\"elementor-divider\">\n\t\t\t<span class=\"elementor-divider-separator\">\n\t\t\t\t\t\t<\/span>\n\t\t<\/div>\n\t\t\t\t\t\t<\/div>\n\t\t\t\t<\/div>\n\t\t\t\t<div class=\"elementor-element elementor-element-a6b16c0 elementor-widget elementor-widget-heading\" data-id=\"a6b16c0\" data-element_type=\"widget\" data-e-type=\"widget\" data-widget_type=\"heading.default\">\n\t\t\t\t<div class=\"elementor-widget-container\">\n\t\t\t\t\t<h4 class=\"elementor-heading-title elementor-size-default\">Disseny Personalitzat del Sistema<\/h4>\t\t\t\t<\/div>\n\t\t\t\t<\/div>\n\t\t\t\t<div class=\"elementor-element elementor-element-b0620e9 elementor-widget elementor-widget-text-editor\" data-id=\"b0620e9\" data-element_type=\"widget\" data-e-type=\"widget\" data-widget_type=\"text-editor.default\">\n\t\t\t\t<div class=\"elementor-widget-container\">\n\t\t\t\t\t\t\t\t\t<p>Amb les dades recopilades en l&#8217;avaluaci\u00f3 inicial, el nostre equip d&#8217;enginyers i dissenyadors desenvolupar\u00e0 un pla personalitzat per al teu sistema solar. Ens assegurem que el disseny s&#8217;adapte perfectament a la teua nau industrial, maximitzant la producci\u00f3 d&#8217;energia i optimitzant el retorn de la inversi\u00f3.<\/p>\n\t\t\t\t\t\t\t\t<\/div>\n\t\t\t\t<\/div>\n\t\t\t\t\t<\/div>\n\t\t<\/div>\n\t\t\t\t<div class=\"elementor-column elementor-col-33 elementor-inner-column elementor-element elementor-element-c5492da\" data-id=\"c5492da\" data-element_type=\"column\" data-e-type=\"column\" data-settings=\"{&quot;background_background&quot;:&quot;classic&quot;}\">\n\t\t\t<div class=\"elementor-widget-wrap elementor-element-populated\">\n\t\t\t\t\t\t<div class=\"elementor-element elementor-element-2500f4a elementor-widget-divider--view-line elementor-widget elementor-widget-divider\" data-id=\"2500f4a\" data-element_type=\"widget\" data-e-type=\"widget\" data-widget_type=\"divider.default\">\n\t\t\t\t<div class=\"elementor-widget-container\">\n\t\t\t\t\t\t\t<div class=\"elementor-divider\">\n\t\t\t<span class=\"elementor-divider-separator\">\n\t\t\t\t\t\t<\/span>\n\t\t<\/div>\n\t\t\t\t\t\t<\/div>\n\t\t\t\t<\/div>\n\t\t\t\t<div class=\"elementor-element elementor-element-c066144 elementor-widget elementor-widget-heading\" data-id=\"c066144\" data-element_type=\"widget\" data-e-type=\"widget\" data-widget_type=\"heading.default\">\n\t\t\t\t<div class=\"elementor-widget-container\">\n\t\t\t\t\t<h4 class=\"elementor-heading-title elementor-size-default\">Presentaci\u00f3 de Proposta<\/h4>\t\t\t\t<\/div>\n\t\t\t\t<\/div>\n\t\t\t\t<div class=\"elementor-element elementor-element-d33fd86 elementor-widget elementor-widget-text-editor\" data-id=\"d33fd86\" data-element_type=\"widget\" data-e-type=\"widget\" data-widget_type=\"text-editor.default\">\n\t\t\t\t<div class=\"elementor-widget-container\">\n\t\t\t\t\t\t\t\t\t<p>Una vegada completat el disseny, et presentarem una proposta detallada que inclour\u00e0 tots els aspectes del projecte, des de la selecci\u00f3 dels panells solars fins al sistema de muntatge i l&#8217;estimaci\u00f3 de costos. Ens assegurarem d&#8217;explicar clarament cada component i els beneficis que aportar\u00e0 a la teua empresa.<\/p>\n\t\t\t\t\t\t\t\t<\/div>\n\t\t\t\t<\/div>\n\t\t\t\t\t<\/div>\n\t\t<\/div>\n\t\t\t\t\t<\/div>\n\t\t<\/section>\n\t\t\t\t\t<\/div>\n\t\t<\/div>\n\t\t\t\t\t<\/div>\n\t\t<\/section>\n\t\t\t\t<section class=\"elementor-section elementor-top-section elementor-element elementor-element-71bccbb elementor-section-stretched elementor-section-boxed elementor-section-height-default elementor-section-height-default\" data-id=\"71bccbb\" data-element_type=\"section\" data-e-type=\"section\" data-settings=\"{&quot;stretch_section&quot;:&quot;section-stretched&quot;,&quot;background_background&quot;:&quot;classic&quot;}\">\n\t\t\t\t\t\t<div class=\"elementor-container elementor-column-gap-no\">\n\t\t\t\t\t<div class=\"elementor-column elementor-col-100 elementor-top-column elementor-element elementor-element-47896c7\" data-id=\"47896c7\" data-element_type=\"column\" data-e-type=\"column\">\n\t\t\t<div class=\"elementor-widget-wrap elementor-element-populated\">\n\t\t\t\t\t\t<section class=\"elementor-section elementor-inner-section elementor-element elementor-element-8c2dded elementor-section-boxed elementor-section-height-default elementor-section-height-default\" data-id=\"8c2dded\" data-element_type=\"section\" data-e-type=\"section\">\n\t\t\t\t\t\t<div class=\"elementor-container elementor-column-gap-no\">\n\t\t\t\t\t<div class=\"elementor-column elementor-col-100 elementor-inner-column elementor-element elementor-element-3af48a2\" data-id=\"3af48a2\" data-element_type=\"column\" data-e-type=\"column\">\n\t\t\t<div class=\"elementor-widget-wrap elementor-element-populated\">\n\t\t\t\t\t\t<div class=\"elementor-element elementor-element-0184bb6 elementor-widget elementor-widget-heading\" data-id=\"0184bb6\" data-element_type=\"widget\" data-e-type=\"widget\" data-widget_type=\"heading.default\">\n\t\t\t\t<div class=\"elementor-widget-container\">\n\t\t\t\t\t<h2 class=\"elementor-heading-title elementor-size-default\">Tens dubtes? Resolem algunes preguntes freq\u00fcents<\/h2>\t\t\t\t<\/div>\n\t\t\t\t<\/div>\n\t\t\t\t\t<\/div>\n\t\t<\/div>\n\t\t\t\t\t<\/div>\n\t\t<\/section>\n\t\t\t\t<section class=\"elementor-section elementor-inner-section elementor-element elementor-element-1571fc5 elementor-reverse-tablet elementor-reverse-mobile elementor-section-full_width elementor-section-height-default elementor-section-height-default\" data-id=\"1571fc5\" data-element_type=\"section\" data-e-type=\"section\">\n\t\t\t\t\t\t<div class=\"elementor-container elementor-column-gap-default\">\n\t\t\t\t\t<div class=\"elementor-column elementor-col-50 elementor-inner-column elementor-element elementor-element-f69585c\" data-id=\"f69585c\" data-element_type=\"column\" data-e-type=\"column\" data-settings=\"{&quot;background_background&quot;:&quot;classic&quot;}\">\n\t\t\t<div class=\"elementor-widget-wrap\">\n\t\t\t\t\t\t\t<\/div>\n\t\t<\/div>\n\t\t\t\t<div class=\"elementor-column elementor-col-50 elementor-inner-column elementor-element elementor-element-6ec9b51\" data-id=\"6ec9b51\" data-element_type=\"column\" data-e-type=\"column\" data-settings=\"{&quot;background_background&quot;:&quot;classic&quot;}\">\n\t\t\t<div class=\"elementor-widget-wrap elementor-element-populated\">\n\t\t\t\t\t\t<div class=\"elementor-element elementor-element-3cf1054 tabs elementor-widget elementor-widget-accordion\" data-id=\"3cf1054\" data-element_type=\"widget\" data-e-type=\"widget\" data-widget_type=\"accordion.default\">\n\t\t\t\t<div class=\"elementor-widget-container\">\n\t\t\t\t\t\t\t<div class=\"elementor-accordion\">\n\t\t\t\t\t\t\t<div class=\"elementor-accordion-item\">\n\t\t\t\t\t<h2 id=\"elementor-tab-title-6391\" class=\"elementor-tab-title\" data-tab=\"1\" role=\"button\" aria-controls=\"elementor-tab-content-6391\" aria-expanded=\"false\">\n\t\t\t\t\t\t\t\t\t\t\t\t\t<span class=\"elementor-accordion-icon elementor-accordion-icon-right\" aria-hidden=\"true\">\n\t\t\t\t\t\t\t\t\t\t\t\t\t\t\t<span class=\"elementor-accordion-icon-closed\"><i class=\"far fa-caret-square-down\"><\/i><\/span>\n\t\t\t\t\t\t\t\t<span class=\"elementor-accordion-icon-opened\"><i class=\"far fa-caret-square-up\"><\/i><\/span>\n\t\t\t\t\t\t\t\t\t\t\t\t\t\t<\/span>\n\t\t\t\t\t\t\t\t\t\t\t\t<a class=\"elementor-accordion-title\" tabindex=\"0\">Quant costa instal\u00b7lar plaques solars en la meua nau industrial?<\/a>\n\t\t\t\t\t<\/h2>\n\t\t\t\t\t<div id=\"elementor-tab-content-6391\" class=\"elementor-tab-content elementor-clearfix\" data-tab=\"1\" role=\"region\" aria-labelledby=\"elementor-tab-title-6391\"><p>El cost de la instal\u00b7laci\u00f3 de plaques solars varia segons la grand\u00e0ria de la teua nau i les teues necessitats energ\u00e8tiques espec\u00edfiques. En Cam\u00edSolar, oferim propostes personalitzades que s&#8217;ajusten al teu pressupost i maximitzen el retorn de la inversi\u00f3.<\/p>\n<\/div>\n\t\t\t\t<\/div>\n\t\t\t\t\t\t\t<div class=\"elementor-accordion-item\">\n\t\t\t\t\t<h2 id=\"elementor-tab-title-6392\" class=\"elementor-tab-title\" data-tab=\"2\" role=\"button\" aria-controls=\"elementor-tab-content-6392\" aria-expanded=\"false\">\n\t\t\t\t\t\t\t\t\t\t\t\t\t<span class=\"elementor-accordion-icon elementor-accordion-icon-right\" aria-hidden=\"true\">\n\t\t\t\t\t\t\t\t\t\t\t\t\t\t\t<span class=\"elementor-accordion-icon-closed\"><i class=\"far fa-caret-square-down\"><\/i><\/span>\n\t\t\t\t\t\t\t\t<span class=\"elementor-accordion-icon-opened\"><i class=\"far fa-caret-square-up\"><\/i><\/span>\n\t\t\t\t\t\t\t\t\t\t\t\t\t\t<\/span>\n\t\t\t\t\t\t\t\t\t\t\t\t<a class=\"elementor-accordion-title\" tabindex=\"0\">Quant temps porta instal\u00b7lar plaques solars en una nau industrial?<\/a>\n\t\t\t\t\t<\/h2>\n\t\t\t\t\t<div id=\"elementor-tab-content-6392\" class=\"elementor-tab-content elementor-clearfix\" data-tab=\"2\" role=\"region\" aria-labelledby=\"elementor-tab-title-6392\"><p>El temps d&#8217;instal\u00b7laci\u00f3 dep\u00e8n de la grand\u00e0ria i la complexitat del projecte, per\u00f2 en general, podem completar la instal\u00b7laci\u00f3 en setmanes. Ens comprometem a fer el treball de manera eficient i minimitzar qualsevol interrupci\u00f3 en les teues operacions.<\/p>\n<\/div>\n\t\t\t\t<\/div>\n\t\t\t\t\t\t\t<div class=\"elementor-accordion-item\">\n\t\t\t\t\t<h2 id=\"elementor-tab-title-6393\" class=\"elementor-tab-title\" data-tab=\"3\" role=\"button\" aria-controls=\"elementor-tab-content-6393\" aria-expanded=\"false\">\n\t\t\t\t\t\t\t\t\t\t\t\t\t<span class=\"elementor-accordion-icon elementor-accordion-icon-right\" aria-hidden=\"true\">\n\t\t\t\t\t\t\t\t\t\t\t\t\t\t\t<span class=\"elementor-accordion-icon-closed\"><i class=\"far fa-caret-square-down\"><\/i><\/span>\n\t\t\t\t\t\t\t\t<span class=\"elementor-accordion-icon-opened\"><i class=\"far fa-caret-square-up\"><\/i><\/span>\n\t\t\t\t\t\t\t\t\t\t\t\t\t\t<\/span>\n\t\t\t\t\t\t\t\t\t\t\t\t<a class=\"elementor-accordion-title\" tabindex=\"0\">Quin tipus de manteniment requereixen les plaques solars en una nau industrial?<\/a>\n\t\t\t\t\t<\/h2>\n\t\t\t\t\t<div id=\"elementor-tab-content-6393\" class=\"elementor-tab-content elementor-clearfix\" data-tab=\"3\" role=\"region\" aria-labelledby=\"elementor-tab-title-6393\"><p>Les plaques solars requereixen poc manteniment, per\u00f2 \u00e9s recomanable realitzar inspeccions peri\u00f2diques per a garantir un rendiment \u00f2ptim. En Cam\u00edSolar, oferim serveis de manteniment programat per a garantir l&#8217;efici\u00e8ncia a llarg termini del teu sistema solar.<\/p>\n<\/div>\n\t\t\t\t<\/div>\n\t\t\t\t\t\t\t<div class=\"elementor-accordion-item\">\n\t\t\t\t\t<h2 id=\"elementor-tab-title-6394\" class=\"elementor-tab-title\" data-tab=\"4\" role=\"button\" aria-controls=\"elementor-tab-content-6394\" aria-expanded=\"false\">\n\t\t\t\t\t\t\t\t\t\t\t\t\t<span class=\"elementor-accordion-icon elementor-accordion-icon-right\" aria-hidden=\"true\">\n\t\t\t\t\t\t\t\t\t\t\t\t\t\t\t<span class=\"elementor-accordion-icon-closed\"><i class=\"far fa-caret-square-down\"><\/i><\/span>\n\t\t\t\t\t\t\t\t<span class=\"elementor-accordion-icon-opened\"><i class=\"far fa-caret-square-up\"><\/i><\/span>\n\t\t\t\t\t\t\t\t\t\t\t\t\t\t<\/span>\n\t\t\t\t\t\t\t\t\t\t\t\t<a class=\"elementor-accordion-title\" tabindex=\"0\">Quines garanties ofereixen en la instal\u00b7laci\u00f3 de plaques solars?<\/a>\n\t\t\t\t\t<\/h2>\n\t\t\t\t\t<div id=\"elementor-tab-content-6394\" class=\"elementor-tab-content elementor-clearfix\" data-tab=\"4\" role=\"region\" aria-labelledby=\"elementor-tab-title-6394\"><p>En Cam\u00edSolar oferim garanties que cobreixen tant els components del sistema com la m\u00e0 d&#8217;obra. Ens assegurem que la tevu inversi\u00f3 estiga protegida i de qu\u00e8 pugues gaudir de la tranquil\u00b7litat d&#8217;una instal\u00b7laci\u00f3 d&#8217;alta qualitat.<\/p>\n<\/div>\n\t\t\t\t<\/div>\n\t\t\t\t\t\t\t<div class=\"elementor-accordion-item\">\n\t\t\t\t\t<h2 id=\"elementor-tab-title-6395\" class=\"elementor-tab-title\" data-tab=\"5\" role=\"button\" aria-controls=\"elementor-tab-content-6395\" aria-expanded=\"false\">\n\t\t\t\t\t\t\t\t\t\t\t\t\t<span class=\"elementor-accordion-icon elementor-accordion-icon-right\" aria-hidden=\"true\">\n\t\t\t\t\t\t\t\t\t\t\t\t\t\t\t<span class=\"elementor-accordion-icon-closed\"><i class=\"far fa-caret-square-down\"><\/i><\/span>\n\t\t\t\t\t\t\t\t<span class=\"elementor-accordion-icon-opened\"><i class=\"far fa-caret-square-up\"><\/i><\/span>\n\t\t\t\t\t\t\t\t\t\t\t\t\t\t<\/span>\n\t\t\t\t\t\t\t\t\t\t\t\t<a class=\"elementor-accordion-title\" tabindex=\"0\">Quins requisits legals he de complir per a instal\u00b7lar plaques solars en la meua nau industrial?<\/a>\n\t\t\t\t\t<\/h2>\n\t\t\t\t\t<div id=\"elementor-tab-content-6395\" class=\"elementor-tab-content elementor-clearfix\" data-tab=\"5\" role=\"region\" aria-labelledby=\"elementor-tab-title-6395\"><p>\u00c9s important complir amb els requisits legals i normatives locals per a la instal\u00b7laci\u00f3 de plaques solars. En Cam\u00edSolar, ens encarreguem de gestionar tots els permisos i tr\u00e0mits necessaris per a garantir que la teua instal\u00b7laci\u00f3 complisca amb totes les regulacions vigents.<\/p>\n<\/div>\n\t\t\t\t<\/div>\n\t\t\t\t\t\t\t\t\t\t<script type=\"application\/ld+json\">{\"@context\":\"https:\\\/\\\/schema.org\",\"@type\":\"FAQPage\",\"mainEntity\":[{\"@type\":\"Question\",\"name\":\"Quant costa instal\\u00b7lar plaques solars en la meua nau industrial?\",\"acceptedAnswer\":{\"@type\":\"Answer\",\"text\":\"<p>El cost de la instal\\u00b7laci\\u00f3 de plaques solars varia segons la grand\\u00e0ria de la teua nau i les teues necessitats energ\\u00e8tiques espec\\u00edfiques. En Cam\\u00edSolar, oferim propostes personalitzades que s&#8217;ajusten al teu pressupost i maximitzen el retorn de la inversi\\u00f3.<\\\/p>\\n\"}},{\"@type\":\"Question\",\"name\":\"Quant temps porta instal\\u00b7lar plaques solars en una nau industrial?\",\"acceptedAnswer\":{\"@type\":\"Answer\",\"text\":\"<p>El temps d&#8217;instal\\u00b7laci\\u00f3 dep\\u00e8n de la grand\\u00e0ria i la complexitat del projecte, per\\u00f2 en general, podem completar la instal\\u00b7laci\\u00f3 en setmanes. Ens comprometem a fer el treball de manera eficient i minimitzar qualsevol interrupci\\u00f3 en les teues operacions.<\\\/p>\\n\"}},{\"@type\":\"Question\",\"name\":\"Quin tipus de manteniment requereixen les plaques solars en una nau industrial?\",\"acceptedAnswer\":{\"@type\":\"Answer\",\"text\":\"<p>Les plaques solars requereixen poc manteniment, per\\u00f2 \\u00e9s recomanable realitzar inspeccions peri\\u00f2diques per a garantir un rendiment \\u00f2ptim. En Cam\\u00edSolar, oferim serveis de manteniment programat per a garantir l&#8217;efici\\u00e8ncia a llarg termini del teu sistema solar.<\\\/p>\\n\"}},{\"@type\":\"Question\",\"name\":\"Quines garanties ofereixen en la instal\\u00b7laci\\u00f3 de plaques solars?\",\"acceptedAnswer\":{\"@type\":\"Answer\",\"text\":\"<p>En Cam\\u00edSolar oferim garanties que cobreixen tant els components del sistema com la m\\u00e0 d&#8217;obra. Ens assegurem que la tevu inversi\\u00f3 estiga protegida i de qu\\u00e8 pugues gaudir de la tranquil\\u00b7litat d&#8217;una instal\\u00b7laci\\u00f3 d&#8217;alta qualitat.<\\\/p>\\n\"}},{\"@type\":\"Question\",\"name\":\"Quins requisits legals he de complir per a instal\\u00b7lar plaques solars en la meua nau industrial?\",\"acceptedAnswer\":{\"@type\":\"Answer\",\"text\":\"<p>\\u00c9s important complir amb els requisits legals i normatives locals per a la instal\\u00b7laci\\u00f3 de plaques solars. En Cam\\u00edSolar, ens encarreguem de gestionar tots els permisos i tr\\u00e0mits necessaris per a garantir que la teua instal\\u00b7laci\\u00f3 complisca amb totes les regulacions vigents.<\\\/p>\\n\"}}]}<\/script>\n\t\t\t\t\t<\/div>\n\t\t\t\t\t\t<\/div>\n\t\t\t\t<\/div>\n\t\t\t\t\t<\/div>\n\t\t<\/div>\n\t\t\t\t\t<\/div>\n\t\t<\/section>\n\t\t\t\t\t<\/div>\n\t\t<\/div>\n\t\t\t\t\t<\/div>\n\t\t<\/section>\n\t\t\t\t<section class=\"elementor-section elementor-top-section elementor-element elementor-element-aeac7f6 elementor-section-boxed elementor-section-height-default elementor-section-height-default\" data-id=\"aeac7f6\" data-element_type=\"section\" data-e-type=\"section\" data-settings=\"{&quot;background_background&quot;:&quot;classic&quot;}\">\n\t\t\t\t\t\t<div class=\"elementor-container elementor-column-gap-default\">\n\t\t\t\t\t<div class=\"elementor-column elementor-col-100 elementor-top-column elementor-element elementor-element-aa720bb\" data-id=\"aa720bb\" data-element_type=\"column\" data-e-type=\"column\" data-settings=\"{&quot;background_background&quot;:&quot;classic&quot;}\">\n\t\t\t<div class=\"elementor-widget-wrap elementor-element-populated\">\n\t\t\t\t\t\t<section class=\"elementor-section elementor-inner-section elementor-element elementor-element-f5354fe elementor-section-content-middle elementor-section-boxed elementor-section-height-default elementor-section-height-default\" data-id=\"f5354fe\" data-element_type=\"section\" data-e-type=\"section\">\n\t\t\t\t\t\t<div class=\"elementor-container elementor-column-gap-default\">\n\t\t\t\t\t<div class=\"elementor-column elementor-col-50 elementor-inner-column elementor-element elementor-element-45bcba3\" data-id=\"45bcba3\" data-element_type=\"column\" data-e-type=\"column\">\n\t\t\t<div class=\"elementor-widget-wrap elementor-element-populated\">\n\t\t\t\t\t\t<div class=\"elementor-element elementor-element-e61532a elementor-widget elementor-widget-heading\" data-id=\"e61532a\" data-element_type=\"widget\" data-e-type=\"widget\" data-widget_type=\"heading.default\">\n\t\t\t\t<div class=\"elementor-widget-container\">\n\t\t\t\t\t<h3 class=\"elementor-heading-title elementor-size-default\">Descobreix quant pots estalviar al mes<\/h3>\t\t\t\t<\/div>\n\t\t\t\t<\/div>\n\t\t\t\t<div class=\"elementor-element elementor-element-eb3dec9 elementor-widget elementor-widget-text-editor\" data-id=\"eb3dec9\" data-element_type=\"widget\" data-e-type=\"widget\" data-widget_type=\"text-editor.default\">\n\t\t\t\t<div class=\"elementor-widget-container\">\n\t\t\t\t\t\t\t\t\t<p>Els nostres t\u00e8cnics calcularan l\u2019estalvi que suposa passar-te a l\u2019energia solar fotovoltaica i el cost de la teua instal\u00b7laci\u00f3. <\/p>\n\t\t\t\t\t\t\t\t<\/div>\n\t\t\t\t<\/div>\n\t\t\t\t\t<\/div>\n\t\t<\/div>\n\t\t\t\t<div class=\"elementor-column elementor-col-50 elementor-inner-column elementor-element elementor-element-be38ab6\" data-id=\"be38ab6\" data-element_type=\"column\" data-e-type=\"column\">\n\t\t\t<div class=\"elementor-widget-wrap elementor-element-populated\">\n\t\t\t\t\t\t<div class=\"elementor-element elementor-element-0070e8a elementor-align-right elementor-tablet-align-center elementor-widget elementor-widget-button\" data-id=\"0070e8a\" data-element_type=\"widget\" data-e-type=\"widget\" data-widget_type=\"button.default\">\n\t\t\t\t<div class=\"elementor-widget-container\">\n\t\t\t\t\t\t\t\t\t<div class=\"elementor-button-wrapper\">\n\t\t\t\t\t<a class=\"elementor-button elementor-button-link elementor-size-sm\" href=\"https:\/\/camisolar.com\/va\/contacte\/\" title=\"Solicitar informaci\u00f3n\">\n\t\t\t\t\t\t<span class=\"elementor-button-content-wrapper\">\n\t\t\t\t\t\t\t\t\t<span class=\"elementor-button-text\">Sol\u00b7licita informaci\u00f3<\/span>\n\t\t\t\t\t<\/span>\n\t\t\t\t\t<\/a>\n\t\t\t\t<\/div>\n\t\t\t\t\t\t\t\t<\/div>\n\t\t\t\t<\/div>\n\t\t\t\t\t<\/div>\n\t\t<\/div>\n\t\t\t\t\t<\/div>\n\t\t<\/section>\n\t\t\t\t\t<\/div>\n\t\t<\/div>\n\t\t\t\t\t<\/div>\n\t\t<\/section>\n\t\t\t\t<\/div>\n\t\t","protected":false},"excerpt":{"rendered":"<p>Plaques Fotovoltaiques per a Ind\u00fastria En Cam\u00edSolar ens impliquem amb tu perqu\u00e8 el creixement del teu negoci siga una realitat, la nostra empresa compta amb una dilatada experi\u00e8ncia en el sector de les plaques solars per a naus industrials. Et planteges connectar la teua nau industrial a l&#8217;energia solar fotovoltaica? Els beneficis d&#8217;instal\u00b7lar plaques solars [&hellip;]<\/p>\n","protected":false},"author":2,"featured_media":0,"parent":0,"menu_order":0,"comment_status":"closed","ping_status":"closed","template":"","meta":{"_crdt_document":"","site-sidebar-layout":"no-sidebar","site-content-layout":"page-builder","ast-site-content-layout":"full-width-container","site-content-style":"unboxed","site-sidebar-style":"unboxed","ast-global-header-display":"","ast-banner-title-visibility":"","ast-main-header-display":"","ast-hfb-above-header-display":"","ast-hfb-below-header-display":"","ast-hfb-mobile-header-display":"","site-post-title":"disabled","ast-breadcrumbs-content":"","ast-featured-img":"disabled","footer-sml-layout":"","theme-transparent-header-meta":"enabled","adv-header-id-meta":"","stick-header-meta":"","header-above-stick-meta":"","header-main-stick-meta":"","header-below-stick-meta":"","astra-migrate-meta-layouts":"set","ast-page-background-enabled":"default","ast-page-background-meta":{"desktop":{"background-color":"","background-image":"","background-repeat":"repeat","background-position":"center center","background-size":"auto","background-attachment":"scroll","background-type":"","background-media":"","overlay-type":"","overlay-color":"","overlay-opacity":"","overlay-gradient":""},"tablet":{"background-color":"","background-image":"","background-repeat":"repeat","background-position":"center center","background-size":"auto","background-attachment":"scroll","background-type":"","background-media":"","overlay-type":"","overlay-color":"","overlay-opacity":"","overlay-gradient":""},"mobile":{"background-color":"","background-image":"","background-repeat":"repeat","background-position":"center center","background-size":"auto","background-attachment":"scroll","background-type":"","background-media":"","overlay-type":"","overlay-color":"","overlay-opacity":"","overlay-gradient":""}},"ast-content-background-meta":{"desktop":{"background-color":"var(--ast-global-color-5)","background-image":"","background-repeat":"repeat","background-position":"center center","background-size":"auto","background-attachment":"scroll","background-type":"","background-media":"","overlay-type":"","overlay-color":"","overlay-opacity":"","overlay-gradient":""},"tablet":{"background-color":"var(--ast-global-color-5)","background-image":"","background-repeat":"repeat","background-position":"center center","background-size":"auto","background-attachment":"scroll","background-type":"","background-media":"","overlay-type":"","overlay-color":"","overlay-opacity":"","overlay-gradient":""},"mobile":{"background-color":"var(--ast-global-color-5)","background-image":"","background-repeat":"repeat","background-position":"center center","background-size":"auto","background-attachment":"scroll","background-type":"","background-media":"","overlay-type":"","overlay-color":"","overlay-opacity":"","overlay-gradient":""}},"_joinchat":[],"footnotes":""},"class_list":["post-6314","page","type-page","status-publish","hentry"],"yoast_head":"<!-- This site is optimized with the Yoast SEO plugin v26.9 - https:\/\/yoast.com\/product\/yoast-seo-wordpress\/ -->\n<title>Plaques Fotovoltaiques per a Ind\u00fastria en Naus | Cam\u00edSolar<\/title>\n<meta name=\"description\" content=\"Aprofita el poder del sol: Les Plaques Fotovoltaiques per a Ind\u00fastria s\u00f3n la teua millor inversi\u00f3 per a la sostenibilitat i l&#039;estalvi energ\u00e8tic \u260e\ufe0f 611 649 083\" \/>\n<meta name=\"robots\" content=\"index, follow, max-snippet:-1, max-image-preview:large, max-video-preview:-1\" \/>\n<link rel=\"canonical\" href=\"https:\/\/camisolar.com\/va\/plaques-solars-naus-industrials\/\" \/>\n<meta property=\"og:locale\" content=\"en_US\" \/>\n<meta property=\"og:type\" content=\"article\" \/>\n<meta property=\"og:title\" content=\"Plaques Fotovoltaiques per a Ind\u00fastria en Naus | Cam\u00edSolar\" \/>\n<meta property=\"og:description\" content=\"Aprofita el poder del sol: Les Plaques Fotovoltaiques per a Ind\u00fastria s\u00f3n la teua millor inversi\u00f3 per a la sostenibilitat i l&#039;estalvi energ\u00e8tic \u260e\ufe0f 611 649 083\" \/>\n<meta property=\"og:url\" content=\"https:\/\/camisolar.com\/va\/plaques-solars-naus-industrials\/\" \/>\n<meta property=\"og:site_name\" content=\"Cam\u00edSolar\" \/>\n<meta property=\"article:publisher\" content=\"https:\/\/www.facebook.com\/camisolarfotovoltaica\/\" \/>\n<meta property=\"article:modified_time\" content=\"2026-02-16T17:00:31+00:00\" \/>\n<meta property=\"og:image\" content=\"https:\/\/camisolar.com\/wp-content\/uploads\/2021\/05\/camisolar.jpg\" \/>\n<meta name=\"twitter:card\" content=\"summary_large_image\" \/>\n<meta name=\"twitter:image\" content=\"https:\/\/camisolar.com\/wp-content\/uploads\/2021\/05\/camisolar.jpg\" \/>\n<meta name=\"twitter:label1\" content=\"Est. reading time\" \/>\n\t<meta name=\"twitter:data1\" content=\"7 minutes\" \/>\n<script type=\"application\/ld+json\" class=\"yoast-schema-graph\">{\"@context\":\"https:\/\/schema.org\",\"@graph\":[{\"@type\":\"WebPage\",\"@id\":\"https:\/\/camisolar.com\/va\/plaques-solars-naus-industrials\/\",\"url\":\"https:\/\/camisolar.com\/va\/plaques-solars-naus-industrials\/\",\"name\":\"Plaques Fotovoltaiques per a Ind\u00fastria en Naus | Cam\u00edSolar\",\"isPartOf\":{\"@id\":\"https:\/\/camisolar.com\/va\/#website\"},\"primaryImageOfPage\":{\"@id\":\"https:\/\/camisolar.com\/va\/plaques-solars-naus-industrials\/#primaryimage\"},\"image\":{\"@id\":\"https:\/\/camisolar.com\/va\/plaques-solars-naus-industrials\/#primaryimage\"},\"thumbnailUrl\":\"https:\/\/camisolar.com\/wp-content\/uploads\/2021\/04\/como-funcionan-las-placas-solares.png\",\"datePublished\":\"2024-03-23T23:49:17+00:00\",\"dateModified\":\"2026-02-16T17:00:31+00:00\",\"description\":\"Aprofita el poder del sol: Les Plaques Fotovoltaiques per a Ind\u00fastria s\u00f3n la teua millor inversi\u00f3 per a la sostenibilitat i l'estalvi energ\u00e8tic \u260e\ufe0f 611 649 083\",\"breadcrumb\":{\"@id\":\"https:\/\/camisolar.com\/va\/plaques-solars-naus-industrials\/#breadcrumb\"},\"inLanguage\":\"ca-es\",\"potentialAction\":[{\"@type\":\"ReadAction\",\"target\":[\"https:\/\/camisolar.com\/va\/plaques-solars-naus-industrials\/\"]}]},{\"@type\":\"ImageObject\",\"inLanguage\":\"ca-es\",\"@id\":\"https:\/\/camisolar.com\/va\/plaques-solars-naus-industrials\/#primaryimage\",\"url\":\"https:\/\/camisolar.com\/wp-content\/uploads\/2021\/04\/como-funcionan-las-placas-solares.png\",\"contentUrl\":\"https:\/\/camisolar.com\/wp-content\/uploads\/2021\/04\/como-funcionan-las-placas-solares.png\"},{\"@type\":\"BreadcrumbList\",\"@id\":\"https:\/\/camisolar.com\/va\/plaques-solars-naus-industrials\/#breadcrumb\",\"itemListElement\":[{\"@type\":\"ListItem\",\"position\":1,\"name\":\"Inici\",\"item\":\"https:\/\/camisolar.com\/va\/\"},{\"@type\":\"ListItem\",\"position\":2,\"name\":\"Instal\u00b7laci\u00f3 de Plaques Solars en Naus Industrials\"}]},{\"@type\":\"WebSite\",\"@id\":\"https:\/\/camisolar.com\/va\/#website\",\"url\":\"https:\/\/camisolar.com\/va\/\",\"name\":\"Cam\u00edSolar\",\"description\":\"En Cam\u00edsolar, estamos especializados en energ\u00eda fotovoltaica y solar en Valencia. Conoce este recurso limpio e inagotable para tu hogar o empresa.\",\"publisher\":{\"@id\":\"https:\/\/camisolar.com\/va\/#organization\"},\"potentialAction\":[{\"@type\":\"SearchAction\",\"target\":{\"@type\":\"EntryPoint\",\"urlTemplate\":\"https:\/\/camisolar.com\/va\/?s={search_term_string}\"},\"query-input\":{\"@type\":\"PropertyValueSpecification\",\"valueRequired\":true,\"valueName\":\"search_term_string\"}}],\"inLanguage\":\"ca-es\"},{\"@type\":\"Organization\",\"@id\":\"https:\/\/camisolar.com\/va\/#organization\",\"name\":\"Cam\u00edSolar\",\"url\":\"https:\/\/camisolar.com\/va\/\",\"logo\":{\"@type\":\"ImageObject\",\"inLanguage\":\"ca-es\",\"@id\":\"https:\/\/camisolar.com\/va\/#\/schema\/logo\/image\/\",\"url\":\"https:\/\/camisolar.com\/wp-content\/uploads\/2021\/05\/camisolar.jpg\",\"contentUrl\":\"https:\/\/camisolar.com\/wp-content\/uploads\/2021\/05\/camisolar.jpg\",\"width\":1000,\"height\":600,\"caption\":\"Cam\u00edSolar\"},\"image\":{\"@id\":\"https:\/\/camisolar.com\/va\/#\/schema\/logo\/image\/\"},\"sameAs\":[\"https:\/\/www.facebook.com\/camisolarfotovoltaica\/\",\"https:\/\/www.instagram.com\/camisolar.fotovoltaica\/\"]}]}<\/script>\n<!-- \/ Yoast SEO plugin. -->","yoast_head_json":{"title":"Plaques Fotovoltaiques per a Ind\u00fastria en Naus | Cam\u00edSolar","description":"Aprofita el poder del sol: Les Plaques Fotovoltaiques per a Ind\u00fastria s\u00f3n la teua millor inversi\u00f3 per a la sostenibilitat i l'estalvi energ\u00e8tic \u260e\ufe0f 611 649 083","robots":{"index":"index","follow":"follow","max-snippet":"max-snippet:-1","max-image-preview":"max-image-preview:large","max-video-preview":"max-video-preview:-1"},"canonical":"https:\/\/camisolar.com\/va\/plaques-solars-naus-industrials\/","og_locale":"en_US","og_type":"article","og_title":"Plaques Fotovoltaiques per a Ind\u00fastria en Naus | Cam\u00edSolar","og_description":"Aprofita el poder del sol: Les Plaques Fotovoltaiques per a Ind\u00fastria s\u00f3n la teua millor inversi\u00f3 per a la sostenibilitat i l'estalvi energ\u00e8tic \u260e\ufe0f 611 649 083","og_url":"https:\/\/camisolar.com\/va\/plaques-solars-naus-industrials\/","og_site_name":"Cam\u00edSolar","article_publisher":"https:\/\/www.facebook.com\/camisolarfotovoltaica\/","article_modified_time":"2026-02-16T17:00:31+00:00","og_image":[{"url":"https:\/\/camisolar.com\/wp-content\/uploads\/2021\/05\/camisolar.jpg","type":"","width":"","height":""}],"twitter_card":"summary_large_image","twitter_image":"https:\/\/camisolar.com\/wp-content\/uploads\/2021\/05\/camisolar.jpg","twitter_misc":{"Est. reading time":"7 minutes"},"schema":{"@context":"https:\/\/schema.org","@graph":[{"@type":"WebPage","@id":"https:\/\/camisolar.com\/va\/plaques-solars-naus-industrials\/","url":"https:\/\/camisolar.com\/va\/plaques-solars-naus-industrials\/","name":"Plaques Fotovoltaiques per a Ind\u00fastria en Naus | Cam\u00edSolar","isPartOf":{"@id":"https:\/\/camisolar.com\/va\/#website"},"primaryImageOfPage":{"@id":"https:\/\/camisolar.com\/va\/plaques-solars-naus-industrials\/#primaryimage"},"image":{"@id":"https:\/\/camisolar.com\/va\/plaques-solars-naus-industrials\/#primaryimage"},"thumbnailUrl":"https:\/\/camisolar.com\/wp-content\/uploads\/2021\/04\/como-funcionan-las-placas-solares.png","datePublished":"2024-03-23T23:49:17+00:00","dateModified":"2026-02-16T17:00:31+00:00","description":"Aprofita el poder del sol: Les Plaques Fotovoltaiques per a Ind\u00fastria s\u00f3n la teua millor inversi\u00f3 per a la sostenibilitat i l'estalvi energ\u00e8tic \u260e\ufe0f 611 649 083","breadcrumb":{"@id":"https:\/\/camisolar.com\/va\/plaques-solars-naus-industrials\/#breadcrumb"},"inLanguage":"ca-es","potentialAction":[{"@type":"ReadAction","target":["https:\/\/camisolar.com\/va\/plaques-solars-naus-industrials\/"]}]},{"@type":"ImageObject","inLanguage":"ca-es","@id":"https:\/\/camisolar.com\/va\/plaques-solars-naus-industrials\/#primaryimage","url":"https:\/\/camisolar.com\/wp-content\/uploads\/2021\/04\/como-funcionan-las-placas-solares.png","contentUrl":"https:\/\/camisolar.com\/wp-content\/uploads\/2021\/04\/como-funcionan-las-placas-solares.png"},{"@type":"BreadcrumbList","@id":"https:\/\/camisolar.com\/va\/plaques-solars-naus-industrials\/#breadcrumb","itemListElement":[{"@type":"ListItem","position":1,"name":"Inici","item":"https:\/\/camisolar.com\/va\/"},{"@type":"ListItem","position":2,"name":"Instal\u00b7laci\u00f3 de Plaques Solars en Naus Industrials"}]},{"@type":"WebSite","@id":"https:\/\/camisolar.com\/va\/#website","url":"https:\/\/camisolar.com\/va\/","name":"Cam\u00edSolar","description":"En Cam\u00edsolar, estamos especializados en energ\u00eda fotovoltaica y solar en Valencia. Conoce este recurso limpio e inagotable para tu hogar o empresa.","publisher":{"@id":"https:\/\/camisolar.com\/va\/#organization"},"potentialAction":[{"@type":"SearchAction","target":{"@type":"EntryPoint","urlTemplate":"https:\/\/camisolar.com\/va\/?s={search_term_string}"},"query-input":{"@type":"PropertyValueSpecification","valueRequired":true,"valueName":"search_term_string"}}],"inLanguage":"ca-es"},{"@type":"Organization","@id":"https:\/\/camisolar.com\/va\/#organization","name":"Cam\u00edSolar","url":"https:\/\/camisolar.com\/va\/","logo":{"@type":"ImageObject","inLanguage":"ca-es","@id":"https:\/\/camisolar.com\/va\/#\/schema\/logo\/image\/","url":"https:\/\/camisolar.com\/wp-content\/uploads\/2021\/05\/camisolar.jpg","contentUrl":"https:\/\/camisolar.com\/wp-content\/uploads\/2021\/05\/camisolar.jpg","width":1000,"height":600,"caption":"Cam\u00edSolar"},"image":{"@id":"https:\/\/camisolar.com\/va\/#\/schema\/logo\/image\/"},"sameAs":["https:\/\/www.facebook.com\/camisolarfotovoltaica\/","https:\/\/www.instagram.com\/camisolar.fotovoltaica\/"]}]}},"_links":{"self":[{"href":"https:\/\/camisolar.com\/va\/wp-json\/wp\/v2\/pages\/6314","targetHints":{"allow":["GET"]}}],"collection":[{"href":"https:\/\/camisolar.com\/va\/wp-json\/wp\/v2\/pages"}],"about":[{"href":"https:\/\/camisolar.com\/va\/wp-json\/wp\/v2\/types\/page"}],"author":[{"embeddable":true,"href":"https:\/\/camisolar.com\/va\/wp-json\/wp\/v2\/users\/2"}],"replies":[{"embeddable":true,"href":"https:\/\/camisolar.com\/va\/wp-json\/wp\/v2\/comments?post=6314"}],"version-history":[{"count":1,"href":"https:\/\/camisolar.com\/va\/wp-json\/wp\/v2\/pages\/6314\/revisions"}],"predecessor-version":[{"id":6613,"href":"https:\/\/camisolar.com\/va\/wp-json\/wp\/v2\/pages\/6314\/revisions\/6613"}],"wp:attachment":[{"href":"https:\/\/camisolar.com\/va\/wp-json\/wp\/v2\/media?parent=6314"}],"curies":[{"name":"wp","href":"https:\/\/api.w.org\/{rel}","templated":true}]}}